{"id":29325,"date":"2024-04-26T12:16:12","date_gmt":"2024-04-26T10:16:12","guid":{"rendered":"https:\/\/lokalundfair-fms.ch\/actualites-et-medias\/"},"modified":"2025-11-11T10:42:14","modified_gmt":"2025-11-11T09:42:14","slug":"actualites","status":"publish","type":"page","link":"https:\/\/lokalundfair.ch\/fr\/actualites\/","title":{"rendered":"Actualit\u00e9s"},"content":{"rendered":"<p>[et_pb_section fb_built=\u00a0\u00bb1&Prime; _builder_version=\u00a0\u00bb4.24.3&Prime; _module_preset=\u00a0\u00bbdefault\u00a0\u00bb background_image=\u00a0\u00bbhttps:\/\/lokalundfair.ch\/wp-content\/uploads\/2024\/04\/Group-32.png\u00a0\u00bb global_colors_info=\u00a0\u00bb{}\u00a0\u00bb][et_pb_row _builder_version=\u00a0\u00bb4.24.3&Prime; _module_preset=\u00a0\u00bbdefault\u00a0\u00bb global_colors_info=\u00a0\u00bb{}\u00a0\u00bb][et_pb_column type=\u00a0\u00bb4_4&Prime; _builder_version=\u00a0\u00bb4.24.3&Prime; _module_preset=\u00a0\u00bbdefault\u00a0\u00bb global_colors_info=\u00a0\u00bb{}\u00a0\u00bb][et_pb_text _builder_version=\u00a0\u00bb4.24.3&Prime; _module_preset=\u00a0\u00bbdefault\u00a0\u00bb header_text_color=\u00a0\u00bb#FFFFFF\u00a0\u00bb global_colors_info=\u00a0\u00bb{}\u00a0\u00bb]<\/p>\n<h1 style=\"text-align: center;\"><strong>Actualit\u00e9s et m\u00e9dias<\/strong><\/h1>\n<p>[\/et_pb_text][\/et_pb_column][\/et_pb_row][\/et_pb_section][et_pb_section fb_built=\u00a0\u00bb1&Prime; _builder_version=\u00a0\u00bb4.24.3&Prime; _module_preset=\u00a0\u00bbdefault\u00a0\u00bb global_colors_info=\u00a0\u00bb{}\u00a0\u00bb][et_pb_row column_structure=\u00a0\u00bb1_3,1_3,1_3&Prime; _builder_version=\u00a0\u00bb4.27.4&Prime; _module_preset=\u00a0\u00bbdefault\u00a0\u00bb custom_css_free_form=\u00a0\u00bbselector h1, selector h2, selector h3, selector h4, selector h5, selector h6 {||    background: -webkit-linear-gradient(24deg, #0099d2, #039754);||    -webkit-background-clip: text;||    -webkit-text-fill-color: transparent;||}||\u00a0\u00bb global_colors_info=\u00a0\u00bb{}\u00a0\u00bb][et_pb_column type=\u00a0\u00bb1_3&Prime; _builder_version=\u00a0\u00bb4.24.3&Prime; _module_preset=\u00a0\u00bbdefault\u00a0\u00bb global_colors_info=\u00a0\u00bb{}\u00a0\u00bb][et_pb_image title_text=\u00a0\u00bb20251016_Photo_Meyrin_Beschreibung-gemaess-Dokument-unter-Meyrin-scaled\u00a0\u00bb url=\u00a0\u00bbhttps:\/\/lokalundfair.ch\/fr\/actualites\/meyrin-prix-local-equitable-2025\/\u00a0\u00bb url_new_window=\u00a0\u00bbon\u00a0\u00bb _builder_version=\u00a0\u00bb4.27.4&Prime; _module_preset=\u00a0\u00bbdefault\u00a0\u00bb background_image=\u00a0\u00bbhttps:\/\/lokalundfair.ch\/wp-content\/uploads\/2025\/11\/20251016_Photo_Meyrin_Beschreibung-gemaess-Dokument-unter-Meyrin-scaled-1.jpg\u00a0\u00bb width=\u00a0\u00bb94%\u00a0\u00bb min_height=\u00a0\u00bb225px\u00a0\u00bb custom_css_free_form=\u00a0\u00bbselector img {||    height: 100%;||    object-fit: cover;||}||\u00a0\u00bb global_colors_info=\u00a0\u00bb{}\u00a0\u00bb][\/et_pb_image][et_pb_text _builder_version=\u00a0\u00bb4.27.4&Prime; _module_preset=\u00a0\u00bbdefault\u00a0\u00bb custom_margin=\u00a0\u00bb||34px|||\u00a0\u00bb link_option_url=\u00a0\u00bbhttps:\/\/lokalundfair.ch\/fr\/actualites\/meyrin-prix-local-equitable-2025\/\u00a0\u00bb link_option_url_new_window=\u00a0\u00bbon\u00a0\u00bb global_colors_info=\u00a0\u00bb{}\u00a0\u00bb]<\/p>\n<header class=\"post-header blogpost__post-header\">\n<h4><a href=\"https:\/\/lokalundfair.ch\/fr\/actualites\/meyrin-prix-local-equitable-2025\/\">La ville de Meyrin re\u00e7oit le prix local+\u00e9quitable 2025 \u2013 Une commune mod\u00e8le pour une politique alimentaire locale et \u00e9quitable<\/a><\/h4>\n<\/header>\n<p>La ville de Meyrin (GE) re\u00e7oit le prix local+\u00e9quitable 2025 d\u00e9cern\u00e9 par l\u2019association March\u00e9s \u00c9quitables Suisse. Ce prix r\u00e9compense les communes et les villes qui s\u2019engagent par des mesures concr\u00e8tes en faveur des produits locaux, des fili\u00e8res courtes et d\u2019une r\u00e9mun\u00e9ration \u00e9quitable des producteurs.<\/p>\n<\/div>\n<p>[\/et_pb_text][et_pb_button button_url=\u00a0\u00bbhttps:\/\/lokalundfair.ch\/fr\/actualites\/meyrin-prix-local-equitable-2025\/\u00a0\u00bb url_new_window=\u00a0\u00bbon\u00a0\u00bb button_text=\u00a0\u00bbVoir plus\u00a0\u00bb _builder_version=\u00a0\u00bb4.27.4&Prime; _module_preset=\u00a0\u00bbdefault\u00a0\u00bb custom_button=\u00a0\u00bbon\u00a0\u00bb button_text_color=\u00a0\u00bb#0099d5&Prime; global_colors_info=\u00a0\u00bb{}\u00a0\u00bb][\/et_pb_button][\/et_pb_column][et_pb_column type=\u00a0\u00bb1_3&Prime; _builder_version=\u00a0\u00bb4.24.3&Prime; _module_preset=\u00a0\u00bbdefault\u00a0\u00bb global_colors_info=\u00a0\u00bb{}\u00a0\u00bb][et_pb_image src=\u00a0\u00bbhttps:\/\/lokalundfair.ch\/wp-content\/uploads\/2025\/09\/Foto-lokalundfair-FMS-3.jpg\u00a0\u00bb title_text=\u00a0\u00bbFoto lokalundfair FMS 3&Prime; url=\u00a0\u00bbhttps:\/\/lokalundfair.ch\/fr\/actualites\/journee-local-equitable-2025\/\u00a0\u00bb _builder_version=\u00a0\u00bb4.27.4&Prime; _module_preset=\u00a0\u00bbdefault\u00a0\u00bb width=\u00a0\u00bb94%\u00a0\u00bb min_height=\u00a0\u00bb225px\u00a0\u00bb custom_css_free_form=\u00a0\u00bbselector img {||    height: 100%;||    object-fit: cover;||}||\u00a0\u00bb global_colors_info=\u00a0\u00bb{}\u00a0\u00bb][\/et_pb_image][et_pb_text _builder_version=\u00a0\u00bb4.27.4&Prime; _module_preset=\u00a0\u00bbdefault\u00a0\u00bb custom_margin=\u00a0\u00bb||34px||false|false\u00a0\u00bb link_option_url=\u00a0\u00bbhttps:\/\/lokalundfair.ch\/fr\/actualites\/journee-local-equitable-2025\/\u00a0\u00bb global_colors_info=\u00a0\u00bb{}\u00a0\u00bb]<\/p>\n<header class=\"post-header blogpost__post-header\">\n<h4><a href=\"https:\/\/lokalundfair.ch\/fr\/actualites\/journee-local-equitable-2025\/\">Journ\u00e9e nationale local+\u00e9quitable : un signe en faveur des produits alimentaires r\u00e9gionaux et du commerce \u00e9quitable<\/a><\/h4>\n<\/header>\n<p>Ch\u00e2teau gonflable, produits fermiers et bottes de foin : aujourd\u2019hui samedi, le \u00ab Leimbihof \u00bb a accueilli l\u2019\u00e9v\u00e9nement national principal de la journ\u00e9e local+\u00e9quitable organis\u00e9e cette ann\u00e9e par l\u2019association Marches \u00c9quitables Suisse. Les visiteurs ont pu d\u00e9couvrir de pr\u00e8s toute la passion, le savoir-faire et la qualit\u00e9 qui se cachent derri\u00e8re les produits alimentaires r\u00e9gionaux.<\/p>\n<\/div>\n<p>[\/et_pb_text][et_pb_button button_url=\u00a0\u00bbhttps:\/\/lokalundfair.ch\/fr\/actualites\/journee-local-equitable-2025\/\u00a0\u00bb button_text=\u00a0\u00bbVoir plus\u00a0\u00bb _builder_version=\u00a0\u00bb4.27.4&Prime; _module_preset=\u00a0\u00bbdefault\u00a0\u00bb custom_button=\u00a0\u00bbon\u00a0\u00bb button_text_color=\u00a0\u00bb#0099d5&Prime; custom_margin=\u00a0\u00bb||1px|||\u00a0\u00bb global_colors_info=\u00a0\u00bb{}\u00a0\u00bb][\/et_pb_button][\/et_pb_column][et_pb_column type=\u00a0\u00bb1_3&Prime; _builder_version=\u00a0\u00bb4.24.3&Prime; _module_preset=\u00a0\u00bbdefault\u00a0\u00bb global_colors_info=\u00a0\u00bb{}\u00a0\u00bb][et_pb_image src=\u00a0\u00bbhttps:\/\/lokalundfair.ch\/wp-content\/uploads\/2025\/10\/FMS_lokalfair_Award-FR_RGB.png\u00a0\u00bb title_text=\u00a0\u00bbFMS_lokal+fair_Award-FR_RGB\u00a0\u00bb url=\u00a0\u00bbhttps:\/\/lokalundfair.ch\/fr\/evenements-local-equitable-journee-2025\/\u00a0\u00bb _builder_version=\u00a0\u00bb4.27.4&Prime; _module_preset=\u00a0\u00bbdefault\u00a0\u00bb height=\u00a0\u00bb225px\u00a0\u00bb custom_css_free_form=\u00a0\u00bbselector img {||    height: 100%;||    object-fit: cover;||}||\u00a0\u00bb global_colors_info=\u00a0\u00bb{}\u00a0\u00bb][\/et_pb_image][et_pb_text _builder_version=\u00a0\u00bb4.27.4&Prime; _module_preset=\u00a0\u00bbdefault\u00a0\u00bb custom_margin=\u00a0\u00bb||34px||false|false\u00a0\u00bb link_option_url=\u00a0\u00bbhttps:\/\/lokalundfair.ch\/fr\/evenements-local-equitable-journee-2025\/\u00a0\u00bb global_colors_info=\u00a0\u00bb{}\u00a0\u00bb]<\/p>\n<header class=\"post-header blogpostlist__post-header\">\n<h4><a href=\"https:\/\/lokalundfair.ch\/fr\/un-depart-sous-les-meilleurs-auspices-3\/\"><b><strong>Journ\u00e9e nationale local + \u00e9quitable 2025 \u2013 \u00c9v\u00e9nements<\/strong><\/b><\/a><\/h4>\n<\/header>\n<p>Lors de la Journ\u00e9e nationale local + \u00e9quitable , des restaurants, des magasins \u00e0 la ferme, des producteurs et des march\u00e9s de toute la Suisse vous invitent \u00e0 d\u00e9couvrir des d\u00e9lices locaux et \u00e0 vivre des moments de plaisir durable.<\/p>\n<p>[\/et_pb_text][et_pb_button button_url=\u00a0\u00bbhttps:\/\/lokalundfair.ch\/fr\/evenements-local-equitable-journee-2025\/\u00a0\u00bb button_text=\u00a0\u00bbVoir plus\u00a0\u00bb _builder_version=\u00a0\u00bb4.27.4&Prime; _module_preset=\u00a0\u00bbdefault\u00a0\u00bb custom_button=\u00a0\u00bbon\u00a0\u00bb button_text_color=\u00a0\u00bb#0099d5&Prime; global_colors_info=\u00a0\u00bb{}\u00a0\u00bb][\/et_pb_button][\/et_pb_column][\/et_pb_row][et_pb_row column_structure=\u00a0\u00bb1_3,1_3,1_3&Prime; _builder_version=\u00a0\u00bb4.27.4&Prime; _module_preset=\u00a0\u00bbdefault\u00a0\u00bb custom_css_free_form=\u00a0\u00bbselector h1, selector h2, selector h3, selector h4, selector h5, selector h6 {||    background: -webkit-linear-gradient(24deg, #0099d2, #039754);||    -webkit-background-clip: text;||    -webkit-text-fill-color: transparent;||}||\u00a0\u00bb global_colors_info=\u00a0\u00bb{}\u00a0\u00bb][et_pb_column type=\u00a0\u00bb1_3&Prime; _builder_version=\u00a0\u00bb4.24.3&Prime; _module_preset=\u00a0\u00bbdefault\u00a0\u00bb global_colors_info=\u00a0\u00bb{}\u00a0\u00bb][et_pb_image src=\u00a0\u00bbhttp:\/\/lokalundfair.ch\/wp-content\/uploads\/2025\/04\/FMS-Blogbeitraege-Webseite.png\u00a0\u00bb title_text=\u00a0\u00bbFMS &#8211; Blogbeitra\u0308ge &#8211; Webseite\u00a0\u00bb url=\u00a0\u00bbhttps:\/\/lokalundfair.ch\/fr\/local-equitable-journee-2025\/\u00a0\u00bb _builder_version=\u00a0\u00bb4.27.4&Prime; _module_preset=\u00a0\u00bbdefault\u00a0\u00bb width=\u00a0\u00bb94%\u00a0\u00bb min_height=\u00a0\u00bb225px\u00a0\u00bb custom_css_free_form=\u00a0\u00bbselector img {||    height: 100%;||    object-fit: cover;||}||\u00a0\u00bb global_colors_info=\u00a0\u00bb{}\u00a0\u00bb][\/et_pb_image][et_pb_text _builder_version=\u00a0\u00bb4.27.4&Prime; _module_preset=\u00a0\u00bbdefault\u00a0\u00bb custom_margin=\u00a0\u00bb||34px|||\u00a0\u00bb link_option_url=\u00a0\u00bbhttps:\/\/lokalundfair.ch\/ein-start-mit-besten-vorzeichen\/\u00a0\u00bb global_colors_info=\u00a0\u00bb{}\u00a0\u00bb]<\/p>\n<header class=\"post-header blogpost__post-header\"><a href=\"https:\/\/lokalundfair.ch\/fr\/local-equitable-journee-2025\/\"><b>La date est fix\u00e9e : <i>local + \u00e9quitable<\/i> \u2013 Journ\u00e9e 2025<\/b><\/a><\/header>\n<div class=\"post-body blogpost__post-body\" itemprop=\"articleBody\">\n<p><i>Participez, d\u00e9couvrez, savourez ! <\/i>Que ce soit \u00e0 la ferme, dans les magasins ou sur les march\u00e9s, le samedi 20 septembre 2025, la Suisse redeviendra locale et \u00e9quitable. La journ\u00e9e nationale <i>local + \u00e9quitable<\/i> invite \u00e0 red\u00e9couvrir notre r\u00e9gion, \u00e0 rencontrer des personnes qui produisent avec passion et \u00e0 c\u00e9l\u00e9brer la consommation responsable.<\/p>\n<\/div>\n<p>[\/et_pb_text][et_pb_button button_url=\u00a0\u00bbhttps:\/\/lokalundfair.ch\/fr\/local-equitable-journee-2025\/\u00a0\u00bb button_text=\u00a0\u00bbVoir plus\u00a0\u00bb _builder_version=\u00a0\u00bb4.27.4&Prime; _module_preset=\u00a0\u00bbdefault\u00a0\u00bb custom_button=\u00a0\u00bbon\u00a0\u00bb button_text_color=\u00a0\u00bb#0099d5&Prime; global_colors_info=\u00a0\u00bb{}\u00a0\u00bb][\/et_pb_button][\/et_pb_column][et_pb_column type=\u00a0\u00bb1_3&Prime; _builder_version=\u00a0\u00bb4.24.3&Prime; _module_preset=\u00a0\u00bbdefault\u00a0\u00bb global_colors_info=\u00a0\u00bb{}\u00a0\u00bb][et_pb_image src=\u00a0\u00bbhttp:\/\/lokalundfair.ch\/wp-content\/uploads\/2024\/09\/PXL_20240828_121055322-1-scaled-1.jpg\u00a0\u00bb title_text=\u00a0\u00bbPXL_20240828_121055322-1-scaled\u00a0\u00bb url=\u00a0\u00bbhttps:\/\/lokalundfair.ch\/fr\/un-depart-sous-les-meilleurs-auspices-2\/\u00a0\u00bb _builder_version=\u00a0\u00bb4.27.4&Prime; _module_preset=\u00a0\u00bbdefault\u00a0\u00bb width=\u00a0\u00bb94%\u00a0\u00bb min_height=\u00a0\u00bb225px\u00a0\u00bb custom_css_free_form=\u00a0\u00bbselector img {||    height: 100%;||    object-fit: cover;||}||\u00a0\u00bb global_colors_info=\u00a0\u00bb{}\u00a0\u00bb][\/et_pb_image][et_pb_text _builder_version=\u00a0\u00bb4.27.4&Prime; _module_preset=\u00a0\u00bbdefault\u00a0\u00bb custom_margin=\u00a0\u00bb||34px||false|false\u00a0\u00bb link_option_url=\u00a0\u00bbhttps:\/\/lokalundfair.ch\/?page_id=28978&#038;preview=true\u00a0\u00bb global_colors_info=\u00a0\u00bb{}\u00a0\u00bb]<\/p>\n<header class=\"post-header blogpost__post-header\">\n<h4><a href=\"https:\/\/lokalundfair.ch\/fr\/un-depart-sous-les-meilleurs-auspices-2\/\"><b><i>local + \u00e9quitable<\/i>: les premi\u00e8res villes r\u00e9compens\u00e9es<\/b><\/a><\/h4>\n<\/header>\n<div class=\"post-body blogpost__post-body\" itemprop=\"articleBody\">\n<p>Local plut\u00f4t que mondial : Uster et W\u00e4denswil montrent l&rsquo;exemple. Les deux communes zurichoises ont re\u00e7u le prix <i>local + \u00e9quitable<\/i>, qui r\u00e9compense les communes et les villes pour leur engagement en faveur des produits locaux et de l&rsquo;artisanat. Ce prix est d\u00e9cern\u00e9 par l&rsquo;association March\u00e9s \u00c9quitables Suisse. Barbara Thalmann, pr\u00e9sidente de la ville d&rsquo;Uster, et Jonas Erni, conseiller municipal de W\u00e4denswil, ont re\u00e7u le prix.<\/p>\n<\/div>\n<p>[\/et_pb_text][et_pb_button button_url=\u00a0\u00bbhttps:\/\/lokalundfair.ch\/fr\/un-depart-sous-les-meilleurs-auspices-2\/\u00a0\u00bb button_text=\u00a0\u00bbVoir plus\u00a0\u00bb _builder_version=\u00a0\u00bb4.27.4&Prime; _module_preset=\u00a0\u00bbdefault\u00a0\u00bb custom_button=\u00a0\u00bbon\u00a0\u00bb button_text_color=\u00a0\u00bb#0099d5&Prime; custom_margin=\u00a0\u00bb||1px|||\u00a0\u00bb global_colors_info=\u00a0\u00bb{}\u00a0\u00bb][\/et_pb_button][\/et_pb_column][et_pb_column type=\u00a0\u00bb1_3&Prime; _builder_version=\u00a0\u00bb4.24.3&Prime; _module_preset=\u00a0\u00bbdefault\u00a0\u00bb global_colors_info=\u00a0\u00bb{}\u00a0\u00bb][et_pb_image src=\u00a0\u00bbhttp:\/\/lokalundfair.ch\/wp-content\/uploads\/2024\/09\/LokalFair-Staefa-2024-09-15-113648-scaled.jpg\u00a0\u00bb title_text=\u00a0\u00bbMarkt Faire M\u00e4rkte Schweiz in St\u00e4fa\u00a0\u00bb url=\u00a0\u00bbhttps:\/\/lokalundfair.ch\/fr\/un-depart-sous-les-meilleurs-auspices-3\/\u00a0\u00bb _builder_version=\u00a0\u00bb4.27.4&Prime; _module_preset=\u00a0\u00bbdefault\u00a0\u00bb height=\u00a0\u00bb225px\u00a0\u00bb custom_css_free_form=\u00a0\u00bbselector img {||    height: 100%;||    object-fit: cover;||}||\u00a0\u00bb global_colors_info=\u00a0\u00bb{}\u00a0\u00bb][\/et_pb_image][et_pb_text _builder_version=\u00a0\u00bb4.27.4&Prime; _module_preset=\u00a0\u00bbdefault\u00a0\u00bb custom_margin=\u00a0\u00bb||34px||false|false\u00a0\u00bb link_option_url=\u00a0\u00bbhttps:\/\/lokalundfair.ch\/eine-idee-wird-geboren\/\u00a0\u00bb global_colors_info=\u00a0\u00bb{}\u00a0\u00bb]<\/p>\n<header class=\"post-header blogpostlist__post-header\">\n<h4><a href=\"https:\/\/lokalundfair.ch\/fr\/un-depart-sous-les-meilleurs-auspices-3\/\"><b><strong>Acheter local dans le village : March\u00e9s \u00e9quitables Suisse met la vente directe \u00e0 la port\u00e9e de tous<\/strong><\/b><\/a><\/h4>\n<\/header>\n<div class=\"post-excerpt post-excerpt--full blogpostlist__post-excerpt--full\" itemprop=\"articleBody\">\n<section class=\"elementor-section elementor-top-section elementor-element elementor-element-7e164ce elementor-section-boxed elementor-section-height-default elementor-section-height-default\" data-id=\"7e164ce\" data-element_type=\"section\">\n<div class=\"elementor-container elementor-column-gap-default\">\n<div class=\"elementor-column elementor-col-50 elementor-top-column elementor-element elementor-element-1d764ea\" data-id=\"1d764ea\" data-element_type=\"column\">\n<div class=\"elementor-widget-wrap elementor-element-populated\">\n<div class=\"elementor-element elementor-element-b3a07e5 elementor-widget elementor-widget-text-editor\" data-id=\"b3a07e5\" data-element_type=\"widget\" data-widget_type=\"text-editor.default\">\n<div class=\"elementor-widget-container\">\n<p>L&rsquo;association March\u00e9s \u00c9quitables Suisse a organis\u00e9 cette ann\u00e9e la premi\u00e8re Journ\u00e9e nationale <i>local + \u00e9quitable<\/i>. Dans toute la Suisse, des agriculteurs, des restaurants et des entreprises artisanales ont particip\u00e9 \u00e0 cet \u00e9v\u00e9nement pour pr\u00e9senter leurs produits \u00e0 la population.<\/p>\n<\/div>\n<\/div>\n<\/div>\n<\/div>\n<\/div>\n<\/section>\n<section class=\"elementor-section elementor-top-section elementor-element elementor-element-d1d88a8 elementor-section-boxed elementor-section-height-default elementor-section-height-default\" data-id=\"d1d88a8\" data-element_type=\"section\" data-settings=\"{&quot;background_background&quot;:&quot;classic&quot;}\">\n<div class=\"elementor-container elementor-column-gap-default\">\n<div class=\"elementor-column elementor-col-100 elementor-top-column elementor-element elementor-element-6f3aaa2\" data-id=\"6f3aaa2\" data-element_type=\"column\">\n<div class=\"elementor-widget-wrap elementor-element-populated\">\n<section class=\"elementor-section elementor-inner-section elementor-element elementor-element-58903fd elementor-reverse-tablet elementor-reverse-mobile elementor-section-boxed elementor-section-height-default elementor-section-height-default\" data-id=\"58903fd\" data-element_type=\"section\" data-settings=\"{&quot;background_background&quot;:&quot;classic&quot;}\">\n<div class=\"elementor-container elementor-column-gap-default\">\n<div class=\"elementor-column elementor-col-50 elementor-inner-column elementor-element elementor-element-99e4d42\" data-id=\"99e4d42\" data-element_type=\"column\">\n<div class=\"elementor-widget-wrap elementor-element-populated\">\n<div class=\"elementor-element elementor-element-3e765c9 elementor-position-left elementor-vertical-align-middle elementor-view-default elementor-mobile-position-top elementor-widget elementor-widget-icon-box\" data-id=\"3e765c9\" data-element_type=\"widget\" data-widget_type=\"icon-box.default\">\n<div class=\"elementor-widget-container\">\n<div class=\"elementor-icon-box-wrapper\">\n<div class=\"elementor-icon-box-icon\"><\/div>\n<\/div>\n<\/div>\n<\/div>\n<\/div>\n<\/div>\n<\/div>\n<\/section>\n<\/div>\n<\/div>\n<\/div>\n<\/section>\n<\/div>\n<p>[\/et_pb_text][et_pb_button button_url=\u00a0\u00bbhttps:\/\/lokalundfair.ch\/fr\/un-depart-sous-les-meilleurs-auspices-3\/\u00a0\u00bb button_text=\u00a0\u00bbVoir plus\u00a0\u00bb _builder_version=\u00a0\u00bb4.27.4&Prime; _module_preset=\u00a0\u00bbdefault\u00a0\u00bb custom_button=\u00a0\u00bbon\u00a0\u00bb button_text_color=\u00a0\u00bb#0099d5&Prime; global_colors_info=\u00a0\u00bb{}\u00a0\u00bb][\/et_pb_button][\/et_pb_column][\/et_pb_row][et_pb_row column_structure=\u00a0\u00bb1_3,1_3,1_3&Prime; _builder_version=\u00a0\u00bb4.24.3&Prime; _module_preset=\u00a0\u00bbdefault\u00a0\u00bb custom_css_free_form=\u00a0\u00bbselector h1, selector h2, selector h3, selector h4, selector h5, selector h6 {||    background: -webkit-linear-gradient(24deg, #0099d2, #039754);||    -webkit-background-clip: text;||    -webkit-text-fill-color: transparent;||}||\u00a0\u00bb global_colors_info=\u00a0\u00bb{}\u00a0\u00bb][et_pb_column type=\u00a0\u00bb1_3&Prime; _builder_version=\u00a0\u00bb4.24.3&Prime; _module_preset=\u00a0\u00bbdefault\u00a0\u00bb global_colors_info=\u00a0\u00bb{}\u00a0\u00bb][et_pb_image src=\u00a0\u00bbhttps:\/\/lokalundfair.ch\/wp-content\/uploads\/2024\/05\/FMS-web-banner-scaled.jpg\u00a0\u00bb title_text=\u00a0\u00bbFMS web banner\u00a0\u00bb url=\u00a0\u00bbhttps:\/\/lokalundfair.ch\/ein-start-mit-besten-vorzeichen\/\u00a0\u00bb _builder_version=\u00a0\u00bb4.24.3&Prime; _module_preset=\u00a0\u00bbdefault\u00a0\u00bb min_height=\u00a0\u00bb225px\u00a0\u00bb custom_css_free_form=\u00a0\u00bbselector img {||    height: 100%;||    object-fit: cover;||}||\u00a0\u00bb global_colors_info=\u00a0\u00bb{}\u00a0\u00bb][\/et_pb_image][et_pb_text _builder_version=\u00a0\u00bb4.24.3&Prime; _module_preset=\u00a0\u00bbdefault\u00a0\u00bb custom_margin=\u00a0\u00bb||34px|||\u00a0\u00bb link_option_url=\u00a0\u00bbhttps:\/\/lokalundfair.ch\/ein-start-mit-besten-vorzeichen\/\u00a0\u00bb global_colors_info=\u00a0\u00bb{}\u00a0\u00bb]<\/p>\n<header class=\"post-header blogpost__post-header\">\n<h4 class=\"post-title blogpost__post-title\" itemprop=\"name headline\"><strong>M\u00c9S lance local+\u00e9quitable<\/strong><\/h4>\n<p><span class=\"post-meta blogpost__post-meta\" itemprop=\"publisher\" itemscope=\"\" itemtype=\"https:\/\/schema.org\/Organization\"><span itemprop=\"logo\" itemscope=\"\" itemtype=\"https:\/\/schema.org\/ImageObject\"><\/span><\/span><\/p>\n<\/header>\n<div class=\"post-body blogpost__post-body\" itemprop=\"articleBody\">\n<p>L\u2019association lance donc la nouvelle initiative \u2018local + \u00e9quitable\u2019 pour ancrer les principes de l\u2019\u00e9quit\u00e9 dans les achats locaux en Suisse. Celle-ci r\u00e9unit dans les communes et les cantons les r\u00e9seaux alimentaires locaux sous le concept de \u2018Circuit Courts\u2019, c\u2019est-\u00e0-dire les producteurs, les transformateurs artisanaux et le commerce de d\u00e9tail local avec des cha\u00eenes de cr\u00e9ation de valeur transparentes, tra\u00e7ables et aussi courtes que possible.<span>\u00a0 S<\/span><sup data-fn=\"207b50c7-4536-4a93-9367-70264183a48a\"><\/sup>i ce n\u2019est pas local, c\u2019est r\u00e9gional avec, si possible, un seul interm\u00e9diaire.<\/p>\n<\/div>\n<p>[\/et_pb_text][et_pb_button button_url=\u00a0\u00bbhttps:\/\/lokalundfair.ch\/fr\/un-depart-sous-les-meilleurs-auspices\/\u00a0\u00bb button_text=\u00a0\u00bbVoir plus\u00a0\u00bb _builder_version=\u00a0\u00bb4.24.3&Prime; _module_preset=\u00a0\u00bbdefault\u00a0\u00bb custom_button=\u00a0\u00bbon\u00a0\u00bb button_text_color=\u00a0\u00bb#0099d5&Prime; global_colors_info=\u00a0\u00bb{}\u00a0\u00bb][\/et_pb_button][\/et_pb_column][et_pb_column type=\u00a0\u00bb1_3&Prime; _builder_version=\u00a0\u00bb4.24.3&Prime; _module_preset=\u00a0\u00bbdefault\u00a0\u00bb global_colors_info=\u00a0\u00bb{}\u00a0\u00bb][et_pb_image src=\u00a0\u00bbhttps:\/\/lokalundfair.ch\/wp-content\/uploads\/2024\/05\/27-23.jpg\u00a0\u00bb title_text=\u00a0\u00bb27-23&Prime; url=\u00a0\u00bbhttps:\/\/lokalundfair.ch\/?page_id=28978&#038;preview=true\u00a0\u00bb _builder_version=\u00a0\u00bb4.24.3&Prime; _module_preset=\u00a0\u00bbdefault\u00a0\u00bb min_height=\u00a0\u00bb225px\u00a0\u00bb custom_css_free_form=\u00a0\u00bbselector img {||    height: 100%;||    object-fit: cover;||}||\u00a0\u00bb global_colors_info=\u00a0\u00bb{}\u00a0\u00bb][\/et_pb_image][et_pb_text _builder_version=\u00a0\u00bb4.24.3&Prime; _module_preset=\u00a0\u00bbdefault\u00a0\u00bb custom_margin=\u00a0\u00bb||34px||false|false\u00a0\u00bb link_option_url=\u00a0\u00bbhttps:\/\/lokalundfair.ch\/?page_id=28978&#038;preview=true\u00a0\u00bb global_colors_info=\u00a0\u00bb{}\u00a0\u00bb]<\/p>\n<header class=\"post-header blogpost__post-header\">\n<h4 class=\"post-title blogpost__post-title\" itemprop=\"name headline\"><strong>Pourquoi \u00e9quitable<\/strong><\/h4>\n<p><span class=\"post-meta blogpost__post-meta\" itemprop=\"publisher\" itemscope=\"\" itemtype=\"https:\/\/schema.org\/Organization\"><span itemprop=\"logo\" itemscope=\"\" itemtype=\"https:\/\/schema.org\/ImageObject\"><\/span><\/span><\/p>\n<\/header>\n<div class=\"post-body blogpost__post-body\" itemprop=\"articleBody\">\n<p>\u00abLa concurrence, c\u2019est la relation entre le fournisseur et l\u2019acheteur\u00bb, explique le pr\u00e9sident de la M\u00c9S et agro\u00e9conomiste Stefan Fl\u00fcckiger. Cependant, avec les longues cha\u00eenes d\u2019approvisionnement anonymes \u2013 culture, production, transformation, emballage, transport, distribution et nombreux interm\u00e9diaires \u2013 les principes d\u2019une saine concurrence sont trop mis \u00e0 mal. L\u2019organisation souhaite donc une red\u00e9finition des termes \u2018local\u2019 et \u2018de la r\u00e9gion\u2019.<\/p>\n<\/div>\n<p>[\/et_pb_text][et_pb_button button_url=\u00a0\u00bbhttps:\/\/lokalundfair.ch\/fr\/a-vos-marques-prets\/\u00a0\u00bb button_text=\u00a0\u00bbVoir plus\u00a0\u00bb _builder_version=\u00a0\u00bb4.24.3&Prime; _module_preset=\u00a0\u00bbdefault\u00a0\u00bb custom_button=\u00a0\u00bbon\u00a0\u00bb button_text_color=\u00a0\u00bb#0099d5&Prime; custom_margin=\u00a0\u00bb||1px|||\u00a0\u00bb global_colors_info=\u00a0\u00bb{}\u00a0\u00bb][\/et_pb_button][\/et_pb_column][et_pb_column type=\u00a0\u00bb1_3&Prime; _builder_version=\u00a0\u00bb4.24.3&Prime; _module_preset=\u00a0\u00bbdefault\u00a0\u00bb global_colors_info=\u00a0\u00bb{}\u00a0\u00bb][et_pb_image src=\u00a0\u00bbhttps:\/\/lokalundfair.ch\/wp-content\/uploads\/2024\/05\/27-24.jpg\u00a0\u00bb title_text=\u00a0\u00bb27-24&Prime; url=\u00a0\u00bbhttps:\/\/lokalundfair.ch\/eine-idee-wird-geboren\/\u00a0\u00bb _builder_version=\u00a0\u00bb4.24.3&Prime; _module_preset=\u00a0\u00bbdefault\u00a0\u00bb height=\u00a0\u00bb225px\u00a0\u00bb custom_css_free_form=\u00a0\u00bbselector img {||    height: 100%;||    object-fit: cover;||}||\u00a0\u00bb global_colors_info=\u00a0\u00bb{}\u00a0\u00bb][\/et_pb_image][et_pb_text _builder_version=\u00a0\u00bb4.24.3&Prime; _module_preset=\u00a0\u00bbdefault\u00a0\u00bb custom_margin=\u00a0\u00bb||34px||false|false\u00a0\u00bb link_option_url=\u00a0\u00bbhttps:\/\/lokalundfair.ch\/eine-idee-wird-geboren\/\u00a0\u00bb global_colors_info=\u00a0\u00bb{}\u00a0\u00bb]<\/p>\n<header class=\"post-header blogpostlist__post-header\">\n<h4 class=\"post-title blogpostlist__post-title\" itemprop=\"name headline\"><a class=\"title-link blogpostlist__title-link\" href=\"https:\/\/lokalundfair.ch\/blog\/eine-idee-wird-geboren\" itemprop=\"url\"><strong>Pourquoi local<\/strong><\/a><\/h4>\n<p><span class=\"post-meta blogpost__post-meta\" itemprop=\"publisher\" itemscope=\"\" itemtype=\"https:\/\/schema.org\/Organization\"><span itemprop=\"logo\" itemscope=\"\" itemtype=\"https:\/\/schema.org\/ImageObject\"><\/span><\/span><\/p>\n<\/header>\n<div class=\"post-excerpt post-excerpt--full blogpostlist__post-excerpt--full\" itemprop=\"articleBody\">\n<section class=\"elementor-section elementor-top-section elementor-element elementor-element-7e164ce elementor-section-boxed elementor-section-height-default elementor-section-height-default\" data-id=\"7e164ce\" data-element_type=\"section\">\n<div class=\"elementor-container elementor-column-gap-default\">\n<div class=\"elementor-column elementor-col-50 elementor-top-column elementor-element elementor-element-1d764ea\" data-id=\"1d764ea\" data-element_type=\"column\">\n<div class=\"elementor-widget-wrap elementor-element-populated\">\n<div class=\"elementor-element elementor-element-b3a07e5 elementor-widget elementor-widget-text-editor\" data-id=\"b3a07e5\" data-element_type=\"widget\" data-widget_type=\"text-editor.default\">\n<div class=\"elementor-widget-container\">\n<p><span>Acheter local et r\u00e9gional est pr\u00e9sent\u00e9 aux clients par les grands d\u00e9taillants \u00e0 l\u2019aide de programmes sympathiques. Mais ceux qui pensent atteindre ainsi la durabilit\u00e9 se trompent. Les produits de proximit\u00e9 ne sont souvent pas \u00e9quitables. C\u2019est pourquoi March\u00e9s \u00e9quitables Suisse veut r\u00e9orienter le \u2018local\u2019 et le \u2018r\u00e9gional\u2019 et lance l\u2019initiative\u00a0 \u2018local + \u00e9quitable\u2019 avec les trois principes suivants : transparence, cha\u00eenes de cr\u00e9ation de valeur courtes et v\u00e9rit\u00e9 des co\u00fbts.<\/span><\/p>\n<\/div>\n<\/div>\n<\/div>\n<\/div>\n<\/div>\n<\/section>\n<section class=\"elementor-section elementor-top-section elementor-element elementor-element-d1d88a8 elementor-section-boxed elementor-section-height-default elementor-section-height-default\" data-id=\"d1d88a8\" data-element_type=\"section\" data-settings=\"{&quot;background_background&quot;:&quot;classic&quot;}\">\n<div class=\"elementor-container elementor-column-gap-default\">\n<div class=\"elementor-column elementor-col-100 elementor-top-column elementor-element elementor-element-6f3aaa2\" data-id=\"6f3aaa2\" data-element_type=\"column\">\n<div class=\"elementor-widget-wrap elementor-element-populated\">\n<section class=\"elementor-section elementor-inner-section elementor-element elementor-element-58903fd elementor-reverse-tablet elementor-reverse-mobile elementor-section-boxed elementor-section-height-default elementor-section-height-default\" data-id=\"58903fd\" data-element_type=\"section\" data-settings=\"{&quot;background_background&quot;:&quot;classic&quot;}\">\n<div class=\"elementor-container elementor-column-gap-default\">\n<div class=\"elementor-column elementor-col-50 elementor-inner-column elementor-element elementor-element-99e4d42\" data-id=\"99e4d42\" data-element_type=\"column\">\n<div class=\"elementor-widget-wrap elementor-element-populated\">\n<div class=\"elementor-element elementor-element-3e765c9 elementor-position-left elementor-vertical-align-middle elementor-view-default elementor-mobile-position-top elementor-widget elementor-widget-icon-box\" data-id=\"3e765c9\" data-element_type=\"widget\" data-widget_type=\"icon-box.default\">\n<div class=\"elementor-widget-container\">\n<div class=\"elementor-icon-box-wrapper\">\n<div class=\"elementor-icon-box-icon\"><\/div>\n<\/div>\n<\/div>\n<\/div>\n<\/div>\n<\/div>\n<\/div>\n<\/section>\n<\/div>\n<\/div>\n<\/div>\n<\/section>\n<\/div>\n<p>[\/et_pb_text][et_pb_button button_url=\u00a0\u00bbhttps:\/\/lokalundfair.ch\/fr\/une-idee-nait\/\u00a0\u00bb button_text=\u00a0\u00bbVoir plus\u00a0\u00bb _builder_version=\u00a0\u00bb4.24.3&Prime; _module_preset=\u00a0\u00bbdefault\u00a0\u00bb custom_button=\u00a0\u00bbon\u00a0\u00bb button_text_color=\u00a0\u00bb#0099d5&Prime; global_colors_info=\u00a0\u00bb{}\u00a0\u00bb][\/et_pb_button][\/et_pb_column][\/et_pb_row][\/et_pb_section]<\/p>\n","protected":false},"excerpt":{"rendered":"<p>Actualit\u00e9s et m\u00e9dias La ville de Meyrin re\u00e7oit le prix local+\u00e9quitable 2025 \u2013 Une commune mod\u00e8le pour une politique alimentaire locale et \u00e9quitable La ville de Meyrin (GE) re\u00e7oit le prix local+\u00e9quitable 2025 d\u00e9cern\u00e9 par l\u2019association March\u00e9s \u00c9quitables Suisse. Ce prix r\u00e9compense les communes et les villes qui s\u2019engagent par des mesures concr\u00e8tes en faveur [&hellip;]<\/p>\n","protected":false},"author":1,"featured_media":0,"parent":0,"menu_order":0,"comment_status":"closed","ping_status":"closed","template":"","meta":{"_acf_changed":false,"_et_pb_use_builder":"on","_et_pb_old_content":"","_et_gb_content_width":"","footnotes":""},"class_list":["post-29325","page","type-page","status-publish","hentry"],"acf":[],"_links":{"self":[{"href":"https:\/\/lokalundfair.ch\/fr\/wp-json\/wp\/v2\/pages\/29325","targetHints":{"allow":["GET"]}}],"collection":[{"href":"https:\/\/lokalundfair.ch\/fr\/wp-json\/wp\/v2\/pages"}],"about":[{"href":"https:\/\/lokalundfair.ch\/fr\/wp-json\/wp\/v2\/types\/page"}],"author":[{"embeddable":true,"href":"https:\/\/lokalundfair.ch\/fr\/wp-json\/wp\/v2\/users\/1"}],"replies":[{"embeddable":true,"href":"https:\/\/lokalundfair.ch\/fr\/wp-json\/wp\/v2\/comments?post=29325"}],"version-history":[{"count":5,"href":"https:\/\/lokalundfair.ch\/fr\/wp-json\/wp\/v2\/pages\/29325\/revisions"}],"predecessor-version":[{"id":32601,"href":"https:\/\/lokalundfair.ch\/fr\/wp-json\/wp\/v2\/pages\/29325\/revisions\/32601"}],"wp:attachment":[{"href":"https:\/\/lokalundfair.ch\/fr\/wp-json\/wp\/v2\/media?parent=29325"}],"curies":[{"name":"wp","href":"https:\/\/api.w.org\/{rel}","templated":true}]}}