{"id":29373,"date":"2024-04-25T13:41:05","date_gmt":"2024-04-25T11:41:05","guid":{"rendered":"https:\/\/lokalundfair-fms.ch\/local-equitable-pour-les-communautes\/"},"modified":"2025-12-29T09:30:53","modified_gmt":"2025-12-29T08:30:53","slug":"local-equitable-pour-les-communautes","status":"publish","type":"page","link":"https:\/\/lokalundfair.ch\/fr\/local-equitable-pour-les-communautes\/","title":{"rendered":"local + \u00e9quitable pour les partenaires"},"content":{"rendered":"<p>[et_pb_section fb_built=\u00a0\u00bb1&Prime; _builder_version=\u00a0\u00bb4.27.4&Prime; _module_preset=\u00a0\u00bbdefault\u00a0\u00bb background_image=\u00a0\u00bbhttps:\/\/lokalundfair.ch\/wp-content\/uploads\/2025\/06\/FMS-Blogbeitraege-Webseite-Banner-Querformat-2-scaled.png\u00a0\u00bb height=\u00a0\u00bb533px\u00a0\u00bb custom_css_free_form=\u00a0\u00bbselector {||    position: relative;||}||||selector::before {||    content: %22%22;||    position: absolute;||    top: 0;||    left: 0;||    right: 0;||    bottom: 0;||    width: 100%;||    height: 100%;||    background: #000;||    opacity: 0.4;||}||\u00a0\u00bb global_colors_info=\u00a0\u00bb{}\u00a0\u00bb][et_pb_row _builder_version=\u00a0\u00bb4.24.3&Prime; _module_preset=\u00a0\u00bbdefault\u00a0\u00bb width_tablet=\u00a0\u00bb\u00a0\u00bb width_phone=\u00a0\u00bb90%\u00a0\u00bb width_last_edited=\u00a0\u00bbon|phone\u00a0\u00bb custom_margin=\u00a0\u00bb80px||||false|false\u00a0\u00bb custom_margin_tablet=\u00a0\u00bb80px||||false|false\u00a0\u00bb custom_margin_phone=\u00a0\u00bb20px||||false|false\u00a0\u00bb custom_margin_last_edited=\u00a0\u00bbon|phone\u00a0\u00bb global_colors_info=\u00a0\u00bb{}\u00a0\u00bb][et_pb_column type=\u00a0\u00bb4_4&Prime; _builder_version=\u00a0\u00bb4.24.3&Prime; _module_preset=\u00a0\u00bbdefault\u00a0\u00bb global_colors_info=\u00a0\u00bb{}\u00a0\u00bb][et_pb_text _builder_version=\u00a0\u00bb4.27.4&Prime; _module_preset=\u00a0\u00bbdefault\u00a0\u00bb text_text_color=\u00a0\u00bb#000000&Prime; text_text_shadow_style=\u00a0\u00bbpreset2&Prime; text_text_shadow_color=\u00a0\u00bbrgba(0,0,0,0.54)\u00a0\u00bb global_colors_info=\u00a0\u00bb{}\u00a0\u00bb text_text_shadow_color__hover_enabled=\u00a0\u00bbon|desktop\u00a0\u00bb text_text_shadow_color__hover=\u00a0\u00bbrgba(3,151,84,0.29)\u00a0\u00bb]<\/p>\n<h1 style=\"text-align: center;\"><span style=\"color: #02965c;\"><b><b><i>local + \u00e9quitable<\/i><\/b> pour les partenaires<\/b><\/span><\/h1>\n<p>[\/et_pb_text][et_pb_text _builder_version=\u00a0\u00bb4.27.4&Prime; _module_preset=\u00a0\u00bbdefault\u00a0\u00bb text_text_color=\u00a0\u00bb#FFFFFF\u00a0\u00bb header_text_color=\u00a0\u00bb#FFFFFF\u00a0\u00bb text_text_shadow_style=\u00a0\u00bbpreset5&Prime; global_colors_info=\u00a0\u00bb{}\u00a0\u00bb]<\/p>\n<h4 style=\"text-align: center;\"><span style=\"color: #ffffff;\"><strong data-start=\"629\" data-end=\"754\"><i>local + \u00e9quitable<\/i> met en r\u00e9seau les communes et les producteurs<\/strong> <\/span><\/h4>\n<h4 style=\"text-align: center;\"><span style=\"color: #ffffff;\"><strong data-start=\"629\" data-end=\"754\">et rend l&rsquo;approvisionnement durable simple, visible et \u00e9conomiquement attractif.<\/strong><\/span><\/h4>\n<p>[\/et_pb_text][\/et_pb_column][\/et_pb_row][\/et_pb_section][et_pb_section fb_built=\u00a0\u00bb1&Prime; _builder_version=\u00a0\u00bb4.24.3&Prime; _module_preset=\u00a0\u00bbdefault\u00a0\u00bb global_colors_info=\u00a0\u00bb{}\u00a0\u00bb][et_pb_row column_structure=\u00a0\u00bb1_2,1_2&Prime; _builder_version=\u00a0\u00bb4.24.3&Prime; _module_preset=\u00a0\u00bbdefault\u00a0\u00bb global_colors_info=\u00a0\u00bb{}\u00a0\u00bb][et_pb_column type=\u00a0\u00bb1_2&Prime; _builder_version=\u00a0\u00bb4.24.3&Prime; _module_preset=\u00a0\u00bbdefault\u00a0\u00bb global_colors_info=\u00a0\u00bb{}\u00a0\u00bb][et_pb_text _builder_version=\u00a0\u00bb4.24.3&Prime; _module_preset=\u00a0\u00bbdefault\u00a0\u00bb global_colors_info=\u00a0\u00bb{}\u00a0\u00bb]<\/p>\n<p style=\"text-align: left;\"><span style=\"font-weight: 400;\">Les villes et les communes jouent un r\u00f4le dans le projet <\/span><i><br \/>\n  <span style=\"font-weight: 400;\">local + \u00e9quitable <\/span><br \/>\n<\/i> <span style=\"font-weight: 400;\">un r\u00f4le important. L&rsquo;objectif est d&rsquo;\u00e9tablir des partenariats avec les soi-disant  <\/span><i><span style=\"font-weight: 400;\">local + \u00e9quitable  <\/span><\/i><span style=\"font-weight: 400;\">&#8211; Les municipalit\u00e9s qui se distinguent par un engagement particulier dans le domaine de l&rsquo;approvisionnement alimentaire local et durable dans les march\u00e9s publics, dans leur communication et\/ou dans les \u00e9v\u00e9nements correspondants. Cela permet d&rsquo;une part de sensibiliser la population \u00e0 la consommation durable et \u00e9quitable, et d&rsquo;autre part d&rsquo;impliquer les entreprises locales et autres institutions de la commune, de les mettre en r\u00e9seau et de les motiver \u00e0 \u00e9changer et \u00e0 pratiquer une \u00e9conomie durable. Cela renforce \u00e9galement les entreprises traditionnelles, les sp\u00e9cialit\u00e9s et l&rsquo;artisanat caract\u00e9ristiques de la commune et permet de se distinguer en tant que collectivit\u00e9 particuli\u00e8rement durable et agissant au niveau local et de renforcer l&rsquo;attractivit\u00e9 du site et la qualit\u00e9 de vie.  <\/span><\/p>\n<p>[\/et_pb_text][\/et_pb_column][et_pb_column type=\u00a0\u00bb1_2&Prime; _builder_version=\u00a0\u00bb4.24.3&Prime; _module_preset=\u00a0\u00bbdefault\u00a0\u00bb global_colors_info=\u00a0\u00bb{}\u00a0\u00bb][et_pb_image src=\u00a0\u00bbhttps:\/\/lokalundfair.ch\/wp-content\/uploads\/2024\/05\/27-15.jpg\u00a0\u00bb title_text=\u00a0\u00bb27-15&Prime; force_fullwidth=\u00a0\u00bbon\u00a0\u00bb _builder_version=\u00a0\u00bb4.24.3&Prime; _module_preset=\u00a0\u00bbdefault\u00a0\u00bb height=\u00a0\u00bb360px\u00a0\u00bb custom_css_free_form=\u00a0\u00bbselector img {||    height: 100%;||    object-fit: cover;||}||\u00a0\u00bb global_colors_info=\u00a0\u00bb{}\u00a0\u00bb][\/et_pb_image][\/et_pb_column][\/et_pb_row][\/et_pb_section][et_pb_section fb_built=\u00a0\u00bb1&Prime; _builder_version=\u00a0\u00bb4.24.3&Prime; _module_preset=\u00a0\u00bbdefault\u00a0\u00bb custom_padding=\u00a0\u00bb26px|||||\u00a0\u00bb global_colors_info=\u00a0\u00bb{}\u00a0\u00bb][et_pb_row _builder_version=\u00a0\u00bb4.24.3&Prime; _module_preset=\u00a0\u00bbdefault\u00a0\u00bb global_colors_info=\u00a0\u00bb{}\u00a0\u00bb][et_pb_column type=\u00a0\u00bb4_4&Prime; _builder_version=\u00a0\u00bb4.24.3&Prime; _module_preset=\u00a0\u00bbdefault\u00a0\u00bb global_colors_info=\u00a0\u00bb{}\u00a0\u00bb][et_pb_text _builder_version=\u00a0\u00bb4.27.4&Prime; _module_preset=\u00a0\u00bbdefault\u00a0\u00bb custom_css_free_form=\u00a0\u00bbselector h1, selector h2, selector h3, selector h4, selector h5, selector h6 {||    background: -webkit-linear-gradient(24deg, #0099d2, #039754);||    -webkit-background-clip: text;||    -webkit-text-fill-color: transparent;||}||\u00a0\u00bb global_colors_info=\u00a0\u00bb{}\u00a0\u00bb]<\/p>\n<h2 style=\"text-align: center;\"><b>Que signifie le partenariat<em> local + \u00e9quitable<\/em> pour la commune ?<\/b><\/h2>\n<p style=\"text-align: center;\"><b><\/b><\/p>\n<p style=\"text-align: center;\"><span style=\"font-weight: 400;\">Les communes ont diff\u00e9rentes options pour participer en tant que commune<em> locale + \u00e9quitable<\/em> . De divers  <\/span><b>Crit\u00e8res<\/b><span style=\"font-weight: 400;\">  ils peuvent choisir diff\u00e9rentes mani\u00e8res de renforcer, en tant que commune, leurs producteurs locaux, le secteur de la restauration et, par le biais de campagnes de sensibilisation et d&rsquo;information, les comp\u00e9tences alimentaires de la population. \u00c9tant donn\u00e9 l&rsquo;int\u00e9r\u00eat du public et de la population pour  <\/span><span style=\"font-weight: 400;\">l&rsquo;approvisionnement durable<\/span><span style=\"font-weight: 400;\"> et la connaissance de l&rsquo;origine des aliments est en forte croissance, une <\/span><i><br \/>\n  <span style=\"font-weight: 400;\">local + \u00e9quitable <\/span><br \/>\n<\/i> <span style=\"font-weight: 400;\">&#8211; Partenariat entre villes et communes : possibilit\u00e9s concr\u00e8tes de compl\u00e9ter leurs concepts de durabilit\u00e9 et leurs directives d&rsquo;approvisionnement existants et de communiquer de mani\u00e8re positive leur engagement. <span>Les communes mod\u00e8les b\u00e9n\u00e9ficient d&rsquo;une pr\u00e9sence sur le site web. Les communes qui mettent en \u0153uvre au moins 3 des crit\u00e8res sont r\u00e9compens\u00e9es par <\/span><strong><em><span>le prix local + \u00e9quitable.<\/span><\/em><\/strong><\/span><\/p>\n<p style=\"text-align: center;\">[\/et_pb_text][\/et_pb_column][\/et_pb_row][et_pb_row column_structure=\u00a0\u00bb1_2,1_2&Prime; _builder_version=\u00a0\u00bb4.24.3&Prime; _module_preset=\u00a0\u00bbdefault\u00a0\u00bb custom_css_free_form=\u00a0\u00bb@media screen and (max-width: 980px) {||    selector {||        display: flex;||        flex-flow: column-reverse;||    }||}||\u00a0\u00bb global_colors_info=\u00a0\u00bb{}\u00a0\u00bb][et_pb_column type=\u00a0\u00bb1_2&Prime; _builder_version=\u00a0\u00bb4.24.3&Prime; _module_preset=\u00a0\u00bbdefault\u00a0\u00bb custom_padding=\u00a0\u00bb0px|0px|0px|0px|true|true\u00a0\u00bb global_colors_info=\u00a0\u00bb{}\u00a0\u00bb][et_pb_slider _builder_version=\u00a0\u00bb4.24.3&Prime; _module_preset=\u00a0\u00bbdefault\u00a0\u00bb height=\u00a0\u00bb500px\u00a0\u00bb height_tablet=\u00a0\u00bb500px\u00a0\u00bb height_phone=\u00a0\u00bb360px\u00a0\u00bb height_last_edited=\u00a0\u00bbon|desktop\u00a0\u00bb custom_margin_tablet=\u00a0\u00bb32px||||false|false\u00a0\u00bb custom_margin_phone=\u00a0\u00bb32px||||false|false\u00a0\u00bb custom_margin_last_edited=\u00a0\u00bbon|phone\u00a0\u00bb global_colors_info=\u00a0\u00bb{}\u00a0\u00bb][et_pb_slide _builder_version=\u00a0\u00bb4.24.3&Prime; _module_preset=\u00a0\u00bbdefault\u00a0\u00bb background_enable_color=\u00a0\u00bboff\u00a0\u00bb background_image=\u00a0\u00bbhttps:\/\/lokalundfair.ch\/wp-content\/uploads\/2024\/05\/Foto_Nachhaltigkeitsmarkt-3_2023-1.png\u00a0\u00bb background_enable_image=\u00a0\u00bbon\u00a0\u00bb global_colors_info=\u00a0\u00bb{}\u00a0\u00bb sticky_transition=\u00a0\u00bbon\u00a0\u00bb][\/et_pb_slide][et_pb_slide _builder_version=\u00a0\u00bb4.24.3&Prime; _module_preset=\u00a0\u00bbdefault\u00a0\u00bb background_enable_color=\u00a0\u00bboff\u00a0\u00bb background_image=\u00a0\u00bbhttps:\/\/lokalundfair.ch\/wp-content\/uploads\/2024\/05\/32f450a9-9339-47ab-a02b-e56500360aec.png\u00a0\u00bb background_enable_image=\u00a0\u00bbon\u00a0\u00bb global_colors_info=\u00a0\u00bb{}\u00a0\u00bb sticky_transition=\u00a0\u00bbon\u00a0\u00bb][\/et_pb_slide][\/et_pb_slider][\/et_pb_column][et_pb_column type=\u00a0\u00bb1_2&Prime; _builder_version=\u00a0\u00bb4.24.3&Prime; _module_preset=\u00a0\u00bbdefault\u00a0\u00bb global_colors_info=\u00a0\u00bb{}\u00a0\u00bb][et_pb_text _builder_version=\u00a0\u00bb4.27.4&Prime; _module_preset=\u00a0\u00bbdefault\u00a0\u00bb hover_enabled=\u00a0\u00bb0&Prime; custom_css_free_form=\u00a0\u00bbselector h1, selector h2, selector h3, selector h4, selector h5, selector h6 {||    background: -webkit-linear-gradient(24deg, #0099d2, #039754);||    -webkit-background-clip: text;||    -webkit-text-fill-color: transparent;||}||\u00a0\u00bb global_colors_info=\u00a0\u00bb{}\u00a0\u00bb sticky_enabled=\u00a0\u00bb0&Prime;]<\/p>\n<h2><b><i>local + \u00e9quitable <\/i>&#8211; Ville d&rsquo;Uster<\/b><\/h2>\n<p><b><\/b><\/p>\n<p><span style=\"font-weight: 400;\">La ville d&rsquo;Uster s&rsquo;engage \u00e0 diff\u00e9rents niveaux pour une consommation durable et un approvisionnement local. Dans leurs recommandations d&rsquo;achat, il est stipul\u00e9 que les aliments de saison et r\u00e9gionaux doivent \u00eatre achet\u00e9s et que, pour la restauration, la pr\u00e9f\u00e9rence doit \u00eatre donn\u00e9e aux fournisseurs locaux et r\u00e9gionaux qui travaillent avec des produits de saison et r\u00e9gionaux. En 2023, l&rsquo;alimentation durable a \u00e9t\u00e9 abord\u00e9e de mani\u00e8re plus approfondie dans le cadre des semaines du d\u00e9veloppement durable organis\u00e9es chaque ann\u00e9e. Avec les \u00ab\u00a0Marktschw\u00e4rmer\u00a0\u00bb, le march\u00e9 hebdomadaire du vendredi et le march\u00e9 du samedi qui a lieu une fois par mois, il existe d\u00e9j\u00e0 diff\u00e9rentes possibilit\u00e9s de s&rsquo;approvisionner localement et r\u00e9gionalement. Toutes ces offres doivent \u00eatre encourag\u00e9es et d\u00e9velopp\u00e9es gr\u00e2ce au partenariat avec local + \u00e9quitable.<\/span><\/p>\n<p>&nbsp;<\/p>\n<p><span style=\"font-weight: 400;\">Donn\u00e9es des march\u00e9s : <\/span><a href=\"https:\/\/www.uster.ch\/publikationen\/94278\" target=\"_blank\" rel=\"noopener noreferrer nofollow\"><br \/><span style=\"font-weight: 400;\">https:\/\/www.uster.ch\/publikationen\/94278<\/span><br \/><\/a><\/p>\n<p><span style=\"font-weight: 400;\">March\u00e9 du d\u00e9veloppement durable : <\/span><a href=\"https:\/\/www.uster.ch\/umweltaktivitaeten\/67936\" target=\"_blank\" rel=\"noopener noreferrer nofollow\"><br \/><span style=\"font-weight: 400;\">https:\/\/www.uster.ch\/umweltaktivitaeten\/67936<\/span><br \/><\/a><span style=\"font-weight: 400;\"><br \/><\/span><a href=\"mail:eh@ustermer.ch\"><\/a><\/p>\n<p>[\/et_pb_text][\/et_pb_column][\/et_pb_row][et_pb_row column_structure=\u00a0\u00bb1_2,1_2&Prime; _builder_version=\u00a0\u00bb4.24.3&Prime; _module_preset=\u00a0\u00bbdefault\u00a0\u00bb custom_css_free_form=\u00a0\u00bb@media screen and (max-width: 980px) {||    selector {||        display: flex;||        flex-flow: column-reverse;||    }||}||\u00a0\u00bb global_colors_info=\u00a0\u00bb{}\u00a0\u00bb][et_pb_column type=\u00a0\u00bb1_2&Prime; _builder_version=\u00a0\u00bb4.24.3&Prime; _module_preset=\u00a0\u00bbdefault\u00a0\u00bb global_colors_info=\u00a0\u00bb{}\u00a0\u00bb][et_pb_text _builder_version=\u00a0\u00bb4.27.4&Prime; _module_preset=\u00a0\u00bbdefault\u00a0\u00bb custom_css_free_form=\u00a0\u00bbselector h1, selector h2, selector h3, selector h4, selector h5, selector h6 {||    background: -webkit-linear-gradient(24deg, #0099d2, #039754);||    -webkit-background-clip: text;||    -webkit-text-fill-color: transparent;||}||\u00a0\u00bb global_colors_info=\u00a0\u00bb{}\u00a0\u00bb]<\/p>\n<h2><b><i>local + \u00e9quitable<\/i> &#8211; Ville de Meyrin (GE)<\/b><\/h2>\n<p><b><\/b><\/p>\n<p><span style=\"font-weight: 400;\">La ville Meyrin (GE)<\/span><span style=\"font-weight: 400;\"> ,depuis de nombreuses ann\u00e9es, m\u00e8ne une politique de d\u00e9veloppement durable qui englobe notamment les questions d&rsquo;alimentation avec des produits locaux et r\u00e9gionaux. Elle a ainsi veill\u00e9 \u00e0 ce que ses propres services et ses entreprises partenaires soient approvisionn\u00e9s en produits locaux ou r\u00e9gionaux. Meyrin se distingue par un dialogue actif avec la soci\u00e9t\u00e9 civile et a soutenu et contribu\u00e9 \u00e0 plusieurs initiatives de la population :   <\/span><span style=\"font-weight: 400;\">Coop\u00e9rative agricole <\/span>\u00ab <span style=\"font-weight: 400;\"><a href=\"https:\/\/www.fermedesvergers.ch\/\" target=\"_blank\" rel=\"noopener noreferrer nofollow\">Ferme des vergers<\/a><\/span> \u00bb, <span style=\"font-weight: 400;\"><span style=\"font-weight: 400;\">Caisse genevoise de l\u2019alimentation <\/span><a href=\"https:\/\/calim-ge.ch\/\" target=\"_blank\" rel=\"noopener noreferrer nofollow\">Calim-GE<\/a><\/span>, <span style=\"font-weight: 400;\">association des agriculteurs<\/span> <span style=\"font-weight: 400;\">pratiquant la vente directe <\/span><span style=\"font-weight: 400;\"><a href=\"https:\/\/mapc-ge.ch\/\" target=\"_blank\" rel=\"noopener noreferrer nofollow\">MAPC<\/a><\/span> <span style=\"font-weight: 400;\">\u00ab Mouvement pour une Agriculture Paysanne et Citoyenne \u00bb ou encore le projet<\/span> <span style=\"font-weight: 400;\"><a href=\"https:\/\/locali-ge.ch\/\" target=\"_blank\" rel=\"noopener noreferrer nofollow\">Locali<\/a><\/span>.<span style=\"font-weight: 400;\">qui promeut un nouveau mode de consommation. MAPC et Locali sont officiellement des organisations partenaires de  <\/span><i><span style=\"font-weight: 400;\">local + \u00e9quitable<span style=\"font-weight: 400;\">.<\/span><\/span><\/i><\/p>\n<p><a href=\"www.meyrin.ch\">www.meyrin.ch<\/a><span style=\"font-weight: 400;\"><\/span><\/p>\n<p><span style=\"font-weight: 400;\"><\/span><\/p>\n<p>[\/et_pb_text][\/et_pb_column][et_pb_column type=\u00a0\u00bb1_2&Prime; _builder_version=\u00a0\u00bb4.24.3&Prime; _module_preset=\u00a0\u00bbdefault\u00a0\u00bb custom_padding=\u00a0\u00bb0px|0px|0px|0px|true|true\u00a0\u00bb global_colors_info=\u00a0\u00bb{}\u00a0\u00bb][et_pb_image src=\u00a0\u00bbhttps:\/\/lokalundfair.ch\/wp-content\/uploads\/2025\/10\/FMS_lokalfair_Award_RGB.png\u00a0\u00bb title_text=\u00a0\u00bbPrix local et \u00e9quitable\u00a0\u00bb _builder_version=\u00a0\u00bb4.27.4&Prime; _module_preset=\u00a0\u00bbdefault\u00a0\u00bb global_colors_info=\u00a0\u00bb{}\u00a0\u00bb][\/et_pb_image][\/et_pb_column][\/et_pb_row][et_pb_row column_structure=\u00a0\u00bb1_2,1_2&Prime; _builder_version=\u00a0\u00bb4.24.3&Prime; _module_preset=\u00a0\u00bbdefault\u00a0\u00bb custom_css_free_form=\u00a0\u00bb@media screen and (max-width: 980px) {||    selector {||        display: flex;||        flex-flow: column-reverse;||    }||}||\u00a0\u00bb global_colors_info=\u00a0\u00bb{}\u00a0\u00bb][et_pb_column type=\u00a0\u00bb1_2&Prime; _builder_version=\u00a0\u00bb4.24.3&Prime; _module_preset=\u00a0\u00bbdefault\u00a0\u00bb custom_padding=\u00a0\u00bb0px|0px|0px|0px|true|true\u00a0\u00bb global_colors_info=\u00a0\u00bb{}\u00a0\u00bb][et_pb_image src=\u00a0\u00bbhttps:\/\/lokalundfair.ch\/wp-content\/uploads\/2025\/11\/264dbc20-5209-4fd1-85db-e930d2b8d212.jpeg\u00a0\u00bb title_text=\u00a0\u00bb264dbc20-5209-4fd1-85db-e930d2b8d212&Prime; _builder_version=\u00a0\u00bb4.27.4&Prime; _module_preset=\u00a0\u00bbdefault\u00a0\u00bb global_colors_info=\u00a0\u00bb{}\u00a0\u00bb][\/et_pb_image][\/et_pb_column][et_pb_column type=\u00a0\u00bb1_2&Prime; _builder_version=\u00a0\u00bb4.24.3&Prime; _module_preset=\u00a0\u00bbdefault\u00a0\u00bb global_colors_info=\u00a0\u00bb{}\u00a0\u00bb][et_pb_text _builder_version=\u00a0\u00bb4.27.4&Prime; _module_preset=\u00a0\u00bbdefault\u00a0\u00bb custom_css_free_form=\u00a0\u00bbselector h1, selector h2, selector h3, selector h4, selector h5, selector h6 {||    background: -webkit-linear-gradient(24deg, #0099d2, #039754);||    -webkit-background-clip: text;||    -webkit-text-fill-color: transparent;||}||\u00a0\u00bb global_colors_info=\u00a0\u00bb{}\u00a0\u00bb]<\/p>\n<h2><b><i>local + \u00e9quitable<\/i> &#8211; Commune de Wohlen<\/b><\/h2>\n<p><b><\/b><\/p>\n<p>La commune de Wohlen (BE) promeut les produits alimentaires r\u00e9gionaux gr\u00e2ce \u00e0 des projets tels que Bogen17, Dorfm\u00e4rit et Culinaria, soutient les producteurs locaux et renforce la cr\u00e9ation de valeur r\u00e9gionale.<\/p>\n<p><span>Wohlen mise sur des initiatives concr\u00e8tes : le restaurant Bogen17 a b\u00e9n\u00e9fici\u00e9 d&rsquo;un soutien en mati\u00e8re d&rsquo;am\u00e9nagement du territoire et de conditions de location avantageuses, le Dorfm\u00e4rit permet aux producteurs locaux de vendre directement leurs produits \u00e0 la population, et le projet social Culinaria livre chaque semaine plus d&rsquo;un millier de repas aux \u00e9coles, aux cr\u00e8ches et aux seniors, en privil\u00e9giant les fournisseurs locaux et r\u00e9gionaux.<\/span><\/p>\n<p><span>En compl\u00e9ment, la commune s&rsquo;engage en tant que principale coop\u00e9ratrice de la centrale solaire de Wohlen. Des offres publiques telles que le \u00ab Sack vo hie \u00bb (sac de produits locaux) destin\u00e9 aux nouveaux arrivants montrent \u00e9galement comment Wohlen permet de d\u00e9couvrir directement les produits locaux tout en sensibilisant la population \u00e0 une alimentation durable. <\/span><\/p>\n<p><a href=\"https:\/\/www.wohlen-be.ch\/de\/\" target=\"_blank\" rel=\"noopener noreferrer nofollow\"><span>www.wohlen-be.ch<\/span><\/a><\/p>\n<p><span><\/span><\/p>\n<p><span><\/span><\/p>\n<p><a href=\"mail:eh@ustermer.ch\"><\/a><\/p>\n<p>[\/et_pb_text][\/et_pb_column][\/et_pb_row][et_pb_row column_structure=\u00a0\u00bb1_2,1_2&Prime; _builder_version=\u00a0\u00bb4.24.3&Prime; _module_preset=\u00a0\u00bbdefault\u00a0\u00bb custom_css_free_form=\u00a0\u00bb@media screen and (max-width: 980px) {||    selector {||        display: flex;||        flex-flow: column-reverse;||    }||}||\u00a0\u00bb global_colors_info=\u00a0\u00bb{}\u00a0\u00bb][et_pb_column type=\u00a0\u00bb1_2&Prime; _builder_version=\u00a0\u00bb4.24.3&Prime; _module_preset=\u00a0\u00bbdefault\u00a0\u00bb global_colors_info=\u00a0\u00bb{}\u00a0\u00bb][et_pb_text _builder_version=\u00a0\u00bb4.27.4&Prime; _module_preset=\u00a0\u00bbdefault\u00a0\u00bb custom_css_free_form=\u00a0\u00bbselector h1, selector h2, selector h3, selector h4, selector h5, selector h6 {||    background: -webkit-linear-gradient(24deg, #0099d2, #039754);||    -webkit-background-clip: text;||    -webkit-text-fill-color: transparent;||}||\u00a0\u00bb global_colors_info=\u00a0\u00bb{}\u00a0\u00bb]<\/p>\n<h2><b><i>local + \u00e9quitable <\/i>&#8211; Ville de W\u00e4denswil<\/b><\/h2>\n<p><b><\/b><\/p>\n<p><span style=\"font-weight: 400;\">La ville de W\u00e4denswil s&rsquo;engage activement en faveur du d\u00e9veloppement durable et m\u00e8ne une politique globale en la mati\u00e8re. Elle soutient des manifestations telles que le march\u00e9 du samedi, o\u00f9 les agriculteurs locaux et d&rsquo;autres fournisseurs r\u00e9gionaux peuvent vendre leurs produits directement \u00e0 la population. W\u00e4denswil encourage \u00e9galement les organisations et associations qui s&rsquo;engagent en faveur du d\u00e9veloppement durable, en particulier dans le domaine de l&rsquo;approvisionnement alimentaire local. Il convient \u00e9galement de souligner les projets communs avec la Haute \u00e9cole des sciences appliqu\u00e9es de Zurich (ZHAW), en particulier dans les disciplines li\u00e9es au d\u00e9veloppement durable bas\u00e9es \u00e0 W\u00e4denswil.   <\/span><\/p>\n<p>[\/et_pb_text][\/et_pb_column][et_pb_column type=\u00a0\u00bb1_2&Prime; _builder_version=\u00a0\u00bb4.24.3&Prime; _module_preset=\u00a0\u00bbdefault\u00a0\u00bb custom_padding=\u00a0\u00bb0px|0px|0px|0px|true|true\u00a0\u00bb global_colors_info=\u00a0\u00bb{}\u00a0\u00bb][et_pb_slider _builder_version=\u00a0\u00bb4.24.3&Prime; _module_preset=\u00a0\u00bbdefault\u00a0\u00bb height=\u00a0\u00bb500px\u00a0\u00bb height_tablet=\u00a0\u00bb500px\u00a0\u00bb height_phone=\u00a0\u00bb360px\u00a0\u00bb height_last_edited=\u00a0\u00bbon|desktop\u00a0\u00bb custom_margin_tablet=\u00a0\u00bb32px||||false|false\u00a0\u00bb custom_margin_phone=\u00a0\u00bb32px||||false|false\u00a0\u00bb custom_margin_last_edited=\u00a0\u00bbon|phone\u00a0\u00bb global_colors_info=\u00a0\u00bb{}\u00a0\u00bb][et_pb_slide _builder_version=\u00a0\u00bb4.24.3&Prime; _module_preset=\u00a0\u00bbdefault\u00a0\u00bb background_enable_color=\u00a0\u00bboff\u00a0\u00bb background_image=\u00a0\u00bbhttps:\/\/lokalundfair.ch\/wp-content\/uploads\/2024\/09\/IMG_3850-1-rotated-1.jpg\u00a0\u00bb background_enable_image=\u00a0\u00bbon\u00a0\u00bb global_colors_info=\u00a0\u00bb{}\u00a0\u00bb sticky_transition=\u00a0\u00bbon\u00a0\u00bb][\/et_pb_slide][\/et_pb_slider][\/et_pb_column][\/et_pb_row][et_pb_row column_structure=\u00a0\u00bb1_2,1_2&Prime; _builder_version=\u00a0\u00bb4.24.3&Prime; _module_preset=\u00a0\u00bbdefault\u00a0\u00bb global_colors_info=\u00a0\u00bb{}\u00a0\u00bb][et_pb_column type=\u00a0\u00bb1_2&Prime; _builder_version=\u00a0\u00bb4.24.3&Prime; _module_preset=\u00a0\u00bbdefault\u00a0\u00bb global_colors_info=\u00a0\u00bb{}\u00a0\u00bb][et_pb_slider _builder_version=\u00a0\u00bb4.24.3&Prime; _module_preset=\u00a0\u00bbdefault\u00a0\u00bb height=\u00a0\u00bb500px\u00a0\u00bb height_tablet=\u00a0\u00bb500px\u00a0\u00bb height_phone=\u00a0\u00bb360px\u00a0\u00bb height_last_edited=\u00a0\u00bbon|phone\u00a0\u00bb global_colors_info=\u00a0\u00bb{}\u00a0\u00bb][et_pb_slide _builder_version=\u00a0\u00bb4.24.3&Prime; _module_preset=\u00a0\u00bbdefault\u00a0\u00bb background_enable_color=\u00a0\u00bboff\u00a0\u00bb background_image=\u00a0\u00bbhttps:\/\/lokalundfair.ch\/wp-content\/uploads\/2024\/05\/gallerybig.jpg\u00a0\u00bb background_enable_image=\u00a0\u00bbon\u00a0\u00bb global_colors_info=\u00a0\u00bb{}\u00a0\u00bb sticky_transition=\u00a0\u00bbon\u00a0\u00bb][\/et_pb_slide][et_pb_slide _builder_version=\u00a0\u00bb4.24.3&Prime; _module_preset=\u00a0\u00bbdefault\u00a0\u00bb background_enable_color=\u00a0\u00bboff\u00a0\u00bb background_image=\u00a0\u00bbhttps:\/\/lokalundfair.ch\/wp-content\/uploads\/2024\/05\/img_small-1.jpg\u00a0\u00bb background_enable_image=\u00a0\u00bbon\u00a0\u00bb global_colors_info=\u00a0\u00bb{}\u00a0\u00bb sticky_transition=\u00a0\u00bbon\u00a0\u00bb][\/et_pb_slide][et_pb_slide _builder_version=\u00a0\u00bb4.24.3&Prime; _module_preset=\u00a0\u00bbdefault\u00a0\u00bb background_enable_color=\u00a0\u00bboff\u00a0\u00bb background_image=\u00a0\u00bbhttps:\/\/lokalundfair.ch\/wp-content\/uploads\/2024\/05\/img_small.jpg\u00a0\u00bb background_enable_image=\u00a0\u00bbon\u00a0\u00bb global_colors_info=\u00a0\u00bb{}\u00a0\u00bb sticky_transition=\u00a0\u00bbon\u00a0\u00bb][\/et_pb_slide][\/et_pb_slider][\/et_pb_column][et_pb_column type=\u00a0\u00bb1_2&Prime; _builder_version=\u00a0\u00bb4.24.3&Prime; _module_preset=\u00a0\u00bbdefault\u00a0\u00bb custom_padding=\u00a0\u00bb0px|0px|0px|0px|true|true\u00a0\u00bb global_colors_info=\u00a0\u00bb{}\u00a0\u00bb][et_pb_text _builder_version=\u00a0\u00bb4.27.4&Prime; _module_preset=\u00a0\u00bbdefault\u00a0\u00bb custom_padding=\u00a0\u00bb||||false|false\u00a0\u00bb custom_css_free_form=\u00a0\u00bbselector h1, selector h2, selector h3, selector h4, selector h5, selector h6 {||    background: -webkit-linear-gradient(24deg, #0099d2, #039754);||    -webkit-background-clip: text;||    -webkit-text-fill-color: transparent;||}||\u00a0\u00bb global_colors_info=\u00a0\u00bb{}\u00a0\u00bb]<\/p>\n<h2><b><i>local + \u00e9quitable <\/i>&#8211; Commune de St\u00e4fa<\/b><\/h2>\n<p><b><\/b><\/p>\n<p><span style=\"font-size: 14px;\">La premi\u00e8re commune partenaire de local + \u00e9quitable, St\u00e4fa, souhaite promouvoir le th\u00e8me \u00ab local + \u00e9quitable \u00bb dans le cadre de sa strat\u00e9gie de d\u00e9veloppement durable. Elle s&rsquo;engage en faveur des producteurs locaux non seulement dans sa communication, mais aussi lors d&rsquo;\u00e9v\u00e9nements internes et dans le domaine de la restauration : en collaboration avec l&rsquo;association locale local + \u00e9quitable, St\u00e4fa a inaugur\u00e9 la premi\u00e8re journ\u00e9e nationale de commercialisation directe avec un \u00e9v\u00e9nement qui c\u00e9l\u00e8bre et met \u00e0 l&rsquo;honneur les produits locaux.<br \/>Les producteurs et les magasins locaux ont ainsi eu l&rsquo;occasion de se pr\u00e9senter et d&rsquo;entrer en contact avec la population : le r\u00e9seau alimentaire local, \u00e9quitable et direct renforce les circuits courts.  <\/span><br \/><span style=\"font-weight: 400;\"><\/span><\/p>\n<p>[\/et_pb_text][\/et_pb_column][\/et_pb_row][et_pb_row column_structure=\u00a0\u00bb1_2,1_2&Prime; _builder_version=\u00a0\u00bb4.24.3&Prime; _module_preset=\u00a0\u00bbdefault\u00a0\u00bb global_colors_info=\u00a0\u00bb{}\u00a0\u00bb][et_pb_column type=\u00a0\u00bb1_2&Prime; _builder_version=\u00a0\u00bb4.24.3&Prime; _module_preset=\u00a0\u00bbdefault\u00a0\u00bb custom_padding=\u00a0\u00bb0px|0px|0px|0px|true|true\u00a0\u00bb global_colors_info=\u00a0\u00bb{}\u00a0\u00bb][et_pb_text _builder_version=\u00a0\u00bb4.27.4&Prime; _module_preset=\u00a0\u00bbdefault\u00a0\u00bb custom_padding=\u00a0\u00bb||||false|false\u00a0\u00bb custom_css_free_form=\u00a0\u00bbselector h1, selector h2, selector h3, selector h4, selector h5, selector h6 {||    background: -webkit-linear-gradient(24deg, #0099d2, #039754);||    -webkit-background-clip: text;||    -webkit-text-fill-color: transparent;||}||\u00a0\u00bb global_colors_info=\u00a0\u00bb{}\u00a0\u00bb]<\/p>\n<h2><b><i>local + \u00e9quitable <\/i>&#8211; phare des Grisons<\/b><\/h2>\n<p><b><em>Local + \u00e9quitable<\/em> \u2013 dans les cantons aussi !<\/b><\/p>\n<p>Le canton des Grisons peut \u00eatre consid\u00e9r\u00e9 comme un v\u00e9ritable phare en mati\u00e8re de promotion de la production locale, des sp\u00e9cialit\u00e9s r\u00e9gionales et de l&rsquo;artisanat.<\/p>\n<p>Son int\u00e9r\u00eat pour la promotion des produits locaux et le maintien de l&rsquo;ensemble de la cha\u00eene de valeur au niveau r\u00e9gional se traduit par l&rsquo;engagement du canton dans divers projets visant \u00e0 renforcer et \u00e0 promouvoir la production locale et les personnes qui en sont \u00e0 l&rsquo;origine. Depuis plus de 15 ans, la r\u00e9gionalit\u00e9 occupe une place importante dans toutes les activit\u00e9s de promotion cantonales et fait partie int\u00e9grante des programmes gouvernementaux cantonaux. Graub\u00fcndenVIVA, Alpinavera et une multitude de projets PRE en sont l&rsquo;expression. Toutes ces initiatives sont soutenues financi\u00e8rement par le canton des Grisons, que ce soit par des contributions ou par des mandats de prestations.  <\/p>\n<p>Un coup d&rsquo;\u0153il \u00e0 l&rsquo;association Graub\u00fcndenVIVA montre concr\u00e8tement ce que cela signifie : l&rsquo;association graub\u00fcndenVIVA fait des Grisons la premi\u00e8re adresse en mati\u00e8re de plaisir, de gastronomie et de r\u00e9gionalit\u00e9. En collaboration avec des partenaires locaux, elle promeut les sp\u00e9cialit\u00e9s grisonnes et met en r\u00e9seau les producteurs, les transformateurs et les consommateurs. L&rsquo;objectif : renforcer la position des Grisons en tant que haut lieu de la culture gastronomique alpine et faire conna\u00eetre la r\u00e9gion gr\u00e2ce \u00e0 une alimentation r\u00e9gionale et durable. On peut y d\u00e9couvrir des producteurs r\u00e9gionaux, des recettes traditionnelles et des histoires passionnantes qui font vivre le patrimoine culinaire des Grisons.   <\/p>\n<p><a href=\"https:\/\/www.graubuendenviva.ch\/de\" target=\"_blank\" rel=\"noopener noreferrer nofollow\">www.graubuendenviva.ch<\/a><\/p>\n<p>[\/et_pb_text][\/et_pb_column][et_pb_column type=\u00a0\u00bb1_2&Prime; _builder_version=\u00a0\u00bb4.24.3&Prime; _module_preset=\u00a0\u00bbdefault\u00a0\u00bb global_colors_info=\u00a0\u00bb{}\u00a0\u00bb][et_pb_slider _builder_version=\u00a0\u00bb4.24.3&Prime; _module_preset=\u00a0\u00bbdefault\u00a0\u00bb height=\u00a0\u00bb500px\u00a0\u00bb height_tablet=\u00a0\u00bb500px\u00a0\u00bb height_phone=\u00a0\u00bb360px\u00a0\u00bb height_last_edited=\u00a0\u00bbon|phone\u00a0\u00bb global_colors_info=\u00a0\u00bb{}\u00a0\u00bb][et_pb_slide _builder_version=\u00a0\u00bb4.24.3&Prime; _module_preset=\u00a0\u00bbdefault\u00a0\u00bb background_enable_color=\u00a0\u00bboff\u00a0\u00bb background_image=\u00a0\u00bbhttps:\/\/lokalundfair.ch\/wp-content\/uploads\/2025\/01\/rigonalli_cauco_ziegen_4.webp\u00a0\u00bb background_enable_image=\u00a0\u00bbon\u00a0\u00bb global_colors_info=\u00a0\u00bb{}\u00a0\u00bb sticky_transition=\u00a0\u00bbon\u00a0\u00bb][\/et_pb_slide][et_pb_slide _builder_version=\u00a0\u00bb4.24.3&Prime; _module_preset=\u00a0\u00bbdefault\u00a0\u00bb background_enable_color=\u00a0\u00bboff\u00a0\u00bb background_image=\u00a0\u00bbhttps:\/\/lokalundfair.ch\/wp-content\/uploads\/2025\/01\/graubundenviva-genussmarkt.jpg\u00a0\u00bb background_enable_image=\u00a0\u00bbon\u00a0\u00bb global_colors_info=\u00a0\u00bb{}\u00a0\u00bb sticky_transition=\u00a0\u00bbon\u00a0\u00bb][\/et_pb_slide][et_pb_slide _builder_version=\u00a0\u00bb4.24.3&Prime; _module_preset=\u00a0\u00bbdefault\u00a0\u00bb background_enable_color=\u00a0\u00bboff\u00a0\u00bb background_image=\u00a0\u00bbhttps:\/\/lokalundfair.ch\/wp-content\/uploads\/2025\/01\/haus.webp\u00a0\u00bb background_enable_image=\u00a0\u00bbon\u00a0\u00bb global_colors_info=\u00a0\u00bb{}\u00a0\u00bb sticky_transition=\u00a0\u00bbon\u00a0\u00bb][\/et_pb_slide][et_pb_slide _builder_version=\u00a0\u00bb4.24.3&Prime; _module_preset=\u00a0\u00bbdefault\u00a0\u00bb background_enable_color=\u00a0\u00bboff\u00a0\u00bb background_image=\u00a0\u00bbhttps:\/\/lokalundfair.ch\/wp-content\/uploads\/2025\/01\/463856764_1074459121354408_3934456644572860964_n.jpg\u00a0\u00bb background_enable_image=\u00a0\u00bbon\u00a0\u00bb global_colors_info=\u00a0\u00bb{}\u00a0\u00bb sticky_transition=\u00a0\u00bbon\u00a0\u00bb][\/et_pb_slide][\/et_pb_slider][\/et_pb_column][\/et_pb_row][et_pb_row column_structure=\u00a0\u00bb1_2,1_2&Prime; _builder_version=\u00a0\u00bb4.24.3&Prime; _module_preset=\u00a0\u00bbdefault\u00a0\u00bb global_colors_info=\u00a0\u00bb{}\u00a0\u00bb][et_pb_column type=\u00a0\u00bb1_2&Prime; _builder_version=\u00a0\u00bb4.24.3&Prime; _module_preset=\u00a0\u00bbdefault\u00a0\u00bb global_colors_info=\u00a0\u00bb{}\u00a0\u00bb][et_pb_slider _builder_version=\u00a0\u00bb4.24.3&Prime; _module_preset=\u00a0\u00bbdefault\u00a0\u00bb height=\u00a0\u00bb500px\u00a0\u00bb height_tablet=\u00a0\u00bb500px\u00a0\u00bb height_phone=\u00a0\u00bb360px\u00a0\u00bb height_last_edited=\u00a0\u00bbon|phone\u00a0\u00bb global_colors_info=\u00a0\u00bb{}\u00a0\u00bb][et_pb_slide _builder_version=\u00a0\u00bb4.24.3&Prime; _module_preset=\u00a0\u00bbdefault\u00a0\u00bb background_enable_color=\u00a0\u00bboff\u00a0\u00bb background_image=\u00a0\u00bbhttps:\/\/lokalundfair.ch\/wp-content\/uploads\/2025\/02\/dbc967_1cb2f1d98e044ef190ba5a71272301f5mv2.jpg\u00a0\u00bb background_enable_image=\u00a0\u00bbon\u00a0\u00bb global_colors_info=\u00a0\u00bb{}\u00a0\u00bb sticky_transition=\u00a0\u00bbon\u00a0\u00bb][\/et_pb_slide][et_pb_slide _builder_version=\u00a0\u00bb4.24.3&Prime; _module_preset=\u00a0\u00bbdefault\u00a0\u00bb background_enable_color=\u00a0\u00bboff\u00a0\u00bb background_image=\u00a0\u00bbhttps:\/\/lokalundfair.ch\/wp-content\/uploads\/2025\/02\/dbc967_2f63e1b128ef4581968db3314c8c0b42mv2.jpg\u00a0\u00bb background_enable_image=\u00a0\u00bbon\u00a0\u00bb global_colors_info=\u00a0\u00bb{}\u00a0\u00bb sticky_transition=\u00a0\u00bbon\u00a0\u00bb][\/et_pb_slide][et_pb_slide _builder_version=\u00a0\u00bb4.24.3&Prime; _module_preset=\u00a0\u00bbdefault\u00a0\u00bb background_enable_color=\u00a0\u00bboff\u00a0\u00bb background_image=\u00a0\u00bbhttps:\/\/lokalundfair.ch\/wp-content\/uploads\/2025\/02\/dbc967_164d3ea6a1194fb59c01ac93db60b913mv2.jpg\u00a0\u00bb background_enable_image=\u00a0\u00bbon\u00a0\u00bb global_colors_info=\u00a0\u00bb{}\u00a0\u00bb sticky_transition=\u00a0\u00bbon\u00a0\u00bb][\/et_pb_slide][et_pb_slide _builder_version=\u00a0\u00bb4.24.3&Prime; _module_preset=\u00a0\u00bbdefault\u00a0\u00bb background_enable_color=\u00a0\u00bboff\u00a0\u00bb background_image=\u00a0\u00bbhttps:\/\/lokalundfair.ch\/wp-content\/uploads\/2025\/02\/dbc967_575f12fe658349829be1035591c6f6b9mv2.jpg\u00a0\u00bb background_enable_image=\u00a0\u00bbon\u00a0\u00bb global_colors_info=\u00a0\u00bb{}\u00a0\u00bb sticky_transition=\u00a0\u00bbon\u00a0\u00bb][\/et_pb_slide][\/et_pb_slider][\/et_pb_column][et_pb_column type=\u00a0\u00bb1_2&Prime; _builder_version=\u00a0\u00bb4.24.3&Prime; _module_preset=\u00a0\u00bbdefault\u00a0\u00bb custom_padding=\u00a0\u00bb0px|0px|0px|0px|true|true\u00a0\u00bb global_colors_info=\u00a0\u00bb{}\u00a0\u00bb][et_pb_text _builder_version=\u00a0\u00bb4.27.4&Prime; _module_preset=\u00a0\u00bbdefault\u00a0\u00bb custom_padding=\u00a0\u00bb||||false|false\u00a0\u00bb custom_css_free_form=\u00a0\u00bbselector h1, selector h2, selector h3, selector h4, selector h5, selector h6 {||    background: -webkit-linear-gradient(24deg, #0099d2, #039754);||    -webkit-background-clip: text;||    -webkit-text-fill-color: transparent;||}||\u00a0\u00bb global_colors_info=\u00a0\u00bb{}\u00a0\u00bb]<\/p>\n<h2><b><i>local + \u00e9quitable &#8211; Commune de Horgen<\/i><\/b><\/h2>\n<p>La commune de Horgen s&rsquo;engage dans diverses activit\u00e9s visant \u00e0 renforcer le commerce local et sensibilise la population aux liens entre consommation, alimentation et changement climatique.<\/p>\n<p>Horgen est l&rsquo;\u00e9diteur du guide \u00e9cologique <em>vo:horg\u00e4<\/em>, qui offre une plateforme aux offres locales et \u00e9cologiques dans les domaines de l&rsquo;alimentation, de l&rsquo;artisanat, de l&rsquo;\u00e9nergie, de la r\u00e9paration et de l&rsquo;\u00e9change.<\/p>\n<p>Lors des manifestations communales et dans le cadre des march\u00e9s publics, Gold Energiestadt accorde une grande importance \u00e0 la promotion des denr\u00e9es alimentaires produites localement, de mani\u00e8re saisonni\u00e8re et, dans la mesure du possible, biologique.<\/p>\n<p>Pendant les mois d&rsquo;\u00e9t\u00e9, le march\u00e9 Fiirabig M\u00e4rt de Horgen vous invite une fois par mois \u00e0 d\u00e9couvrir les produits des producteurs locaux.<\/p>\n<p><b>Informations Fiirabigm\u00e4rt Horgen:<\/b> <a href=\"https:\/\/www.fiirabigmaert-horgen.ch\/\" target=\"_blank\" rel=\"noopener noreferrer nofollow\">www.fiirabigmaert-horgen.ch<\/a><\/p>\n<p>[\/et_pb_text][\/et_pb_column][\/et_pb_row][et_pb_row column_structure=\u00a0\u00bb1_2,1_2&Prime; _builder_version=\u00a0\u00bb4.27.4&Prime; _module_preset=\u00a0\u00bbdefault\u00a0\u00bb global_colors_info=\u00a0\u00bb{}\u00a0\u00bb][et_pb_column type=\u00a0\u00bb1_2&Prime; _builder_version=\u00a0\u00bb4.24.3&Prime; _module_preset=\u00a0\u00bbdefault\u00a0\u00bb custom_padding=\u00a0\u00bb0px|0px|0px|0px|true|true\u00a0\u00bb global_colors_info=\u00a0\u00bb{}\u00a0\u00bb][et_pb_text _builder_version=\u00a0\u00bb4.27.4&Prime; _module_preset=\u00a0\u00bbdefault\u00a0\u00bb custom_padding=\u00a0\u00bb||||false|false\u00a0\u00bb custom_css_free_form=\u00a0\u00bbselector h1, selector h2, selector h3, selector h4, selector h5, selector h6 {||    background: -webkit-linear-gradient(24deg, #0099d2, #039754);||    -webkit-background-clip: text;||    -webkit-text-fill-color: transparent;||}||\u00a0\u00bb global_colors_info=\u00a0\u00bb{}\u00a0\u00bb]<\/p>\n<h2><b><i>local + \u00e9quitable &#8211; Commune d&rsquo;Ebikon<\/i><\/b><\/h2>\n<p>\u00c0 Ebikon, la commercialisation directe et les producteurs locaux b\u00e9n\u00e9ficient d&rsquo;une grande priorit\u00e9 : on y trouve une multitude de magasins \u00e0 la ferme, dont le c\u00e9l\u00e8bre Ueli Hof, pionnier de la commercialisation directe, qui mise sur le respect des animaux gr\u00e2ce \u00e0 une transformation \u00ab du museau \u00e0 la queue \u00bb, \u00e0 un abattage propre et \u00e0 une tra\u00e7abilit\u00e9 transparente des produits. On trouve \u00e9galement des fruits, des l\u00e9gumes et des produits laitiers dans la boutique de la ferme Vogelsang, qui s\u00e9duit par sa propre transformation et la promotion de la biodiversit\u00e9.  <\/p>\n<p>La commune encourage cette diversit\u00e9 et la consommation locale en pr\u00e9voyant l&rsquo;ouverture d&rsquo;un magasin pour les agriculteurs locaux sur la place de la mairie. De plus, les cadeaux, les fruits destin\u00e9s \u00e0 l&rsquo;administration et d&rsquo;autres denr\u00e9es alimentaires sont r\u00e9guli\u00e8rement achet\u00e9s aupr\u00e8s de fournisseurs locaux, et la maison de retraite utilise toujours des produits saisonniers et r\u00e9gionaux frais. \u00c0 Ebikon, ceux qui souhaitent consommer localement trouvent facilement leur bonheur ; le magasin destin\u00e9 aux agriculteurs locaux, en particulier, est un concept qui devrait servir de mod\u00e8le \u00e0 d&rsquo;autres communes ![\/et_pb_text][\/et_pb_column][et_pb_column type=\u00a0\u00bb1_2&Prime; _builder_version=\u00a0\u00bb4.24.3&Prime; _module_preset=\u00a0\u00bbdefault\u00a0\u00bb global_colors_info=\u00a0\u00bb{}\u00a0\u00bb][et_pb_slider _builder_version=\u00a0\u00bb4.27.4&Prime; _module_preset=\u00a0\u00bbdefault\u00a0\u00bb height=\u00a0\u00bb500px\u00a0\u00bb height_tablet=\u00a0\u00bb500px\u00a0\u00bb height_phone=\u00a0\u00bb360px\u00a0\u00bb height_last_edited=\u00a0\u00bbon|phone\u00a0\u00bb global_colors_info=\u00a0\u00bb{}\u00a0\u00bb][et_pb_slide _builder_version=\u00a0\u00bb4.27.4&Prime; _module_preset=\u00a0\u00bbdefault\u00a0\u00bb background_enable_color=\u00a0\u00bboff\u00a0\u00bb background_image=\u00a0\u00bbhttps:\/\/lokalundfair.ch\/wp-content\/uploads\/2025\/10\/DJI_20251002162715_0057_D-scaled.jpg\u00a0\u00bb background_enable_image=\u00a0\u00bbon\u00a0\u00bb global_colors_info=\u00a0\u00bb{}\u00a0\u00bb sticky_transition=\u00a0\u00bbon\u00a0\u00bb][\/et_pb_slide][et_pb_slide _builder_version=\u00a0\u00bb4.27.4&Prime; _module_preset=\u00a0\u00bbdefault\u00a0\u00bb background_enable_color=\u00a0\u00bboff\u00a0\u00bb background_image=\u00a0\u00bbhttps:\/\/lokalundfair.ch\/wp-content\/uploads\/2025\/10\/005A2006-scaled.jpg\u00a0\u00bb background_enable_image=\u00a0\u00bbon\u00a0\u00bb global_colors_info=\u00a0\u00bb{}\u00a0\u00bb sticky_transition=\u00a0\u00bbon\u00a0\u00bb][\/et_pb_slide][et_pb_slide _builder_version=\u00a0\u00bb4.27.4&Prime; _module_preset=\u00a0\u00bbdefault\u00a0\u00bb background_enable_color=\u00a0\u00bboff\u00a0\u00bb background_image=\u00a0\u00bbhttps:\/\/lokalundfair.ch\/wp-content\/uploads\/2025\/10\/005A2072-scaled.jpg\u00a0\u00bb background_enable_image=\u00a0\u00bbon\u00a0\u00bb global_colors_info=\u00a0\u00bb{}\u00a0\u00bb sticky_transition=\u00a0\u00bbon\u00a0\u00bb][\/et_pb_slide][et_pb_slide _builder_version=\u00a0\u00bb4.27.4&Prime; _module_preset=\u00a0\u00bbdefault\u00a0\u00bb background_enable_color=\u00a0\u00bboff\u00a0\u00bb background_image=\u00a0\u00bbhttps:\/\/lokalundfair.ch\/wp-content\/uploads\/2025\/10\/005A1993-scaled.jpg\u00a0\u00bb background_enable_image=\u00a0\u00bbon\u00a0\u00bb global_colors_info=\u00a0\u00bb{}\u00a0\u00bb sticky_transition=\u00a0\u00bbon\u00a0\u00bb][\/et_pb_slide][et_pb_slide _builder_version=\u00a0\u00bb4.27.4&Prime; _module_preset=\u00a0\u00bbdefault\u00a0\u00bb background_enable_color=\u00a0\u00bboff\u00a0\u00bb background_image=\u00a0\u00bbhttps:\/\/lokalundfair.ch\/wp-content\/uploads\/2025\/10\/005A2192-scaled.jpg\u00a0\u00bb background_enable_image=\u00a0\u00bbon\u00a0\u00bb global_colors_info=\u00a0\u00bb{}\u00a0\u00bb sticky_transition=\u00a0\u00bbon\u00a0\u00bb][\/et_pb_slide][et_pb_slide _builder_version=\u00a0\u00bb4.27.4&Prime; _module_preset=\u00a0\u00bbdefault\u00a0\u00bb background_enable_color=\u00a0\u00bboff\u00a0\u00bb background_image=\u00a0\u00bbhttps:\/\/lokalundfair.ch\/wp-content\/uploads\/2025\/10\/Ebikon_Rotsee-scaled.jpg\u00a0\u00bb background_enable_image=\u00a0\u00bbon\u00a0\u00bb global_colors_info=\u00a0\u00bb{}\u00a0\u00bb sticky_transition=\u00a0\u00bbon\u00a0\u00bb][\/et_pb_slide][\/et_pb_slider][\/et_pb_column][\/et_pb_row][et_pb_row column_structure=\u00a0\u00bb1_2,1_2&Prime; _builder_version=\u00a0\u00bb4.27.4&Prime; _module_preset=\u00a0\u00bbdefault\u00a0\u00bb global_colors_info=\u00a0\u00bb{}\u00a0\u00bb][et_pb_column type=\u00a0\u00bb1_2&Prime; _builder_version=\u00a0\u00bb4.24.3&Prime; _module_preset=\u00a0\u00bbdefault\u00a0\u00bb global_colors_info=\u00a0\u00bb{}\u00a0\u00bb][et_pb_slider _builder_version=\u00a0\u00bb4.27.4&Prime; _module_preset=\u00a0\u00bbdefault\u00a0\u00bb height=\u00a0\u00bb500px\u00a0\u00bb height_tablet=\u00a0\u00bb500px\u00a0\u00bb height_phone=\u00a0\u00bb360px\u00a0\u00bb height_last_edited=\u00a0\u00bbon|phone\u00a0\u00bb global_colors_info=\u00a0\u00bb{}\u00a0\u00bb][et_pb_slide _builder_version=\u00a0\u00bb4.27.4&Prime; _module_preset=\u00a0\u00bbdefault\u00a0\u00bb background_enable_color=\u00a0\u00bboff\u00a0\u00bb background_image=\u00a0\u00bbhttps:\/\/lokalundfair.ch\/wp-content\/uploads\/2025\/11\/16e94f02-557e-4458-96fc-93d8ea0d4152.jpg\u00a0\u00bb background_enable_image=\u00a0\u00bbon\u00a0\u00bb global_colors_info=\u00a0\u00bb{}\u00a0\u00bb sticky_transition=\u00a0\u00bbon\u00a0\u00bb][\/et_pb_slide][et_pb_slide _builder_version=\u00a0\u00bb4.27.4&Prime; _module_preset=\u00a0\u00bbdefault\u00a0\u00bb background_enable_color=\u00a0\u00bboff\u00a0\u00bb background_image=\u00a0\u00bbhttps:\/\/lokalundfair.ch\/wp-content\/uploads\/2025\/11\/6669d9c4-5982-4c97-9db8-34b7e28ec3d5.jpg\u00a0\u00bb background_enable_image=\u00a0\u00bbon\u00a0\u00bb global_colors_info=\u00a0\u00bb{}\u00a0\u00bb sticky_transition=\u00a0\u00bbon\u00a0\u00bb][\/et_pb_slide][et_pb_slide _builder_version=\u00a0\u00bb4.27.4&Prime; _module_preset=\u00a0\u00bbdefault\u00a0\u00bb background_enable_color=\u00a0\u00bboff\u00a0\u00bb background_image=\u00a0\u00bbhttps:\/\/lokalundfair.ch\/wp-content\/uploads\/2025\/11\/a99e9879-5fd0-4660-8c1f-8987e43920c8.jpg\u00a0\u00bb background_enable_image=\u00a0\u00bbon\u00a0\u00bb global_colors_info=\u00a0\u00bb{}\u00a0\u00bb sticky_transition=\u00a0\u00bbon\u00a0\u00bb][\/et_pb_slide][et_pb_slide _builder_version=\u00a0\u00bb4.27.4&Prime; _module_preset=\u00a0\u00bbdefault\u00a0\u00bb background_enable_color=\u00a0\u00bboff\u00a0\u00bb background_image=\u00a0\u00bbhttps:\/\/lokalundfair.ch\/wp-content\/uploads\/2025\/11\/fd7812e6-11fd-4fec-8ac9-cb0e2e1ef472.jpg\u00a0\u00bb background_enable_image=\u00a0\u00bbon\u00a0\u00bb global_colors_info=\u00a0\u00bb{}\u00a0\u00bb sticky_transition=\u00a0\u00bbon\u00a0\u00bb][\/et_pb_slide][\/et_pb_slider][\/et_pb_column][et_pb_column type=\u00a0\u00bb1_2&Prime; _builder_version=\u00a0\u00bb4.24.3&Prime; _module_preset=\u00a0\u00bbdefault\u00a0\u00bb custom_padding=\u00a0\u00bb0px|0px|0px|0px|true|true\u00a0\u00bb global_colors_info=\u00a0\u00bb{}\u00a0\u00bb][et_pb_text _builder_version=\u00a0\u00bb4.27.4&Prime; _module_preset=\u00a0\u00bbdefault\u00a0\u00bb custom_padding=\u00a0\u00bb||||false|false\u00a0\u00bb hover_enabled=\u00a0\u00bb0&Prime; custom_css_free_form=\u00a0\u00bbselector h1, selector h2, selector h3, selector h4, selector h5, selector h6 {||    background: -webkit-linear-gradient(24deg, #0099d2, #039754);||    -webkit-background-clip: text;||    -webkit-text-fill-color: transparent;||}||\u00a0\u00bb global_colors_info=\u00a0\u00bb{}\u00a0\u00bb sticky_enabled=\u00a0\u00bb0&Prime;]<\/p>\n<h2><b><i>local + \u00e9quitable &#8211; Commune de Menzingen<\/i><\/b><\/h2>\n<p>\u00ab Nous soutenons la mise en r\u00e9seau de l&rsquo;\u00e9conomie et de l&rsquo;agriculture et cr\u00e9ons des plateformes pour favoriser les \u00e9changes r\u00e9guliers. \u00bb<\/p>\n<p>C&rsquo;est l&rsquo;un des principes directeurs de la commune de Menzingen qui, en tant que commune locale et \u00e9quitable, accorde une grande importance au soutien et \u00e0 la promotion des producteurs locaux. Menzingen compte ainsi environ 380 entreprises et occupe la premi\u00e8re place \u00e0 Zoug avec 16 % dans le secteur \u00e9conomique primaire (agriculture et sylviculture), soit bien au-dessus de la moyenne zougoise de 1,8 %.<\/p>\n<p>L&rsquo;importance accord\u00e9e \u00e0 l&rsquo;agriculture locale se refl\u00e8te \u00e9galement dans le paysage et contribue \u00e0 la grande qualit\u00e9 de la biodiversit\u00e9 de la commune. La commune doit son potentiel naturel \u00e0 la diversit\u00e9 de ses diff\u00e9rents habitats. Les agriculteurs locaux y contribuent \u00e9galement de mani\u00e8re significative en jouant un r\u00f4le important dans la mise en \u0153uvre des activit\u00e9s dans le cadre du programme f\u00e9d\u00e9ral visant \u00e0 mettre en r\u00e9seau les surfaces de promotion de la biodiversit\u00e9. Les agriculteurs ouvrent certaines zones \u00e0 la faune sauvage et rendent les espaces plus vivables. Cela peut se faire, par exemple, par la plantation de haies, le non-fauchage de l&rsquo;herbe, la cr\u00e9ation d&rsquo;\u00e9tangs ou la plantation d&rsquo;arbustes adapt\u00e9s aux animaux. L&rsquo;objectif est d&rsquo;accro\u00eetre la diversit\u00e9 des esp\u00e8ces animales, mais aussi v\u00e9g\u00e9tales.<\/p>\n<p>En tant que commune local + \u00e9quitable, Menzingen se distingue \u00e9galement par un large \u00e9ventail de distributeurs directs et de magasins \u00e0 la ferme o\u00f9 l&rsquo;on trouve des sp\u00e9cialit\u00e9s r\u00e9gionales et des denr\u00e9es alimentaires de base. Que ce soit du lait et des \u0153ufs de la ferme Egelsee, des c\u00e9r\u00e9ales et des p\u00e2tes de BioOase ou de la viande du magasin \u00e0 la ferme Gubel, ceux qui souhaitent s&rsquo;approvisionner localement trouveront leur bonheur \u00e0 Menzingen. De plus, lors des \u00e9v\u00e9nements organis\u00e9s par la commune, la restauration est assur\u00e9e par des entreprises locales et tous les cadeaux offerts aux intervenants proviennent d&rsquo;un magasin de la ferme Gubel. La commune applique donc \u00e9galement le principe \u00ab local + \u00e9quitable \u00bb dans ses achats.[\/et_pb_text][\/et_pb_column][\/et_pb_row][et_pb_row column_structure=\u00a0\u00bb1_2,1_2&Prime; _builder_version=\u00a0\u00bb4.27.4&Prime; _module_preset=\u00a0\u00bbdefault\u00a0\u00bb global_colors_info=\u00a0\u00bb{}\u00a0\u00bb][et_pb_column type=\u00a0\u00bb1_2&Prime; _builder_version=\u00a0\u00bb4.24.3&Prime; _module_preset=\u00a0\u00bbdefault\u00a0\u00bb custom_padding=\u00a0\u00bb0px|0px|0px|0px|true|true\u00a0\u00bb global_colors_info=\u00a0\u00bb{}\u00a0\u00bb][et_pb_text _builder_version=\u00a0\u00bb4.27.4&Prime; _module_preset=\u00a0\u00bbdefault\u00a0\u00bb custom_padding=\u00a0\u00bb||||false|false\u00a0\u00bb hover_enabled=\u00a0\u00bb0&Prime; custom_css_free_form=\u00a0\u00bbselector h1, selector h2, selector h3, selector h4, selector h5, selector h6 {||    background: -webkit-linear-gradient(24deg, #0099d2, #039754);||    -webkit-background-clip: text;||    -webkit-text-fill-color: transparent;||}||\u00a0\u00bb global_colors_info=\u00a0\u00bb{}\u00a0\u00bb sticky_enabled=\u00a0\u00bb0&Prime;]<\/p>\n<h2><b><i>local + \u00e9quitable &#8211; Commune de Grosswangen<\/i><\/b><\/h2>\n<p>Si vous recherchez des produits locaux \u00e0 Grosswangen, vous trouverez rapidement votre bonheur : avec 98 exploitations agricoles et 110 entreprises artisanales pour 3532 habitants, la production locale est tr\u00e8s pr\u00e9sente. Les magasins \u00e0 la ferme de Grosswangen proposent ainsi une grande vari\u00e9t\u00e9 de produits r\u00e9gionaux. Les l\u00e9gumes frais tels que les haricots, les courgettes, les carottes, les poireaux et les tomates offrent une vari\u00e9t\u00e9 saisonni\u00e8re, tandis que les fruits tels que les pommes, les poires et les baies sont l\u00e0 pour le plaisir des papilles. L&rsquo;assortiment est compl\u00e9t\u00e9 par des boissons maison telles que du jus de pomme et du sirop. Ceux qui pr\u00e9f\u00e8rent les mets sal\u00e9s d\u00e9couvriront des produits carn\u00e9s de la r\u00e9gion ainsi que des truites fra\u00eeches. \u00c0 cela s&rsquo;ajoutent des sp\u00e9cialit\u00e9s maison telles que des p\u00e2tes, qui compl\u00e8tent l&rsquo;offre et garantissent une grande diversit\u00e9 culinaire.<\/p>\n<p>Cela se refl\u00e8te \u00e9galement dans la diversit\u00e9 des magasins \u00e0 la ferme de Grosswangen et des environs, o\u00f9 l&rsquo;on trouve tous les aliments n\u00e9cessaires \u00e0 la consommation quotidienne, de la viande fra\u00eeche et s\u00e9ch\u00e9e et des p\u00e2tes \u00e0 la Schulerhof, des truites chez la famille Kunz au Schl\u00f6ssli, aux fruits et l\u00e9gumes du magasin \u00e0 la ferme Wiederkehr.<\/p>\n<p>La commune s&rsquo;engage \u00e9galement en faveur du commerce local et s&rsquo;efforce de toujours prendre en compte les exploitations agricoles et la vente directe dans ses achats. Les restaurants de la commune proposent \u00e9galement des produits locaux, car la production r\u00e9gionale y occupe une place importante. Il n&rsquo;y a certes pas de march\u00e9 hebdomadaire r\u00e9gulier \u00e0 Grosswangen, mais la coop\u00e9rative agricole \u00ab Querbeet \u00bb de Grosswangen vend chaque samedi de 9 h \u00e0 13 h sur le march\u00e9 Emmenmarkt \u00e0 Emmenbr\u00fccke des l\u00e9gumes r\u00e9gionaux et de saison ainsi que de la viande, du fromage, des fruits et du miel. Le march\u00e9 se tient sur la Sonnenplatz et les produits de la coop\u00e9rative de Grosswangen convainquent sur toute la ligne. Si vous appr\u00e9ciez les produits locaux, Grosswangen est l&rsquo;endroit id\u00e9al, une visite vaut vraiment le d\u00e9tour ![\/et_pb_text][\/et_pb_column][et_pb_column type=\u00a0\u00bb1_2&Prime; _builder_version=\u00a0\u00bb4.24.3&Prime; _module_preset=\u00a0\u00bbdefault\u00a0\u00bb global_colors_info=\u00a0\u00bb{}\u00a0\u00bb][et_pb_slider _builder_version=\u00a0\u00bb4.27.4&Prime; _module_preset=\u00a0\u00bbdefault\u00a0\u00bb height=\u00a0\u00bb500px\u00a0\u00bb height_tablet=\u00a0\u00bb500px\u00a0\u00bb height_phone=\u00a0\u00bb360px\u00a0\u00bb height_last_edited=\u00a0\u00bbon|phone\u00a0\u00bb global_colors_info=\u00a0\u00bb{}\u00a0\u00bb][et_pb_slide _builder_version=\u00a0\u00bb4.27.4&Prime; _module_preset=\u00a0\u00bbdefault\u00a0\u00bb background_enable_color=\u00a0\u00bboff\u00a0\u00bb background_image=\u00a0\u00bbhttps:\/\/lokalundfair.ch\/wp-content\/uploads\/2025\/12\/image-3.jpg\u00a0\u00bb background_enable_image=\u00a0\u00bbon\u00a0\u00bb global_colors_info=\u00a0\u00bb{}\u00a0\u00bb sticky_transition=\u00a0\u00bbon\u00a0\u00bb][\/et_pb_slide][et_pb_slide _builder_version=\u00a0\u00bb4.27.4&Prime; _module_preset=\u00a0\u00bbdefault\u00a0\u00bb background_enable_color=\u00a0\u00bboff\u00a0\u00bb background_image=\u00a0\u00bbhttps:\/\/lokalundfair.ch\/wp-content\/uploads\/2025\/12\/image-12.jpg\u00a0\u00bb background_enable_image=\u00a0\u00bbon\u00a0\u00bb global_colors_info=\u00a0\u00bb{}\u00a0\u00bb sticky_transition=\u00a0\u00bbon\u00a0\u00bb][\/et_pb_slide][et_pb_slide _builder_version=\u00a0\u00bb4.27.4&Prime; _module_preset=\u00a0\u00bbdefault\u00a0\u00bb background_enable_color=\u00a0\u00bboff\u00a0\u00bb background_image=\u00a0\u00bbhttps:\/\/lokalundfair.ch\/wp-content\/uploads\/2025\/12\/image-1.jpg\u00a0\u00bb background_enable_image=\u00a0\u00bbon\u00a0\u00bb global_colors_info=\u00a0\u00bb{}\u00a0\u00bb sticky_transition=\u00a0\u00bbon\u00a0\u00bb][\/et_pb_slide][et_pb_slide _builder_version=\u00a0\u00bb4.27.4&Prime; _module_preset=\u00a0\u00bbdefault\u00a0\u00bb background_enable_color=\u00a0\u00bboff\u00a0\u00bb background_image=\u00a0\u00bbhttps:\/\/lokalundfair.ch\/wp-content\/uploads\/2025\/12\/image-2.jpg\u00a0\u00bb background_enable_image=\u00a0\u00bbon\u00a0\u00bb global_colors_info=\u00a0\u00bb{}\u00a0\u00bb sticky_transition=\u00a0\u00bbon\u00a0\u00bb][\/et_pb_slide][\/et_pb_slider][\/et_pb_column][\/et_pb_row][\/et_pb_section][et_pb_section fb_built=\u00a0\u00bb1&Prime; _builder_version=\u00a0\u00bb4.24.3&Prime; _module_preset=\u00a0\u00bbdefault\u00a0\u00bb background_color=\u00a0\u00bbrgba(242,242,242,0.39)\u00a0\u00bb global_colors_info=\u00a0\u00bb{}\u00a0\u00bb][et_pb_row _builder_version=\u00a0\u00bb4.24.3&Prime; _module_preset=\u00a0\u00bbdefault\u00a0\u00bb global_colors_info=\u00a0\u00bb{}\u00a0\u00bb][et_pb_column type=\u00a0\u00bb4_4&Prime; _builder_version=\u00a0\u00bb4.24.3&Prime; _module_preset=\u00a0\u00bbdefault\u00a0\u00bb global_colors_info=\u00a0\u00bb{}\u00a0\u00bb][et_pb_text _builder_version=\u00a0\u00bb4.27.4&Prime; _module_preset=\u00a0\u00bbdefault\u00a0\u00bb custom_css_free_form=\u00a0\u00bbselector h1, selector h2, selector h3, selector h4, selector h5, selector h6 {||    background: -webkit-linear-gradient(24deg, #0099d2, #039754);||    -webkit-background-clip: text;||    -webkit-text-fill-color: transparent;||}||\u00a0\u00bb global_colors_info=\u00a0\u00bb{}\u00a0\u00bb]<\/p>\n<h2 style=\"text-align: center;\"><b>Crit\u00e8res \u00ab local + \u00e9quitable \u00bb<\/b><\/h2>\n<p><b><\/b><\/p>\n<p style=\"text-align: center;\"><span style=\"font-weight: 400;\">La liste de crit\u00e8res ne doit pas \u00eatre consid\u00e9r\u00e9e comme exhaustive, mais peut \u00eatre \u00e9largie et compl\u00e9t\u00e9e par l&rsquo;initiative personnelle des communes.<\/span><\/p>\n<p>[\/et_pb_text][\/et_pb_column][\/et_pb_row][et_pb_row column_structure=\u00a0\u00bb1_5,1_5,1_5,1_5,1_5&Prime; use_custom_gutter=\u00a0\u00bbon\u00a0\u00bb gutter_width=\u00a0\u00bb2&Prime; _builder_version=\u00a0\u00bb4.24.3&Prime; _module_preset=\u00a0\u00bbdefault\u00a0\u00bb custom_css_free_form=\u00a0\u00bbselector h1, selector h2, selector h3, selector h4, selector h5, selector h6 {||    background: -webkit-linear-gradient(24deg, #0099d2, #039754);||    -webkit-background-clip: text;||    -webkit-text-fill-color: transparent;||}||\u00a0\u00bb global_colors_info=\u00a0\u00bb{}\u00a0\u00bb][et_pb_column type=\u00a0\u00bb1_5&Prime; _builder_version=\u00a0\u00bb4.24.3&Prime; _module_preset=\u00a0\u00bbdefault\u00a0\u00bb global_colors_info=\u00a0\u00bb{}\u00a0\u00bb][et_pb_heading title=\u00a0\u00bbPartie int\u00e9grante de la politique :\u00a0\u00bb _builder_version=\u00a0\u00bb4.24.3&Prime; _module_preset=\u00a0\u00bbdefault\u00a0\u00bb title_font=\u00a0\u00bb|600|||||||\u00a0\u00bb title_font_size=\u00a0\u00bb16px\u00a0\u00bb title_line_height=\u00a0\u00bb18px\u00a0\u00bb min_height=\u00a0\u00bb64px\u00a0\u00bb min_height_tablet=\u00a0\u00bb64px\u00a0\u00bb min_height_phone=\u00a0\u00bb0px\u00a0\u00bb min_height_last_edited=\u00a0\u00bbon|desktop\u00a0\u00bb custom_margin=\u00a0\u00bb||6px||false|false\u00a0\u00bb global_colors_info=\u00a0\u00bb{}\u00a0\u00bb][\/et_pb_heading][et_pb_text _builder_version=\u00a0\u00bb4.27.4&Prime; _module_preset=\u00a0\u00bbdefault\u00a0\u00bb global_colors_info=\u00a0\u00bb{}\u00a0\u00bb]<\/p>\n<p><span style=\"font-size: 14px;\">La ville ou la commune s&rsquo;engage officiellement \u00e0 devenir une commune locale + \u00e9quitable et \u00e0 s&rsquo;investir davantage en faveur d&rsquo;un approvisionnement et d&rsquo;une production alimentaires locaux ou r\u00e9gionaux et durables.<\/span><\/p>\n<p>[\/et_pb_text][\/et_pb_column][et_pb_column type=\u00a0\u00bb1_5&Prime; _builder_version=\u00a0\u00bb4.24.3&Prime; _module_preset=\u00a0\u00bbdefault\u00a0\u00bb global_colors_info=\u00a0\u00bb{}\u00a0\u00bb][et_pb_heading title=\u00a0\u00bbPromouvoir les associations dans le domaine local + \u00e9quitable :\u00a0\u00bb _builder_version=\u00a0\u00bb4.27.4&Prime; _module_preset=\u00a0\u00bbdefault\u00a0\u00bb title_font=\u00a0\u00bb|600|||||||\u00a0\u00bb title_font_size=\u00a0\u00bb16px\u00a0\u00bb title_line_height=\u00a0\u00bb18px\u00a0\u00bb min_height=\u00a0\u00bb64px\u00a0\u00bb min_height_tablet=\u00a0\u00bb64px\u00a0\u00bb min_height_phone=\u00a0\u00bb0px\u00a0\u00bb min_height_last_edited=\u00a0\u00bbon|desktop\u00a0\u00bb custom_margin=\u00a0\u00bb||6px||false|false\u00a0\u00bb global_colors_info=\u00a0\u00bb{}\u00a0\u00bb][\/et_pb_heading][et_pb_text _builder_version=\u00a0\u00bb4.24.3&Prime; _module_preset=\u00a0\u00bbdefault\u00a0\u00bb global_colors_info=\u00a0\u00bb{}\u00a0\u00bb]<\/p>\n<p><span style=\"font-weight: 400;\">La municipalit\u00e9 soutient les associations ou autres organisations locales dont le but est de renforcer les r\u00e9seaux alimentaires locaux et de promouvoir un approvisionnement alimentaire durable.<\/span><\/p>\n<p>[\/et_pb_text][\/et_pb_column][et_pb_column type=\u00a0\u00bb1_5&Prime; _builder_version=\u00a0\u00bb4.24.3&Prime; _module_preset=\u00a0\u00bbdefault\u00a0\u00bb global_colors_info=\u00a0\u00bb{}\u00a0\u00bb][et_pb_heading title=\u00a0\u00bbPartie de l&rsquo;offre dans les \u00e9tablissements publics :\u00a0\u00bb _builder_version=\u00a0\u00bb4.24.3&Prime; _module_preset=\u00a0\u00bbdefault\u00a0\u00bb title_font=\u00a0\u00bb|600|||||||\u00a0\u00bb title_font_size=\u00a0\u00bb16px\u00a0\u00bb title_line_height=\u00a0\u00bb18px\u00a0\u00bb min_height=\u00a0\u00bb64px\u00a0\u00bb min_height_tablet=\u00a0\u00bb64px\u00a0\u00bb min_height_phone=\u00a0\u00bb0px\u00a0\u00bb min_height_last_edited=\u00a0\u00bbon|desktop\u00a0\u00bb custom_margin=\u00a0\u00bb||6px||false|false\u00a0\u00bb global_colors_info=\u00a0\u00bb{}\u00a0\u00bb][\/et_pb_heading][et_pb_text _builder_version=\u00a0\u00bb4.24.3&Prime; _module_preset=\u00a0\u00bbdefault\u00a0\u00bb global_colors_info=\u00a0\u00bb{}\u00a0\u00bb]<\/p>\n<p><span style=\"font-weight: 400;\">  Dans certains \u00e9tablissements publics de restauration tels que les cr\u00e8ches, les \u00e9coles, les centres pour personnes \u00e2g\u00e9es et les structures d&rsquo;accueil, la restauration est assur\u00e9e dans une certaine mesure par des agriculteurs locaux ou r\u00e9gionaux ou directement par des traiteurs locaux.<\/span><\/p>\n<p>[\/et_pb_text][\/et_pb_column][et_pb_column type=\u00a0\u00bb1_5&Prime; _builder_version=\u00a0\u00bb4.24.3&Prime; _module_preset=\u00a0\u00bbdefault\u00a0\u00bb global_colors_info=\u00a0\u00bb{}\u00a0\u00bb][et_pb_heading title=\u00a0\u00bbPr\u00e9sence de fournisseurs locaux :\u00a0\u00bb _builder_version=\u00a0\u00bb4.24.3&Prime; _module_preset=\u00a0\u00bbdefault\u00a0\u00bb title_font=\u00a0\u00bb|600|||||||\u00a0\u00bb title_font_size=\u00a0\u00bb16px\u00a0\u00bb title_line_height=\u00a0\u00bb18px\u00a0\u00bb min_height=\u00a0\u00bb64px\u00a0\u00bb min_height_tablet=\u00a0\u00bb64px\u00a0\u00bb min_height_phone=\u00a0\u00bb0px\u00a0\u00bb min_height_last_edited=\u00a0\u00bbon|desktop\u00a0\u00bb custom_margin=\u00a0\u00bb||6px||false|false\u00a0\u00bb global_colors_info=\u00a0\u00bb{}\u00a0\u00bb][\/et_pb_heading][et_pb_text _builder_version=\u00a0\u00bb4.24.3&Prime; _module_preset=\u00a0\u00bbdefault\u00a0\u00bb global_colors_info=\u00a0\u00bb{}\u00a0\u00bb]<\/p>\n<p><span style=\"font-weight: 400;\">Lors de manifestations, d&rsquo;\u00e9v\u00e9nements et d&rsquo;ap\u00e9ritifs organis\u00e9s par la commune, celle-ci s&rsquo;engage \u00e0 faire appel \u00e0 des producteurs locaux pour la restauration et \u00e0 prendre en compte les sp\u00e9cialit\u00e9s r\u00e9gionales.  <\/span><\/p>\n<p>[\/et_pb_text][\/et_pb_column][et_pb_column type=\u00a0\u00bb1_5&Prime; _builder_version=\u00a0\u00bb4.24.3&Prime; _module_preset=\u00a0\u00bbdefault\u00a0\u00bb global_colors_info=\u00a0\u00bb{}\u00a0\u00bb][et_pb_heading title=\u00a0\u00bbPromotion d&rsquo;\u00e9v\u00e9nements appropri\u00e9s :\u00a0\u00bb _builder_version=\u00a0\u00bb4.24.3&Prime; _module_preset=\u00a0\u00bbdefault\u00a0\u00bb title_font=\u00a0\u00bb|600|||||||\u00a0\u00bb title_font_size=\u00a0\u00bb16px\u00a0\u00bb title_line_height=\u00a0\u00bb18px\u00a0\u00bb min_height=\u00a0\u00bb64px\u00a0\u00bb min_height_tablet=\u00a0\u00bb64px\u00a0\u00bb min_height_phone=\u00a0\u00bb0px\u00a0\u00bb min_height_last_edited=\u00a0\u00bbon|desktop\u00a0\u00bb custom_margin=\u00a0\u00bb||6px||false|false\u00a0\u00bb global_colors_info=\u00a0\u00bb{}\u00a0\u00bb][\/et_pb_heading][et_pb_text _builder_version=\u00a0\u00bb4.24.3&Prime; _module_preset=\u00a0\u00bbdefault\u00a0\u00bb global_colors_info=\u00a0\u00bb{}\u00a0\u00bb]<\/p>\n<p><span style=\"font-weight: 400;\">  La commune peut se faciliter l&rsquo;achat direct par la population en organisant un march\u00e9 hebdomadaire ou des \u00e9v\u00e9nements similaires o\u00f9 les agriculteurs de la r\u00e9gion peuvent proposer leurs produits.<\/span><\/p>\n<p>[\/et_pb_text][\/et_pb_column][\/et_pb_row][et_pb_row column_structure=\u00a0\u00bb1_5,1_5,1_5,1_5,1_5&Prime; use_custom_gutter=\u00a0\u00bbon\u00a0\u00bb gutter_width=\u00a0\u00bb2&Prime; custom_padding_last_edited=\u00a0\u00bbon|tablet\u00a0\u00bb _builder_version=\u00a0\u00bb4.24.3&Prime; _module_preset=\u00a0\u00bbdefault\u00a0\u00bb custom_padding_tablet=\u00a0\u00bb0px||||false|false\u00a0\u00bb custom_padding_phone=\u00a0\u00bb0px||||false|false\u00a0\u00bb custom_css_free_form=\u00a0\u00bbselector h1, selector h2, selector h3, selector h4, selector h5, selector h6 {||    background: -webkit-linear-gradient(24deg, #0099d2, #039754);||    -webkit-background-clip: text;||    -webkit-text-fill-color: transparent;||}||\u00a0\u00bb global_colors_info=\u00a0\u00bb{}\u00a0\u00bb][et_pb_column type=\u00a0\u00bb1_5&Prime; _builder_version=\u00a0\u00bb4.24.3&Prime; _module_preset=\u00a0\u00bbdefault\u00a0\u00bb global_colors_info=\u00a0\u00bb{}\u00a0\u00bb][et_pb_heading title=\u00a0\u00bbCouverture m\u00e9diatique dans les canaux de communication de la commune :\u00a0\u00bb _builder_version=\u00a0\u00bb4.24.3&Prime; _module_preset=\u00a0\u00bbdefault\u00a0\u00bb title_font=\u00a0\u00bb|600|||||||\u00a0\u00bb title_font_size=\u00a0\u00bb16px\u00a0\u00bb title_line_height=\u00a0\u00bb18px\u00a0\u00bb min_height=\u00a0\u00bb64px\u00a0\u00bb min_height_tablet=\u00a0\u00bb64px\u00a0\u00bb min_height_phone=\u00a0\u00bb0px\u00a0\u00bb min_height_last_edited=\u00a0\u00bbon|desktop\u00a0\u00bb custom_margin=\u00a0\u00bb||6px||false|false\u00a0\u00bb global_colors_info=\u00a0\u00bb{}\u00a0\u00bb][\/et_pb_heading][et_pb_text _builder_version=\u00a0\u00bb4.24.3&Prime; _module_preset=\u00a0\u00bbdefault\u00a0\u00bb global_colors_info=\u00a0\u00bb{}\u00a0\u00bb]<\/p>\n<p>L&rsquo;approvisionnement alimentaire local, les possibilit\u00e9s d&rsquo;achat sur place comme les magasins \u00e0 la ferme et leur valeur ajout\u00e9e pour la r\u00e9gion sont trait\u00e9s dans les publications locales et sur le site web de la ville\/commune. Le site Web fournit des informations sur notre engagement en tant que communaut\u00e9 locale et \u00e9quitable.<\/p>\n<p>[\/et_pb_text][\/et_pb_column][et_pb_column type=\u00a0\u00bb1_5&Prime; _builder_version=\u00a0\u00bb4.24.3&Prime; _module_preset=\u00a0\u00bbdefault\u00a0\u00bb global_colors_info=\u00a0\u00bb{}\u00a0\u00bb][et_pb_heading title=\u00a0\u00bbJourn\u00e9e nationale de la vente directe local + \u00e9quitable :\u00a0\u00bb _builder_version=\u00a0\u00bb4.24.3&Prime; _module_preset=\u00a0\u00bbdefault\u00a0\u00bb title_font=\u00a0\u00bb|600|||||||\u00a0\u00bb title_font_size=\u00a0\u00bb16px\u00a0\u00bb title_line_height=\u00a0\u00bb18px\u00a0\u00bb min_height=\u00a0\u00bb64px\u00a0\u00bb min_height_tablet=\u00a0\u00bb64px\u00a0\u00bb min_height_phone=\u00a0\u00bb0px\u00a0\u00bb min_height_last_edited=\u00a0\u00bbon|desktop\u00a0\u00bb custom_margin=\u00a0\u00bb||6px||false|false\u00a0\u00bb global_colors_info=\u00a0\u00bb{}\u00a0\u00bb][\/et_pb_heading][et_pb_text _builder_version=\u00a0\u00bb4.24.3&Prime; _module_preset=\u00a0\u00bbdefault\u00a0\u00bb global_colors_info=\u00a0\u00bb{}\u00a0\u00bb]<\/p>\n<p><span style=\"font-weight: 400;\">Lors de la journ\u00e9e de la vente directe, la commune organise une petite r\u00e9union d&rsquo;information ou une plate-forme permettant aux agriculteurs de proposer leurs produits sur des stands.<\/span><\/p>\n<p>[\/et_pb_text][\/et_pb_column][et_pb_column type=\u00a0\u00bb1_5&Prime; _builder_version=\u00a0\u00bb4.24.3&Prime; _module_preset=\u00a0\u00bbdefault\u00a0\u00bb global_colors_info=\u00a0\u00bb{}\u00a0\u00bb][et_pb_heading title=\u00a0\u00bbmettre en place et distribuer du mat\u00e9riel d&rsquo;information\u00a0\u00bb _builder_version=\u00a0\u00bb4.24.3&Prime; _module_preset=\u00a0\u00bbdefault\u00a0\u00bb title_font=\u00a0\u00bb|600|||||||\u00a0\u00bb title_font_size=\u00a0\u00bb16px\u00a0\u00bb title_line_height=\u00a0\u00bb18px\u00a0\u00bb min_height=\u00a0\u00bb64px\u00a0\u00bb min_height_tablet=\u00a0\u00bb64px\u00a0\u00bb min_height_phone=\u00a0\u00bb0px\u00a0\u00bb min_height_last_edited=\u00a0\u00bbon|desktop\u00a0\u00bb custom_margin=\u00a0\u00bb||6px||false|false\u00a0\u00bb global_colors_info=\u00a0\u00bb{}\u00a0\u00bb][\/et_pb_heading][et_pb_text _builder_version=\u00a0\u00bb4.27.4&Prime; _module_preset=\u00a0\u00bbdefault\u00a0\u00bb global_colors_info=\u00a0\u00bb{}\u00a0\u00bb]<\/p>\n<p><span style=\"font-weight: 400;\"> Im Gemeindehaus liegen Brosch\u00fcren von local + \u00e9quitable aus, die \u00fcber die M\u00f6glichkeiten informieren, direkt bei Bauern oder Verarbeitern in der Gemeinde einzukaufen (Wochenmarkt, Hofl\u00e4den, Direktverkaufstage, Alpomaten usw.).<\/span><\/p>\n<p>[\/et_pb_text][\/et_pb_column][et_pb_column type=\u00a0\u00bb1_5&Prime; _builder_version=\u00a0\u00bb4.24.3&Prime; _module_preset=\u00a0\u00bbdefault\u00a0\u00bb global_colors_info=\u00a0\u00bb{}\u00a0\u00bb][et_pb_heading title=\u00a0\u00bbCommunication dans les m\u00e9dias :\u00a0\u00bb _builder_version=\u00a0\u00bb4.24.3&Prime; _module_preset=\u00a0\u00bbdefault\u00a0\u00bb title_font=\u00a0\u00bb|600|||||||\u00a0\u00bb title_font_size=\u00a0\u00bb16px\u00a0\u00bb title_line_height=\u00a0\u00bb18px\u00a0\u00bb min_height=\u00a0\u00bb64px\u00a0\u00bb min_height_tablet=\u00a0\u00bb64px\u00a0\u00bb min_height_phone=\u00a0\u00bb0px\u00a0\u00bb min_height_last_edited=\u00a0\u00bbon|desktop\u00a0\u00bb custom_margin=\u00a0\u00bb||6px||false|false\u00a0\u00bb global_colors_info=\u00a0\u00bb{}\u00a0\u00bb][\/et_pb_heading][et_pb_text _builder_version=\u00a0\u00bb4.24.3&Prime; _module_preset=\u00a0\u00bbdefault\u00a0\u00bb global_colors_info=\u00a0\u00bb{}\u00a0\u00bb]<\/p>\n<p><span>La diffusion de notre engagement en tant que municipalit\u00e9 locale et \u00e9quitable se fait par le biais de communiqu\u00e9s de presse cibl\u00e9s, qui mettent en avant les valeurs et les initiatives de notre municipalit\u00e9 et les rendent accessibles au public.<\/span><\/p>\n<p>[\/et_pb_text][\/et_pb_column][et_pb_column type=\u00a0\u00bb1_5&Prime; _builder_version=\u00a0\u00bb4.24.3&Prime; _module_preset=\u00a0\u00bbdefault\u00a0\u00bb global_colors_info=\u00a0\u00bb{}\u00a0\u00bb][et_pb_heading title=\u00a0\u00bbTerrains appartenant \u00e0 la commune :\u00a0\u00bb _builder_version=\u00a0\u00bb4.24.3&Prime; _module_preset=\u00a0\u00bbdefault\u00a0\u00bb title_font=\u00a0\u00bb|600|||||||\u00a0\u00bb title_font_size=\u00a0\u00bb16px\u00a0\u00bb title_line_height=\u00a0\u00bb18px\u00a0\u00bb min_height=\u00a0\u00bb64px\u00a0\u00bb min_height_tablet=\u00a0\u00bb64px\u00a0\u00bb min_height_phone=\u00a0\u00bb0px\u00a0\u00bb min_height_last_edited=\u00a0\u00bbon|desktop\u00a0\u00bb custom_margin=\u00a0\u00bb||6px||false|false\u00a0\u00bb global_colors_info=\u00a0\u00bb{}\u00a0\u00bb][\/et_pb_heading][et_pb_text _builder_version=\u00a0\u00bb4.24.3&Prime; _module_preset=\u00a0\u00bbdefault\u00a0\u00bb global_colors_info=\u00a0\u00bb{}\u00a0\u00bb]<\/p>\n<p><span style=\"font-weight: 400;\">La ville ou la commune met \u00e0 disposition des surfaces \u00e0 des conditions \u00e9quitables pour des initiatives des agriculteurs, par exemple des alpomats, des magasins de ferme centralis\u00e9s (exemple \u00ab\u00a0R\u00fcedu\u00a0\u00bb), etc.<\/span><\/p>\n<p>[\/et_pb_text][\/et_pb_column][\/et_pb_row][\/et_pb_section][et_pb_section fb_built=\u00a0\u00bb1&Prime; _builder_version=\u00a0\u00bb4.24.3&Prime; _module_preset=\u00a0\u00bbdefault\u00a0\u00bb background_image=\u00a0\u00bbhttps:\/\/lokalundfair.ch\/wp-content\/uploads\/2024\/04\/colorful-composition-vegetables-with-copy-space-scaled.jpg\u00a0\u00bb global_colors_info=\u00a0\u00bb{}\u00a0\u00bb][et_pb_row column_structure=\u00a0\u00bb1_2,1_2&Prime; _builder_version=\u00a0\u00bb4.24.3&Prime; _module_preset=\u00a0\u00bbdefault\u00a0\u00bb global_colors_info=\u00a0\u00bb{}\u00a0\u00bb][et_pb_column type=\u00a0\u00bb1_2&Prime; _builder_version=\u00a0\u00bb4.24.3&Prime; _module_preset=\u00a0\u00bbdefault\u00a0\u00bb global_colors_info=\u00a0\u00bb{}\u00a0\u00bb][et_pb_text _builder_version=\u00a0\u00bb4.24.3&Prime; _module_preset=\u00a0\u00bbdefault\u00a0\u00bb custom_css_free_form=\u00a0\u00bbselector h1, selector h2, selector h3, selector h4, selector h5, selector h6 {||    background: -webkit-linear-gradient(24deg, #0099d2, #039754);||    -webkit-background-clip: text;||    -webkit-text-fill-color: transparent;||}||\u00a0\u00bb global_colors_info=\u00a0\u00bb{}\u00a0\u00bb]<\/p>\n<h1><b>Participez maintenant et <\/b><b><br \/>\n  <i>local + \u00e9quitable<\/i><br \/>\n<\/b><b> &#8211; Devenez une communaut\u00e9 locale !<\/b><\/h1>\n<p>[\/et_pb_text][et_pb_code _builder_version=\u00a0\u00bb4.24.3&Prime; _module_preset=\u00a0\u00bbdefault\u00a0\u00bb global_colors_info=\u00a0\u00bb{}\u00a0\u00bb]<style id=\"wpforms-css-vars-29019\">\n\t\t\t\t#wpforms-29019 {\n\t\t\t\t\n\t\t\t}\n\t\t\t<\/style><div class=\"wpforms-container wpforms-container-full wpforms-render-modern\" id=\"wpforms-29019\"><form id=\"wpforms-form-29019\" class=\"wpforms-validate wpforms-form wpforms-ajax-form\" data-formid=\"29019\" method=\"post\" enctype=\"multipart\/form-data\" action=\"\/fr\/wp-json\/wp\/v2\/pages\/29373\" data-token=\"bce5bbe38109a24fb09d120969be5547\" data-token-time=\"1777592915\"><noscript class=\"wpforms-error-noscript\">Veuillez activer JavaScript dans votre navigateur pour remplir ce formulaire.<\/noscript><div id=\"wpforms-error-noscript\" style=\"display: none;\">Veuillez activer JavaScript dans votre navigateur pour remplir ce formulaire.<\/div><div class=\"wpforms-field-container\"><div id=\"wpforms-29019-field_0-container\" class=\"wpforms-field wpforms-field-name\" data-field-id=\"0\"><label class=\"wpforms-field-label\" for=\"wpforms-29019-field_0\">Votre nom <span class=\"wpforms-required-label\" aria-hidden=\"true\">*<\/span><\/label><input type=\"text\" id=\"wpforms-29019-field_0\" class=\"wpforms-field-medium wpforms-field-required\" name=\"wpforms[fields][0]\" aria-errormessage=\"wpforms-29019-field_0-error\" required><\/div><div id=\"wpforms-29019-field_1-container\" class=\"wpforms-field wpforms-field-email\" data-field-id=\"1\"><label class=\"wpforms-field-label\" for=\"wpforms-29019-field_1\">Email <span class=\"wpforms-required-label\" aria-hidden=\"true\">*<\/span><\/label><input type=\"email\" id=\"wpforms-29019-field_1\" class=\"wpforms-field-medium wpforms-field-required\" name=\"wpforms[fields][1]\" spellcheck=\"false\" aria-errormessage=\"wpforms-29019-field_1-error\" required><\/div><div id=\"wpforms-29019-field_2-container\" class=\"wpforms-field wpforms-field-textarea\" data-field-id=\"2\"><label class=\"wpforms-field-label\" for=\"wpforms-29019-field_2\">Votre message<\/label><textarea id=\"wpforms-29019-field_2\" class=\"wpforms-field-medium\" name=\"wpforms[fields][2]\" aria-errormessage=\"wpforms-29019-field_2-error\" ><\/textarea><\/div><\/div><!-- .wpforms-field-container --><div class=\"wpforms-submit-container\" ><input type=\"hidden\" name=\"wpforms[id]\" value=\"29019\"><input type=\"hidden\" name=\"page_title\" value=\"\"><input type=\"hidden\" name=\"page_url\" value=\"https:\/\/lokalundfair.ch\/fr\/wp-json\/wp\/v2\/pages\/29373\"><input type=\"hidden\" name=\"url_referer\" value=\"\"><button type=\"submit\" name=\"wpforms[submit]\" id=\"wpforms-submit-29019\" class=\"wpforms-submit\" data-alt-text=\"Votre message a \u00e9t\u00e9 envoy\u00e9 avec succ\u00e8s\" data-submit-text=\"Envoyer\" aria-live=\"assertive\" value=\"wpforms-submit\">Envoyer<\/button><img loading=\"lazy\" decoding=\"async\" src=\"https:\/\/lokalundfair.ch\/wp-content\/plugins\/wpforms-lite\/assets\/images\/submit-spin.svg\" class=\"wpforms-submit-spinner\" style=\"display: none;\" width=\"26\" height=\"26\" alt=\"Chargement en cours\"><\/div><\/form><\/div>  <!-- .wpforms-container -->[\/et_pb_code][\/et_pb_column][et_pb_column type=\u00a0\u00bb1_2&Prime; _builder_version=\u00a0\u00bb4.24.3&Prime; _module_preset=\u00a0\u00bbdefault\u00a0\u00bb global_colors_info=\u00a0\u00bb{}\u00a0\u00bb][\/et_pb_column][\/et_pb_row][\/et_pb_section]<\/p>\n","protected":false},"excerpt":{"rendered":"<p>local + \u00e9quitable pour les partenaireslocal + \u00e9quitable met en r\u00e9seau les communes et les producteurs et rend l&rsquo;approvisionnement durable simple, visible et \u00e9conomiquement attractif.Les villes et les communes jouent un r\u00f4le dans le projet local + \u00e9quitable un r\u00f4le important. L&rsquo;objectif est d&rsquo;\u00e9tablir des partenariats avec les soi-disant local + \u00e9quitable &#8211; Les municipalit\u00e9s [&hellip;]<\/p>\n","protected":false},"author":1,"featured_media":0,"parent":0,"menu_order":0,"comment_status":"closed","ping_status":"closed","template":"","meta":{"_acf_changed":false,"_et_pb_use_builder":"on","_et_pb_old_content":"","_et_gb_content_width":"","footnotes":""},"class_list":["post-29373","page","type-page","status-publish","hentry"],"acf":[],"_links":{"self":[{"href":"https:\/\/lokalundfair.ch\/fr\/wp-json\/wp\/v2\/pages\/29373","targetHints":{"allow":["GET"]}}],"collection":[{"href":"https:\/\/lokalundfair.ch\/fr\/wp-json\/wp\/v2\/pages"}],"about":[{"href":"https:\/\/lokalundfair.ch\/fr\/wp-json\/wp\/v2\/types\/page"}],"author":[{"embeddable":true,"href":"https:\/\/lokalundfair.ch\/fr\/wp-json\/wp\/v2\/users\/1"}],"replies":[{"embeddable":true,"href":"https:\/\/lokalundfair.ch\/fr\/wp-json\/wp\/v2\/comments?post=29373"}],"version-history":[{"count":4,"href":"https:\/\/lokalundfair.ch\/fr\/wp-json\/wp\/v2\/pages\/29373\/revisions"}],"predecessor-version":[{"id":32637,"href":"https:\/\/lokalundfair.ch\/fr\/wp-json\/wp\/v2\/pages\/29373\/revisions\/32637"}],"wp:attachment":[{"href":"https:\/\/lokalundfair.ch\/fr\/wp-json\/wp\/v2\/media?parent=29373"}],"curies":[{"name":"wp","href":"https:\/\/api.w.org\/{rel}","templated":true}]}}