{"id":29379,"date":"2024-04-25T11:09:05","date_gmt":"2024-04-25T09:09:05","guid":{"rendered":"https:\/\/lokalundfair-fms.ch\/local-equitable-pour-les-entreprises-de-transformation-les-commerces-et-la-restauration\/"},"modified":"2026-03-10T14:26:57","modified_gmt":"2026-03-10T13:26:57","slug":"local-equitable-pour-le-commerce-et-la-gastronomie","status":"publish","type":"page","link":"https:\/\/lokalundfair.ch\/fr\/local-equitable-pour-le-commerce-et-la-gastronomie\/","title":{"rendered":"pour le commerce et la gastronomie"},"content":{"rendered":"<p>[et_pb_section fb_built=\u00a0\u00bb1&Prime; _builder_version=\u00a0\u00bb4.24.3&Prime; _module_preset=\u00a0\u00bbdefault\u00a0\u00bb background_image=\u00a0\u00bbhttps:\/\/lokalundfair.ch\/wp-content\/uploads\/2024\/05\/27-18.jpg\u00a0\u00bb height=\u00a0\u00bb533px\u00a0\u00bb custom_css_free_form=\u00a0\u00bbselector {||    position: relative;||}||||selector::before {||    content: %22%22;||    position: absolute;||    top: 0;||    left: 0;||    right: 0;||    bottom: 0;||    width: 100%;||    height: 100%;||    background: #000;||    opacity: 0.4;||}||\u00a0\u00bb global_colors_info=\u00a0\u00bb{}\u00a0\u00bb][et_pb_row _builder_version=\u00a0\u00bb4.24.3&Prime; _module_preset=\u00a0\u00bbdefault\u00a0\u00bb width_tablet=\u00a0\u00bb\u00a0\u00bb width_phone=\u00a0\u00bb90%\u00a0\u00bb width_last_edited=\u00a0\u00bbon|phone\u00a0\u00bb custom_margin=\u00a0\u00bb80px||||false|false\u00a0\u00bb custom_margin_tablet=\u00a0\u00bb80px||||false|false\u00a0\u00bb custom_margin_phone=\u00a0\u00bb20px||||false|false\u00a0\u00bb custom_margin_last_edited=\u00a0\u00bbon|phone\u00a0\u00bb global_colors_info=\u00a0\u00bb{}\u00a0\u00bb][et_pb_column type=\u00a0\u00bb4_4&Prime; _builder_version=\u00a0\u00bb4.24.3&Prime; _module_preset=\u00a0\u00bbdefault\u00a0\u00bb global_colors_info=\u00a0\u00bb{}\u00a0\u00bb][et_pb_text _builder_version=\u00a0\u00bb4.24.3&Prime; _module_preset=\u00a0\u00bbdefault\u00a0\u00bb text_text_color=\u00a0\u00bb#000000&Prime; text_text_shadow_style=\u00a0\u00bbpreset2&Prime; text_text_shadow_color=\u00a0\u00bbrgba(0,0,0,0.54)\u00a0\u00bb global_colors_info=\u00a0\u00bb{}\u00a0\u00bb text_text_shadow_color__hover_enabled=\u00a0\u00bbon|desktop\u00a0\u00bb text_text_shadow_color__hover=\u00a0\u00bbrgba(3,151,84,0.29)\u00a0\u00bb]<\/p>\n<h1 style=\"text-align: center;\"><span style=\"color: #02965c;\"><b><br \/>\n  <i>local + \u00e9quitable <\/i><br \/>\n<\/b><b>pour les entreprises de transformation, <\/b> <\/span><\/h1>\n<h1 style=\"text-align: center;\"><span style=\"color: #02965c;\"><b>Commerce et restauration<\/b><\/span><\/h1>\n<p>[\/et_pb_text][et_pb_text _builder_version=\u00a0\u00bb4.27.4&Prime; _module_preset=\u00a0\u00bbdefault\u00a0\u00bb text_text_color=\u00a0\u00bb#FFFFFF\u00a0\u00bb header_text_color=\u00a0\u00bb#FFFFFF\u00a0\u00bb text_text_shadow_style=\u00a0\u00bbpreset5&Prime; global_colors_info=\u00a0\u00bb{}\u00a0\u00bb]<\/p>\n<h4 style=\"text-align: center;\"><span style=\"color: #ffffff;\"><i>local + \u00e9quitable <\/i>aide les transformateurs, les magasins et les entreprises de restauration locaux<\/span><\/h4>\n<h4 style=\"text-align: center;\"><span style=\"color: #000000;\"><span style=\"color: #ffffff;\">qui s&rsquo;engagent en faveur d&rsquo;une production locale et durable<\/span> <\/span><\/h4>\n<h4 style=\"text-align: center;\"><span style=\"color: #000000;\"><span style=\"color: #ffffff;\">\u00e0 accro\u00eetre leur visibilit\u00e9 et \u00e0 b\u00e9n\u00e9ficier d&rsquo;avantages \u00e9conomiques. <\/span> <\/span><\/h4>\n<p>[\/et_pb_text][\/et_pb_column][\/et_pb_row][\/et_pb_section][et_pb_section fb_built=\u00a0\u00bb1&Prime; _builder_version=\u00a0\u00bb4.24.3&Prime; _module_preset=\u00a0\u00bbdefault\u00a0\u00bb global_colors_info=\u00a0\u00bb{}\u00a0\u00bb][et_pb_row _builder_version=\u00a0\u00bb4.24.3&Prime; _module_preset=\u00a0\u00bbdefault\u00a0\u00bb global_colors_info=\u00a0\u00bb{}\u00a0\u00bb][et_pb_column type=\u00a0\u00bb4_4&Prime; _builder_version=\u00a0\u00bb4.24.3&Prime; _module_preset=\u00a0\u00bbdefault\u00a0\u00bb global_colors_info=\u00a0\u00bb{}\u00a0\u00bb][et_pb_text _builder_version=\u00a0\u00bb4.27.4&Prime; _module_preset=\u00a0\u00bbdefault\u00a0\u00bb custom_css_free_form=\u00a0\u00bbselector h1, selector h2, selector h3, selector h4, selector h5, selector h6 {||    background: -webkit-linear-gradient(24deg, #0099d2, #039754);||    -webkit-background-clip: text;||    -webkit-text-fill-color: transparent;||}||\u00a0\u00bb global_colors_info=\u00a0\u00bb{}\u00a0\u00bb]<\/p>\n<h2 style=\"text-align: center;\"><b>Comment votre entreprise commerciale ou gastronomique peut-elle participer ?<\/b><\/h2>\n<p style=\"text-align: center;\"><span style=\"font-weight: 400;\"><br \/><\/span><i><span style=\"font-weight: 400;\"> local + \u00e9quitable <\/span><\/i><span style=\"font-weight: 400;\">donne de la visibilit\u00e9 aux entreprises de transformation locales, aux petits commerces et aux restaurateurs qui s&rsquo;approvisionnent en partie dans les environs imm\u00e9diats ou qui transforment des produits locaux. <\/span><span style=\"font-weight: 400;\">Gr\u00e2ce \u00e0 notre pr\u00e9sence sur le site Internet, \u00e0 notre mise en r\u00e9seau au sein de la communaut\u00e9 et \u00e0 notre soutien dans le cadre de mesures de communication, nous renfor\u00e7ons le commerce local, encourageons l&rsquo;achat direct et augmentons ainsi la valeur ajout\u00e9e locale. <\/span><span style=\"font-weight: 400;\">Nous mettons en relation les commer\u00e7ants et les restaurateurs avec les agriculteurs locaux de leur r\u00e9gion et permettons ainsi l&rsquo;approvisionnement en denr\u00e9es alimentaires de qualit\u00e9 produites de mani\u00e8re durable &#8211; de mani\u00e8re fiable, directe et personnalis\u00e9e. <\/span><\/p>\n<p style=\"text-align: center;\"><i><span style=\"font-weight: 400;\"> local + \u00e9quitable <\/span><\/i><span style=\"font-weight: 400;\"> propose aux entreprises de transformation et de restauration ainsi qu&rsquo;aux petits commerces les possibilit\u00e9s suivantes de participer &#8211; \u00e0 vous de d\u00e9cider si vous souhaitez utiliser une seule ou plusieurs options. Vous souhaitez <\/span><i><span style=\"font-weight: 400;\"> local + \u00e9quitable <\/span><\/i><span style=\"font-weight: 400;\">&#8211; Vous souhaitez devenir une entreprise disposant d&rsquo;un espace sur le site ? Inscrivez-vous<\/span> <a href=\"#contact\"><br \/><b> ici<\/b><br \/><\/a><span style=\"font-weight: 400;\">directement et facilement !<\/span><\/p>\n<p>[\/et_pb_text][\/et_pb_column][\/et_pb_row][\/et_pb_section][et_pb_section fb_built=\u00a0\u00bb1&Prime; _builder_version=\u00a0\u00bb4.24.3&Prime; _module_preset=\u00a0\u00bbdefault\u00a0\u00bb global_colors_info=\u00a0\u00bb{}\u00a0\u00bb][et_pb_row column_structure=\u00a0\u00bb1_3,1_3,1_3&Prime; make_equal=\u00a0\u00bbon\u00a0\u00bb _builder_version=\u00a0\u00bb4.27.4&Prime; _module_preset=\u00a0\u00bbdefault\u00a0\u00bb custom_css_free_form=\u00a0\u00bbselector h1, selector h2, selector h3, selector h4, selector h5, selector h6 {||    background: -webkit-linear-gradient(24deg, #0099d2, #039754);||    -webkit-background-clip: text;||    -webkit-text-fill-color: transparent;||}||\u00a0\u00bb global_colors_info=\u00a0\u00bb{}\u00a0\u00bb][et_pb_column type=\u00a0\u00bb1_3&Prime; _builder_version=\u00a0\u00bb4.24.3&Prime; _module_preset=\u00a0\u00bbdefault\u00a0\u00bb global_colors_info=\u00a0\u00bb{}\u00a0\u00bb][et_pb_image src=\u00a0\u00bbhttps:\/\/lokalundfair.ch\/wp-content\/uploads\/2024\/05\/27-17.jpg\u00a0\u00bb title_text=\u00a0\u00bb27-17&Prime; _builder_version=\u00a0\u00bb4.24.3&Prime; _module_preset=\u00a0\u00bbdefault\u00a0\u00bb height=\u00a0\u00bb160px\u00a0\u00bb custom_css_free_form=\u00a0\u00bbselector img {||    height: 100%;||    object-fit: cover;||}||\u00a0\u00bb global_colors_info=\u00a0\u00bb{}\u00a0\u00bb][\/et_pb_image][et_pb_heading title=\u00a0\u00bbJourn\u00e9e nationale local + \u00e9quitable\u00a0\u00bb _builder_version=\u00a0\u00bb4.27.5&Prime; _module_preset=\u00a0\u00bbdefault\u00a0\u00bb title_level=\u00a0\u00bbh2&Prime; title_font=\u00a0\u00bb|600|||||||\u00a0\u00bb title_font_size=\u00a0\u00bb22px\u00a0\u00bb title_line_height=\u00a0\u00bb22px\u00a0\u00bb min_height=\u00a0\u00bb120px\u00a0\u00bb min_height_tablet=\u00a0\u00bb0px\u00a0\u00bb min_height_phone=\u00a0\u00bb0px\u00a0\u00bb min_height_last_edited=\u00a0\u00bbon|tablet\u00a0\u00bb custom_margin=\u00a0\u00bb||11px|||\u00a0\u00bb custom_padding=\u00a0\u00bb||0px|||\u00a0\u00bb hover_enabled=\u00a0\u00bb0&Prime; global_colors_info=\u00a0\u00bb{}\u00a0\u00bb sticky_enabled=\u00a0\u00bb0&Prime;][\/et_pb_heading][et_pb_text _builder_version=\u00a0\u00bb4.27.5&Prime; _module_preset=\u00a0\u00bbdefault\u00a0\u00bb hover_enabled=\u00a0\u00bb0&Prime; global_colors_info=\u00a0\u00bb{}\u00a0\u00bb sticky_enabled=\u00a0\u00bb0&Prime;]<\/p>\n<p><span style=\"font-weight: 400;\">Les exploitations et les transformateurs participants pourront participer \u00e0 la journ\u00e9e nationale <em>local + \u00e9quitable<\/em> en obctobre 2026, au cours de laquelle le public sera invit\u00e9 \u00e0 visiter le local lors d&rsquo;une journ\u00e9e portes ouvertes. Les entreprises engag\u00e9es localement ont l&rsquo;occasion de se pr\u00e9senter et d&rsquo;attirer des clients int\u00e9ress\u00e9s par les saveurs r\u00e9gionales. <\/span><i><span style=\"font-weight: 400;\">local + \u00e9quitable <\/span><\/i><span style=\"font-weight: 400;\">soutient la promotion en amont avec des d\u00e9pliants ou des brochures d&rsquo;information sur la pertinence d&rsquo;une production et d&rsquo;une transformation durables et locales.<\/span><\/p>\n<p>&nbsp;<\/p>\n<p>[\/et_pb_text][\/et_pb_column][et_pb_column type=\u00a0\u00bb1_3&Prime; _builder_version=\u00a0\u00bb4.24.3&Prime; _module_preset=\u00a0\u00bbdefault\u00a0\u00bb global_colors_info=\u00a0\u00bb{}\u00a0\u00bb][et_pb_image src=\u00a0\u00bbhttps:\/\/lokalundfair.ch\/wp-content\/uploads\/2024\/05\/27-21.jpg\u00a0\u00bb title_text=\u00a0\u00bb27-21&Prime; _builder_version=\u00a0\u00bb4.24.3&Prime; _module_preset=\u00a0\u00bbdefault\u00a0\u00bb height=\u00a0\u00bb160px\u00a0\u00bb custom_css_free_form=\u00a0\u00bbselector img {||    height: 100%;||    object-fit: cover;||}||\u00a0\u00bb global_colors_info=\u00a0\u00bb{}\u00a0\u00bb][\/et_pb_image][et_pb_heading title=\u00a0\u00bbPr\u00e9sence sur le site web et les m\u00e9dias sociaux\u00a0\u00bb _builder_version=\u00a0\u00bb4.24.3&Prime; _module_preset=\u00a0\u00bbdefault\u00a0\u00bb title_level=\u00a0\u00bbh2&Prime; title_font=\u00a0\u00bb|600|||||||\u00a0\u00bb title_font_size=\u00a0\u00bb22px\u00a0\u00bb title_line_height=\u00a0\u00bb22px\u00a0\u00bb min_height=\u00a0\u00bb120px\u00a0\u00bb min_height_tablet=\u00a0\u00bb0px\u00a0\u00bb min_height_phone=\u00a0\u00bb0px\u00a0\u00bb min_height_last_edited=\u00a0\u00bbon|tablet\u00a0\u00bb custom_margin=\u00a0\u00bb||11px|||\u00a0\u00bb custom_padding=\u00a0\u00bb||0px|||\u00a0\u00bb global_colors_info=\u00a0\u00bb{}\u00a0\u00bb][\/et_pb_heading][et_pb_text _builder_version=\u00a0\u00bb4.24.3&Prime; _module_preset=\u00a0\u00bbdefault\u00a0\u00bb global_colors_info=\u00a0\u00bb{}\u00a0\u00bb]<\/p>\n<p><b><\/b><span style=\"font-weight: 400;\">Les entreprises de transformation et les petits magasins, ainsi que les entreprises de restauration, sont pr\u00e9sent\u00e9s par un bref portrait sur le site web du projet. Il est possible de pr\u00e9senter l&rsquo;\u00e9tablissement, d&rsquo;attirer l&rsquo;attention sur les sp\u00e9cialit\u00e9s et de montrer dans quelle mesure l&rsquo;\u00e9tablissement s&rsquo;engage en faveur des produits locaux.  <\/span><\/p>\n<p>&nbsp;<\/p>\n<p>[\/et_pb_text][\/et_pb_column][et_pb_column type=\u00a0\u00bb1_3&Prime; _builder_version=\u00a0\u00bb4.24.3&Prime; _module_preset=\u00a0\u00bbdefault\u00a0\u00bb global_colors_info=\u00a0\u00bb{}\u00a0\u00bb][et_pb_image src=\u00a0\u00bbhttps:\/\/lokalundfair.ch\/wp-content\/uploads\/2024\/05\/27-19.jpg\u00a0\u00bb title_text=\u00a0\u00bb27-19&Prime; _builder_version=\u00a0\u00bb4.24.3&Prime; _module_preset=\u00a0\u00bbdefault\u00a0\u00bb height=\u00a0\u00bb160px\u00a0\u00bb custom_css_free_form=\u00a0\u00bbselector img {||    height: 100%;||    object-fit: cover;||}||\u00a0\u00bb global_colors_info=\u00a0\u00bb{}\u00a0\u00bb][\/et_pb_image][et_pb_heading title=\u00a0\u00bbMat\u00e9riel publicitaire et d\u00e9pliants\u00a0\u00bb _builder_version=\u00a0\u00bb4.24.3&Prime; _module_preset=\u00a0\u00bbdefault\u00a0\u00bb title_level=\u00a0\u00bbh2&Prime; title_font=\u00a0\u00bb|600|||||||\u00a0\u00bb title_font_size=\u00a0\u00bb22px\u00a0\u00bb title_line_height=\u00a0\u00bb22px\u00a0\u00bb min_height=\u00a0\u00bb120px\u00a0\u00bb min_height_tablet=\u00a0\u00bb0px\u00a0\u00bb min_height_phone=\u00a0\u00bb0px\u00a0\u00bb min_height_last_edited=\u00a0\u00bbon|tablet\u00a0\u00bb custom_margin=\u00a0\u00bb||11px|||\u00a0\u00bb custom_padding=\u00a0\u00bb||0px|||\u00a0\u00bb global_colors_info=\u00a0\u00bb{}\u00a0\u00bb][\/et_pb_heading][et_pb_text _builder_version=\u00a0\u00bb4.27.4&Prime; _module_preset=\u00a0\u00bbdefault\u00a0\u00bb global_colors_info=\u00a0\u00bb{}\u00a0\u00bb]<\/p>\n<p><i><span style=\"font-weight: 400;\">local + \u00e9quitable <\/span><\/i><span style=\"font-weight: 400;\"> met \u00e0 disposition des flyers en ligne pour la journ\u00e9e nationale <em>local + \u00e9quitable<\/em> et aide aux mesures de communication des entreprises engag\u00e9es localement. Ils ne sont pas seulement utilis\u00e9s le jour m\u00eame, mais peuvent \u00eatre imprim\u00e9s et mis \u00e0 disposition dans l&rsquo;entreprise et, apr\u00e8s accord avec les communes concern\u00e9es, dans les maisons communales et municipales. Alternativement, les propres flyers de l&rsquo;entreprise sont diffus\u00e9s et mis en circulation.<\/span><\/p>\n<p>&nbsp;<\/p>\n<p>[\/et_pb_text][\/et_pb_column][\/et_pb_row][\/et_pb_section][et_pb_section fb_built=\u00a0\u00bb1&Prime; _builder_version=\u00a0\u00bb4.24.3&Prime; _module_preset=\u00a0\u00bbdefault\u00a0\u00bb background_color=\u00a0\u00bbrgba(242,242,242,0.39)\u00a0\u00bb global_colors_info=\u00a0\u00bb{}\u00a0\u00bb][et_pb_row _builder_version=\u00a0\u00bb4.24.3&Prime; _module_preset=\u00a0\u00bbdefault\u00a0\u00bb min_height=\u00a0\u00bb235.2px\u00a0\u00bb global_colors_info=\u00a0\u00bb{}\u00a0\u00bb][et_pb_column type=\u00a0\u00bb4_4&Prime; _builder_version=\u00a0\u00bb4.24.3&Prime; _module_preset=\u00a0\u00bbdefault\u00a0\u00bb global_colors_info=\u00a0\u00bb{}\u00a0\u00bb][et_pb_text _builder_version=\u00a0\u00bb4.27.4&Prime; _module_preset=\u00a0\u00bbdefault\u00a0\u00bb custom_css_free_form=\u00a0\u00bbselector h1, selector h2, selector h3, selector h4, selector h5, selector h6 {||    background: -webkit-linear-gradient(24deg, #0099d2, #039754);||    -webkit-background-clip: text;||    -webkit-text-fill-color: transparent;||}||\u00a0\u00bb global_colors_info=\u00a0\u00bb{}\u00a0\u00bb]<\/p>\n<h2 style=\"text-align: center;\"><b><em>Crit\u00e8res locaux + \u00e9quitables pour le commerce et la restauration<\/em><\/b><\/h2>\n<p><b><\/b><\/p>\n<p style=\"text-align: center;\">La liste des crit\u00e8res ne doit pas \u00eatre consid\u00e9r\u00e9e comme exhaustive, mais peut \u00eatre \u00e9largie et compl\u00e9t\u00e9e \u00e0 l&rsquo;initiative des entreprises artisanales et de la restauration.<\/p>\n<p style=\"text-align: center;\"><b>La valeur ajout\u00e9e locale <\/b>est d\u00e9finie comme la cr\u00e9ation de valeur g\u00e9n\u00e9r\u00e9e dans la zone d&rsquo;attraction d&rsquo;une commune et dans les communes voisines (si cela n&rsquo;est pas possible au niveau local, alors au niveau r\u00e9gional dans la mesure du possible). En outre, pour les produits transform\u00e9s, les principes du circuit court (au maximum une \u00e9tape interm\u00e9diaire avant la production) sont privil\u00e9gi\u00e9s.<\/p>\n<p style=\"text-align: center;\">Le concept d&rsquo;<b>\u00e9quit\u00e9<\/b> est quant \u00e0 lui \u00e9valu\u00e9 \u00e0 l&rsquo;aide des quatre crit\u00e8res suivants :<\/p>\n<p>[\/et_pb_text][\/et_pb_column][\/et_pb_row][et_pb_row column_structure=\u00a0\u00bb1_3,1_3,1_3&Prime; _builder_version=\u00a0\u00bb4.27.4&Prime; _module_preset=\u00a0\u00bbdefault\u00a0\u00bb global_colors_info=\u00a0\u00bb{}\u00a0\u00bb][et_pb_column type=\u00a0\u00bb1_3&Prime; _builder_version=\u00a0\u00bb4.27.4&Prime; _module_preset=\u00a0\u00bbdefault\u00a0\u00bb global_colors_info=\u00a0\u00bb{}\u00a0\u00bb][\/et_pb_column][et_pb_column type=\u00a0\u00bb1_3&Prime; _builder_version=\u00a0\u00bb4.27.4&Prime; _module_preset=\u00a0\u00bbdefault\u00a0\u00bb global_colors_info=\u00a0\u00bb{}\u00a0\u00bb][et_pb_text _builder_version=\u00a0\u00bb4.27.4&Prime; _module_preset=\u00a0\u00bbdefault\u00a0\u00bb custom_margin=\u00a0\u00bb|||-44px||\u00a0\u00bb custom_padding=\u00a0\u00bb|0px||||\u00a0\u00bb global_colors_info=\u00a0\u00bb{}\u00a0\u00bb]<\/p>\n<ul>\n<li>Transparence<\/li>\n<li>R\u00e9partition \u00e9quitable de la valeur ajout\u00e9e<\/li>\n<li>Relations commerciales durables et partenariales<\/li>\n<li>Conditions de travail et r\u00e9mun\u00e9rations \u00e9quitables<\/li>\n<\/ul>\n<p>[\/et_pb_text][\/et_pb_column][et_pb_column type=\u00a0\u00bb1_3&Prime; _builder_version=\u00a0\u00bb4.27.4&Prime; _module_preset=\u00a0\u00bbdefault\u00a0\u00bb global_colors_info=\u00a0\u00bb{}\u00a0\u00bb][\/et_pb_column][\/et_pb_row][et_pb_row _builder_version=\u00a0\u00bb4.27.4&Prime; _module_preset=\u00a0\u00bbdefault\u00a0\u00bb global_colors_info=\u00a0\u00bb{}\u00a0\u00bb][et_pb_column type=\u00a0\u00bb4_4&Prime; _builder_version=\u00a0\u00bb4.27.4&Prime; _module_preset=\u00a0\u00bbdefault\u00a0\u00bb global_colors_info=\u00a0\u00bb{}\u00a0\u00bb][et_pb_text _builder_version=\u00a0\u00bb4.27.4&Prime; _module_preset=\u00a0\u00bbdefault\u00a0\u00bb custom_css_free_form=\u00a0\u00bbselector h1, selector h2, selector h3, selector h4, selector h5, selector h6 {||    background: -webkit-linear-gradient(24deg, #0099d2, #039754);||    -webkit-background-clip: text;||    -webkit-text-fill-color: transparent;||}||\u00a0\u00bb global_colors_info=\u00a0\u00bb{}\u00a0\u00bb]<\/p>\n<h3>Pour les entreprises de production (fromagerie, boucherie, boulangerie)<\/h3>\n<p>[\/et_pb_text][\/et_pb_column][\/et_pb_row][et_pb_row column_structure=\u00a0\u00bb1_5,1_5,1_5,1_5,1_5&Prime; use_custom_gutter=\u00a0\u00bbon\u00a0\u00bb gutter_width=\u00a0\u00bb2&Prime; _builder_version=\u00a0\u00bb4.24.3&Prime; _module_preset=\u00a0\u00bbdefault\u00a0\u00bb custom_css_free_form=\u00a0\u00bbselector h1, selector h2, selector h3, selector h4, selector h5, selector h6 {||    background: -webkit-linear-gradient(24deg, #0099d2, #039754);||    -webkit-background-clip: text;||    -webkit-text-fill-color: transparent;||}||\u00a0\u00bb global_colors_info=\u00a0\u00bb{}\u00a0\u00bb][et_pb_column type=\u00a0\u00bb1_5&Prime; _builder_version=\u00a0\u00bb4.24.3&Prime; _module_preset=\u00a0\u00bbdefault\u00a0\u00bb global_colors_info=\u00a0\u00bb{}\u00a0\u00bb][et_pb_heading title=\u00a0\u00bbValeur ajout\u00e9e locale :\u00a0\u00bb _builder_version=\u00a0\u00bb4.27.4&Prime; _module_preset=\u00a0\u00bbdefault\u00a0\u00bb title_font=\u00a0\u00bb|600|||||||\u00a0\u00bb title_font_size=\u00a0\u00bb16px\u00a0\u00bb title_line_height=\u00a0\u00bb18px\u00a0\u00bb min_height=\u00a0\u00bb64px\u00a0\u00bb min_height_tablet=\u00a0\u00bb64px\u00a0\u00bb min_height_phone=\u00a0\u00bb0px\u00a0\u00bb min_height_last_edited=\u00a0\u00bbon|desktop\u00a0\u00bb custom_margin=\u00a0\u00bb||6px||false|false\u00a0\u00bb global_colors_info=\u00a0\u00bb{}\u00a0\u00bb][\/et_pb_heading][et_pb_text _builder_version=\u00a0\u00bb4.27.4&Prime; _module_preset=\u00a0\u00bbdefault\u00a0\u00bb global_colors_info=\u00a0\u00bb{}\u00a0\u00bb]<\/p>\n<p>La part des mati\u00e8res premi\u00e8res \/ produits locaux repr\u00e9sente une part importante (au moins 20 %) de l&rsquo;approvisionnement total. Une part tout aussi \u00e9lev\u00e9e doit \u00eatre vis\u00e9e pour les ventes locales.<\/p>\n<p>[\/et_pb_text][\/et_pb_column][et_pb_column type=\u00a0\u00bb1_5&Prime; _builder_version=\u00a0\u00bb4.24.3&Prime; _module_preset=\u00a0\u00bbdefault\u00a0\u00bb global_colors_info=\u00a0\u00bb{}\u00a0\u00bb][et_pb_heading title=\u00a0\u00bbTransparence :\u00a0\u00bb _builder_version=\u00a0\u00bb4.27.4&Prime; _module_preset=\u00a0\u00bbdefault\u00a0\u00bb title_font=\u00a0\u00bb|600|||||||\u00a0\u00bb title_font_size=\u00a0\u00bb16px\u00a0\u00bb title_line_height=\u00a0\u00bb18px\u00a0\u00bb min_height=\u00a0\u00bb64px\u00a0\u00bb min_height_tablet=\u00a0\u00bb64px\u00a0\u00bb min_height_phone=\u00a0\u00bb0px\u00a0\u00bb min_height_last_edited=\u00a0\u00bbon|desktop\u00a0\u00bb custom_margin=\u00a0\u00bb||6px||false|false\u00a0\u00bb global_colors_info=\u00a0\u00bb{}\u00a0\u00bb][\/et_pb_heading][et_pb_text _builder_version=\u00a0\u00bb4.27.4&Prime; _module_preset=\u00a0\u00bbdefault\u00a0\u00bb global_colors_info=\u00a0\u00bb{}\u00a0\u00bb]<\/p>\n<p>La transparence et la tra\u00e7abilit\u00e9 sont privil\u00e9gi\u00e9es, tout comme les produits issus de cha\u00eenes de valeur courtes. Les consommateurs sont inform\u00e9s de mani\u00e8re transparente et visible sur l&rsquo;origine des produits.<\/p>\n<p>[\/et_pb_text][\/et_pb_column][et_pb_column type=\u00a0\u00bb1_5&Prime; _builder_version=\u00a0\u00bb4.24.3&Prime; _module_preset=\u00a0\u00bbdefault\u00a0\u00bb global_colors_info=\u00a0\u00bb{}\u00a0\u00bb][et_pb_heading title=\u00a0\u00bbR\u00e9partition \u00e9quitable de la valeur ajout\u00e9e :\u00a0\u00bb _builder_version=\u00a0\u00bb4.27.4&Prime; _module_preset=\u00a0\u00bbdefault\u00a0\u00bb title_font=\u00a0\u00bb|600|||||||\u00a0\u00bb title_font_size=\u00a0\u00bb16px\u00a0\u00bb title_line_height=\u00a0\u00bb18px\u00a0\u00bb min_height=\u00a0\u00bb64px\u00a0\u00bb min_height_tablet=\u00a0\u00bb64px\u00a0\u00bb min_height_phone=\u00a0\u00bb0px\u00a0\u00bb min_height_last_edited=\u00a0\u00bbon|desktop\u00a0\u00bb custom_margin=\u00a0\u00bb||6px||false|false\u00a0\u00bb global_colors_info=\u00a0\u00bb{}\u00a0\u00bb][\/et_pb_heading][et_pb_text _builder_version=\u00a0\u00bb4.27.4&Prime; _module_preset=\u00a0\u00bbdefault\u00a0\u00bb global_colors_info=\u00a0\u00bb{}\u00a0\u00bb]<\/p>\n<p>L&rsquo;objectif est de r\u00e9partir \u00e9quitablement la valeur ajout\u00e9e avec les partenaires commerciaux locaux.<\/p>\n<p>[\/et_pb_text][\/et_pb_column][et_pb_column type=\u00a0\u00bb1_5&Prime; _builder_version=\u00a0\u00bb4.24.3&Prime; _module_preset=\u00a0\u00bbdefault\u00a0\u00bb global_colors_info=\u00a0\u00bb{}\u00a0\u00bb][et_pb_heading title=\u00a0\u00bbRelations commerciales durables et partenariales : \u00a0\u00bb _builder_version=\u00a0\u00bb4.27.4&Prime; _module_preset=\u00a0\u00bbdefault\u00a0\u00bb title_font=\u00a0\u00bb|600|||||||\u00a0\u00bb title_font_size=\u00a0\u00bb16px\u00a0\u00bb title_line_height=\u00a0\u00bb18px\u00a0\u00bb min_height=\u00a0\u00bb64px\u00a0\u00bb min_height_tablet=\u00a0\u00bb64px\u00a0\u00bb min_height_phone=\u00a0\u00bb0px\u00a0\u00bb min_height_last_edited=\u00a0\u00bbon|desktop\u00a0\u00bb custom_margin=\u00a0\u00bb||6px||false|false\u00a0\u00bb global_colors_info=\u00a0\u00bb{}\u00a0\u00bb][\/et_pb_heading][et_pb_text _builder_version=\u00a0\u00bb4.27.4&Prime; _module_preset=\u00a0\u00bbdefault\u00a0\u00bb global_colors_info=\u00a0\u00bb{}\u00a0\u00bb]<\/p>\n<p>Une grande importance est accord\u00e9e aux relations commerciales durables et partenariales avec les partenaires commerciaux locaux.<\/p>\n<p>[\/et_pb_text][\/et_pb_column][et_pb_column type=\u00a0\u00bb1_5&Prime; _builder_version=\u00a0\u00bb4.24.3&Prime; _module_preset=\u00a0\u00bbdefault\u00a0\u00bb global_colors_info=\u00a0\u00bb{}\u00a0\u00bb][et_pb_heading title=\u00a0\u00bbConditions de travail et r\u00e9mun\u00e9rations \u00e9quitables :\u00a0\u00bb _builder_version=\u00a0\u00bb4.27.4&Prime; _module_preset=\u00a0\u00bbdefault\u00a0\u00bb title_font=\u00a0\u00bb|600|||||||\u00a0\u00bb title_font_size=\u00a0\u00bb16px\u00a0\u00bb title_line_height=\u00a0\u00bb18px\u00a0\u00bb min_height=\u00a0\u00bb64px\u00a0\u00bb min_height_tablet=\u00a0\u00bb64px\u00a0\u00bb min_height_phone=\u00a0\u00bb0px\u00a0\u00bb min_height_last_edited=\u00a0\u00bbon|desktop\u00a0\u00bb custom_margin=\u00a0\u00bb||6px||false|false\u00a0\u00bb global_colors_info=\u00a0\u00bb{}\u00a0\u00bb][\/et_pb_heading][et_pb_text _builder_version=\u00a0\u00bb4.27.4&Prime; _module_preset=\u00a0\u00bbdefault\u00a0\u00bb global_colors_info=\u00a0\u00bb{}\u00a0\u00bb]<\/p>\n<p>L&rsquo;entreprise respecte les dispositions de la CCT applicable dans la branche.<\/p>\n<p>[\/et_pb_text][\/et_pb_column][\/et_pb_row][et_pb_row _builder_version=\u00a0\u00bb4.27.4&Prime; _module_preset=\u00a0\u00bbdefault\u00a0\u00bb global_colors_info=\u00a0\u00bb{}\u00a0\u00bb][et_pb_column type=\u00a0\u00bb4_4&Prime; _builder_version=\u00a0\u00bb4.27.4&Prime; _module_preset=\u00a0\u00bbdefault\u00a0\u00bb global_colors_info=\u00a0\u00bb{}\u00a0\u00bb][et_pb_text _builder_version=\u00a0\u00bb4.27.4&Prime; _module_preset=\u00a0\u00bbdefault\u00a0\u00bb custom_css_free_form=\u00a0\u00bbselector h1, selector h2, selector h3, selector h4, selector h5, selector h6 {||    background: -webkit-linear-gradient(24deg, #0099d2, #039754);||    -webkit-background-clip: text;||    -webkit-text-fill-color: transparent;||}||\u00a0\u00bb global_colors_info=\u00a0\u00bb{}\u00a0\u00bb]<\/p>\n<h3>Pour le commerce<\/h3>\n<p>[\/et_pb_text][\/et_pb_column][\/et_pb_row][et_pb_row column_structure=\u00a0\u00bb1_5,1_5,1_5,1_5,1_5&Prime; use_custom_gutter=\u00a0\u00bbon\u00a0\u00bb gutter_width=\u00a0\u00bb2&Prime; _builder_version=\u00a0\u00bb4.24.3&Prime; _module_preset=\u00a0\u00bbdefault\u00a0\u00bb custom_css_free_form=\u00a0\u00bbselector h1, selector h2, selector h3, selector h4, selector h5, selector h6 {||    background: -webkit-linear-gradient(24deg, #0099d2, #039754);||    -webkit-background-clip: text;||    -webkit-text-fill-color: transparent;||}||\u00a0\u00bb global_colors_info=\u00a0\u00bb{}\u00a0\u00bb][et_pb_column type=\u00a0\u00bb1_5&Prime; _builder_version=\u00a0\u00bb4.24.3&Prime; _module_preset=\u00a0\u00bbdefault\u00a0\u00bb global_colors_info=\u00a0\u00bb{}\u00a0\u00bb][et_pb_heading title=\u00a0\u00bbValeur ajout\u00e9e locale :\u00a0\u00bb _builder_version=\u00a0\u00bb4.27.4&Prime; _module_preset=\u00a0\u00bbdefault\u00a0\u00bb title_font=\u00a0\u00bb|600|||||||\u00a0\u00bb title_font_size=\u00a0\u00bb16px\u00a0\u00bb title_line_height=\u00a0\u00bb18px\u00a0\u00bb min_height=\u00a0\u00bb64px\u00a0\u00bb min_height_tablet=\u00a0\u00bb64px\u00a0\u00bb min_height_phone=\u00a0\u00bb0px\u00a0\u00bb min_height_last_edited=\u00a0\u00bbon|desktop\u00a0\u00bb custom_margin=\u00a0\u00bb||6px||false|false\u00a0\u00bb global_colors_info=\u00a0\u00bb{}\u00a0\u00bb][\/et_pb_heading][et_pb_text _builder_version=\u00a0\u00bb4.27.4&Prime; _module_preset=\u00a0\u00bbdefault\u00a0\u00bb global_colors_info=\u00a0\u00bb{}\u00a0\u00bb]<\/p>\n<p>L&rsquo;entreprise propose une gamme (au moins 3 produits) de produits locaux.<\/p>\n<p>[\/et_pb_text][\/et_pb_column][et_pb_column type=\u00a0\u00bb1_5&Prime; _builder_version=\u00a0\u00bb4.24.3&Prime; _module_preset=\u00a0\u00bbdefault\u00a0\u00bb global_colors_info=\u00a0\u00bb{}\u00a0\u00bb][et_pb_heading title=\u00a0\u00bbTransparence :\u00a0\u00bb _builder_version=\u00a0\u00bb4.27.4&Prime; _module_preset=\u00a0\u00bbdefault\u00a0\u00bb title_font=\u00a0\u00bb|600|||||||\u00a0\u00bb title_font_size=\u00a0\u00bb16px\u00a0\u00bb title_line_height=\u00a0\u00bb18px\u00a0\u00bb min_height=\u00a0\u00bb64px\u00a0\u00bb min_height_tablet=\u00a0\u00bb64px\u00a0\u00bb min_height_phone=\u00a0\u00bb0px\u00a0\u00bb min_height_last_edited=\u00a0\u00bbon|desktop\u00a0\u00bb custom_margin=\u00a0\u00bb||6px||false|false\u00a0\u00bb global_colors_info=\u00a0\u00bb{}\u00a0\u00bb][\/et_pb_heading][et_pb_text _builder_version=\u00a0\u00bb4.27.4&Prime; _module_preset=\u00a0\u00bbdefault\u00a0\u00bb global_colors_info=\u00a0\u00bb{}\u00a0\u00bb]<\/p>\n<p>La transparence et la tra\u00e7abilit\u00e9 sont privil\u00e9gi\u00e9es, tout comme les produits issus de cha\u00eenes de valeur courtes. Les consommateurs sont inform\u00e9s de mani\u00e8re transparente et visible sur l&rsquo;origine des produits.<\/p>\n<p>[\/et_pb_text][\/et_pb_column][et_pb_column type=\u00a0\u00bb1_5&Prime; _builder_version=\u00a0\u00bb4.24.3&Prime; _module_preset=\u00a0\u00bbdefault\u00a0\u00bb global_colors_info=\u00a0\u00bb{}\u00a0\u00bb][et_pb_heading title=\u00a0\u00bbR\u00e9partition \u00e9quitable de la valeur ajout\u00e9e : \u00a0\u00bb _builder_version=\u00a0\u00bb4.27.4&Prime; _module_preset=\u00a0\u00bbdefault\u00a0\u00bb title_font=\u00a0\u00bb|600|||||||\u00a0\u00bb title_font_size=\u00a0\u00bb16px\u00a0\u00bb title_line_height=\u00a0\u00bb18px\u00a0\u00bb min_height=\u00a0\u00bb64px\u00a0\u00bb min_height_tablet=\u00a0\u00bb64px\u00a0\u00bb min_height_phone=\u00a0\u00bb0px\u00a0\u00bb min_height_last_edited=\u00a0\u00bbon|desktop\u00a0\u00bb custom_margin=\u00a0\u00bb||6px||false|false\u00a0\u00bb global_colors_info=\u00a0\u00bb{}\u00a0\u00bb][\/et_pb_heading][et_pb_text _builder_version=\u00a0\u00bb4.27.4&Prime; _module_preset=\u00a0\u00bbdefault\u00a0\u00bb global_colors_info=\u00a0\u00bb{}\u00a0\u00bb]<\/p>\n<p>L&rsquo;objectif est de r\u00e9partir \u00e9quitablement la valeur ajout\u00e9e avec les partenaires commerciaux locaux.<\/p>\n<p>[\/et_pb_text][\/et_pb_column][et_pb_column type=\u00a0\u00bb1_5&Prime; _builder_version=\u00a0\u00bb4.24.3&Prime; _module_preset=\u00a0\u00bbdefault\u00a0\u00bb global_colors_info=\u00a0\u00bb{}\u00a0\u00bb][et_pb_heading title=\u00a0\u00bbRelations commerciales durables et partenariales : \u00a0\u00bb _builder_version=\u00a0\u00bb4.27.4&Prime; _module_preset=\u00a0\u00bbdefault\u00a0\u00bb title_font=\u00a0\u00bb|600|||||||\u00a0\u00bb title_font_size=\u00a0\u00bb16px\u00a0\u00bb title_line_height=\u00a0\u00bb18px\u00a0\u00bb min_height=\u00a0\u00bb64px\u00a0\u00bb min_height_tablet=\u00a0\u00bb64px\u00a0\u00bb min_height_phone=\u00a0\u00bb0px\u00a0\u00bb min_height_last_edited=\u00a0\u00bbon|desktop\u00a0\u00bb custom_margin=\u00a0\u00bb||6px||false|false\u00a0\u00bb global_colors_info=\u00a0\u00bb{}\u00a0\u00bb][\/et_pb_heading][et_pb_text _builder_version=\u00a0\u00bb4.27.4&Prime; _module_preset=\u00a0\u00bbdefault\u00a0\u00bb global_colors_info=\u00a0\u00bb{}\u00a0\u00bb]<\/p>\n<p>Une grande importance est accord\u00e9e aux relations commerciales durables et partenariales avec les partenaires commerciaux locaux.<\/p>\n<p>[\/et_pb_text][\/et_pb_column][et_pb_column type=\u00a0\u00bb1_5&Prime; _builder_version=\u00a0\u00bb4.24.3&Prime; _module_preset=\u00a0\u00bbdefault\u00a0\u00bb global_colors_info=\u00a0\u00bb{}\u00a0\u00bb][et_pb_heading title=\u00a0\u00bbConditions de travail et r\u00e9mun\u00e9rations \u00e9quitables :\u00a0\u00bb _builder_version=\u00a0\u00bb4.27.4&Prime; _module_preset=\u00a0\u00bbdefault\u00a0\u00bb title_font=\u00a0\u00bb|600|||||||\u00a0\u00bb title_font_size=\u00a0\u00bb16px\u00a0\u00bb title_line_height=\u00a0\u00bb18px\u00a0\u00bb min_height=\u00a0\u00bb64px\u00a0\u00bb min_height_tablet=\u00a0\u00bb64px\u00a0\u00bb min_height_phone=\u00a0\u00bb0px\u00a0\u00bb min_height_last_edited=\u00a0\u00bbon|desktop\u00a0\u00bb custom_margin=\u00a0\u00bb||6px||false|false\u00a0\u00bb global_colors_info=\u00a0\u00bb{}\u00a0\u00bb][\/et_pb_heading][et_pb_text _builder_version=\u00a0\u00bb4.27.4&Prime; _module_preset=\u00a0\u00bbdefault\u00a0\u00bb global_colors_info=\u00a0\u00bb{}\u00a0\u00bb]<\/p>\n<p>L&rsquo;entreprise respecte les dispositions de la CCT applicable dans la branche.<\/p>\n<p>[\/et_pb_text][\/et_pb_column][\/et_pb_row][et_pb_row _builder_version=\u00a0\u00bb4.27.4&Prime; _module_preset=\u00a0\u00bbdefault\u00a0\u00bb global_colors_info=\u00a0\u00bb{}\u00a0\u00bb][et_pb_column type=\u00a0\u00bb4_4&Prime; _builder_version=\u00a0\u00bb4.27.4&Prime; _module_preset=\u00a0\u00bbdefault\u00a0\u00bb global_colors_info=\u00a0\u00bb{}\u00a0\u00bb][et_pb_text _builder_version=\u00a0\u00bb4.27.4&Prime; _module_preset=\u00a0\u00bbdefault\u00a0\u00bb custom_css_free_form=\u00a0\u00bbselector h1, selector h2, selector h3, selector h4, selector h5, selector h6 {||    background: -webkit-linear-gradient(24deg, #0099d2, #039754);||    -webkit-background-clip: text;||    -webkit-text-fill-color: transparent;||}||\u00a0\u00bb global_colors_info=\u00a0\u00bb{}\u00a0\u00bb]<\/p>\n<h3>Pour les entreprises, la restauration, les institutions<\/h3>\n<p>[\/et_pb_text][\/et_pb_column][\/et_pb_row][et_pb_row column_structure=\u00a0\u00bb1_5,1_5,1_5,1_5,1_5&Prime; use_custom_gutter=\u00a0\u00bbon\u00a0\u00bb gutter_width=\u00a0\u00bb2&Prime; _builder_version=\u00a0\u00bb4.24.3&Prime; _module_preset=\u00a0\u00bbdefault\u00a0\u00bb custom_css_free_form=\u00a0\u00bbselector h1, selector h2, selector h3, selector h4, selector h5, selector h6 {||    background: -webkit-linear-gradient(24deg, #0099d2, #039754);||    -webkit-background-clip: text;||    -webkit-text-fill-color: transparent;||}||\u00a0\u00bb global_colors_info=\u00a0\u00bb{}\u00a0\u00bb][et_pb_column type=\u00a0\u00bb1_5&Prime; _builder_version=\u00a0\u00bb4.24.3&Prime; _module_preset=\u00a0\u00bbdefault\u00a0\u00bb global_colors_info=\u00a0\u00bb{}\u00a0\u00bb][et_pb_heading title=\u00a0\u00bbValeur ajout\u00e9e locale :\u00a0\u00bb _builder_version=\u00a0\u00bb4.27.4&Prime; _module_preset=\u00a0\u00bbdefault\u00a0\u00bb title_font=\u00a0\u00bb|600|||||||\u00a0\u00bb title_font_size=\u00a0\u00bb16px\u00a0\u00bb title_line_height=\u00a0\u00bb18px\u00a0\u00bb min_height=\u00a0\u00bb64px\u00a0\u00bb min_height_tablet=\u00a0\u00bb64px\u00a0\u00bb min_height_phone=\u00a0\u00bb0px\u00a0\u00bb min_height_last_edited=\u00a0\u00bbon|desktop\u00a0\u00bb custom_margin=\u00a0\u00bb||6px||false|false\u00a0\u00bb global_colors_info=\u00a0\u00bb{}\u00a0\u00bb][\/et_pb_heading][et_pb_text _builder_version=\u00a0\u00bb4.27.4&Prime; _module_preset=\u00a0\u00bbdefault\u00a0\u00bb global_colors_info=\u00a0\u00bb{}\u00a0\u00bb]<\/p>\n<p>Dans la mesure du possible, la pr\u00e9f\u00e9rence est donn\u00e9e aux produits locaux (au moins 3 produits).<\/p>\n<p>[\/et_pb_text][\/et_pb_column][et_pb_column type=\u00a0\u00bb1_5&Prime; _builder_version=\u00a0\u00bb4.24.3&Prime; _module_preset=\u00a0\u00bbdefault\u00a0\u00bb global_colors_info=\u00a0\u00bb{}\u00a0\u00bb][et_pb_heading title=\u00a0\u00bbTransparence :\u00a0\u00bb _builder_version=\u00a0\u00bb4.27.4&Prime; _module_preset=\u00a0\u00bbdefault\u00a0\u00bb title_font=\u00a0\u00bb|600|||||||\u00a0\u00bb title_font_size=\u00a0\u00bb16px\u00a0\u00bb title_line_height=\u00a0\u00bb18px\u00a0\u00bb min_height=\u00a0\u00bb64px\u00a0\u00bb min_height_tablet=\u00a0\u00bb64px\u00a0\u00bb min_height_phone=\u00a0\u00bb0px\u00a0\u00bb min_height_last_edited=\u00a0\u00bbon|desktop\u00a0\u00bb custom_margin=\u00a0\u00bb||6px||false|false\u00a0\u00bb global_colors_info=\u00a0\u00bb{}\u00a0\u00bb][\/et_pb_heading][et_pb_text _builder_version=\u00a0\u00bb4.27.4&Prime; _module_preset=\u00a0\u00bbdefault\u00a0\u00bb global_colors_info=\u00a0\u00bb{}\u00a0\u00bb]<\/p>\n<p>La transparence et la tra\u00e7abilit\u00e9 sont privil\u00e9gi\u00e9es, tout comme les produits issus de cha\u00eenes de valeur courtes. Les consommateurs sont inform\u00e9s de mani\u00e8re transparente et visible sur l&rsquo;origine des produits.<\/p>\n<p>[\/et_pb_text][\/et_pb_column][et_pb_column type=\u00a0\u00bb1_5&Prime; _builder_version=\u00a0\u00bb4.24.3&Prime; _module_preset=\u00a0\u00bbdefault\u00a0\u00bb global_colors_info=\u00a0\u00bb{}\u00a0\u00bb][et_pb_heading title=\u00a0\u00bbR\u00e9partition \u00e9quitable de la valeur ajout\u00e9e : \u00a0\u00bb _builder_version=\u00a0\u00bb4.27.4&Prime; _module_preset=\u00a0\u00bbdefault\u00a0\u00bb title_font=\u00a0\u00bb|600|||||||\u00a0\u00bb title_font_size=\u00a0\u00bb16px\u00a0\u00bb title_line_height=\u00a0\u00bb18px\u00a0\u00bb min_height=\u00a0\u00bb64px\u00a0\u00bb min_height_tablet=\u00a0\u00bb64px\u00a0\u00bb min_height_phone=\u00a0\u00bb0px\u00a0\u00bb min_height_last_edited=\u00a0\u00bbon|desktop\u00a0\u00bb custom_margin=\u00a0\u00bb||6px||false|false\u00a0\u00bb global_colors_info=\u00a0\u00bb{}\u00a0\u00bb][\/et_pb_heading][et_pb_text _builder_version=\u00a0\u00bb4.27.4&Prime; _module_preset=\u00a0\u00bbdefault\u00a0\u00bb global_colors_info=\u00a0\u00bb{}\u00a0\u00bb]<\/p>\n<p>L&rsquo;objectif est de r\u00e9partir \u00e9quitablement la valeur ajout\u00e9e avec les partenaires commerciaux locaux.<\/p>\n<p>[\/et_pb_text][\/et_pb_column][et_pb_column type=\u00a0\u00bb1_5&Prime; _builder_version=\u00a0\u00bb4.24.3&Prime; _module_preset=\u00a0\u00bbdefault\u00a0\u00bb global_colors_info=\u00a0\u00bb{}\u00a0\u00bb][et_pb_heading title=\u00a0\u00bbRelations commerciales durables et partenariales : \u00a0\u00bb _builder_version=\u00a0\u00bb4.27.4&Prime; _module_preset=\u00a0\u00bbdefault\u00a0\u00bb title_font=\u00a0\u00bb|600|||||||\u00a0\u00bb title_font_size=\u00a0\u00bb16px\u00a0\u00bb title_line_height=\u00a0\u00bb18px\u00a0\u00bb min_height=\u00a0\u00bb64px\u00a0\u00bb min_height_tablet=\u00a0\u00bb64px\u00a0\u00bb min_height_phone=\u00a0\u00bb0px\u00a0\u00bb min_height_last_edited=\u00a0\u00bbon|desktop\u00a0\u00bb custom_margin=\u00a0\u00bb||6px||false|false\u00a0\u00bb global_colors_info=\u00a0\u00bb{}\u00a0\u00bb][\/et_pb_heading][et_pb_text _builder_version=\u00a0\u00bb4.27.4&Prime; _module_preset=\u00a0\u00bbdefault\u00a0\u00bb global_colors_info=\u00a0\u00bb{}\u00a0\u00bb]<\/p>\n<p>Une grande importance est accord\u00e9e aux relations commerciales durables et partenariales avec les partenaires commerciaux locaux.<\/p>\n<p>[\/et_pb_text][\/et_pb_column][et_pb_column type=\u00a0\u00bb1_5&Prime; _builder_version=\u00a0\u00bb4.24.3&Prime; _module_preset=\u00a0\u00bbdefault\u00a0\u00bb global_colors_info=\u00a0\u00bb{}\u00a0\u00bb][et_pb_heading title=\u00a0\u00bbConditions de travail et r\u00e9mun\u00e9rations \u00e9quitables :\u00a0\u00bb _builder_version=\u00a0\u00bb4.27.4&Prime; _module_preset=\u00a0\u00bbdefault\u00a0\u00bb title_font=\u00a0\u00bb|600|||||||\u00a0\u00bb title_font_size=\u00a0\u00bb16px\u00a0\u00bb title_line_height=\u00a0\u00bb18px\u00a0\u00bb min_height=\u00a0\u00bb64px\u00a0\u00bb min_height_tablet=\u00a0\u00bb64px\u00a0\u00bb min_height_phone=\u00a0\u00bb0px\u00a0\u00bb min_height_last_edited=\u00a0\u00bbon|desktop\u00a0\u00bb custom_margin=\u00a0\u00bb||6px||false|false\u00a0\u00bb global_colors_info=\u00a0\u00bb{}\u00a0\u00bb][\/et_pb_heading][et_pb_text _builder_version=\u00a0\u00bb4.27.4&Prime; _module_preset=\u00a0\u00bbdefault\u00a0\u00bb global_colors_info=\u00a0\u00bb{}\u00a0\u00bb]<\/p>\n<p>L&rsquo;entreprise respecte les dispositions de la CCT applicable dans la branche.<\/p>\n<p>[\/et_pb_text][\/et_pb_column][\/et_pb_row][\/et_pb_section][et_pb_section fb_built=\u00a0\u00bb1&Prime; _builder_version=\u00a0\u00bb4.24.3&Prime; _module_preset=\u00a0\u00bbdefault\u00a0\u00bb background_image=\u00a0\u00bbhttps:\/\/lokalundfair.ch\/wp-content\/uploads\/2024\/04\/colorful-composition-vegetables-with-copy-space-scaled.jpg\u00a0\u00bb global_colors_info=\u00a0\u00bb{}\u00a0\u00bb][et_pb_row column_structure=\u00a0\u00bb1_2,1_2&Prime; module_id=\u00a0\u00bbcontact\u00a0\u00bb _builder_version=\u00a0\u00bb4.24.3&Prime; _module_preset=\u00a0\u00bbdefault\u00a0\u00bb global_colors_info=\u00a0\u00bb{}\u00a0\u00bb][et_pb_column type=\u00a0\u00bb1_2&Prime; _builder_version=\u00a0\u00bb4.24.3&Prime; _module_preset=\u00a0\u00bbdefault\u00a0\u00bb global_colors_info=\u00a0\u00bb{}\u00a0\u00bb][et_pb_text _builder_version=\u00a0\u00bb4.27.4&Prime; _module_preset=\u00a0\u00bbdefault\u00a0\u00bb custom_css_free_form=\u00a0\u00bbselector h1, selector h2, selector h3, selector h4, selector h5, selector h6 {||    background: -webkit-linear-gradient(24deg, #0099d2, #039754);||    -webkit-background-clip: text;||    -webkit-text-fill-color: transparent;||}||\u00a0\u00bb global_colors_info=\u00a0\u00bb{}\u00a0\u00bb]<\/p>\n<h3><b>Participez maintenant et <\/b><b><i>local + \u00e9quitable <\/i><\/b><b>&#8211; Devenez ambassadeur !<\/b> <b><\/b><\/h3>\n<p>[\/et_pb_text][et_pb_code _builder_version=\u00a0\u00bb4.24.3&Prime; _module_preset=\u00a0\u00bbdefault\u00a0\u00bb global_colors_info=\u00a0\u00bb{}\u00a0\u00bb]<style id=\"wpforms-css-vars-29015\">\n\t\t\t\t#wpforms-29015 {\n\t\t\t\t\n\t\t\t}\n\t\t\t<\/style><div class=\"wpforms-container wpforms-container-full wpforms-render-modern\" id=\"wpforms-29015\"><form id=\"wpforms-form-29015\" class=\"wpforms-validate wpforms-form wpforms-ajax-form\" data-formid=\"29015\" method=\"post\" enctype=\"multipart\/form-data\" action=\"\/fr\/wp-json\/wp\/v2\/pages\/29379\" data-token=\"ff650eb4fcfef2c95df29383d4799815\" data-token-time=\"1777593082\"><noscript class=\"wpforms-error-noscript\">Veuillez activer JavaScript dans votre navigateur pour remplir ce formulaire.<\/noscript><div id=\"wpforms-error-noscript\" style=\"display: none;\">Veuillez activer JavaScript dans votre navigateur pour remplir ce formulaire.<\/div><div class=\"wpforms-field-container\"><div id=\"wpforms-29015-field_0-container\" class=\"wpforms-field wpforms-field-name\" data-field-id=\"0\"><label class=\"wpforms-field-label\" for=\"wpforms-29015-field_0\">Votre nom <span class=\"wpforms-required-label\" aria-hidden=\"true\">*<\/span><\/label><input type=\"text\" id=\"wpforms-29015-field_0\" class=\"wpforms-field-medium wpforms-field-required\" name=\"wpforms[fields][0]\" aria-errormessage=\"wpforms-29015-field_0-error\" required><\/div><div id=\"wpforms-29015-field_1-container\" class=\"wpforms-field wpforms-field-email\" data-field-id=\"1\"><label class=\"wpforms-field-label\" for=\"wpforms-29015-field_1\">Email <span class=\"wpforms-required-label\" aria-hidden=\"true\">*<\/span><\/label><input type=\"email\" id=\"wpforms-29015-field_1\" class=\"wpforms-field-medium wpforms-field-required\" name=\"wpforms[fields][1]\" spellcheck=\"false\" aria-errormessage=\"wpforms-29015-field_1-error\" required><\/div><div id=\"wpforms-29015-field_2-container\" class=\"wpforms-field wpforms-field-textarea\" data-field-id=\"2\"><label class=\"wpforms-field-label\" for=\"wpforms-29015-field_2\">Votre message<\/label><textarea id=\"wpforms-29015-field_2\" class=\"wpforms-field-medium\" name=\"wpforms[fields][2]\" aria-errormessage=\"wpforms-29015-field_2-error\" ><\/textarea><\/div><\/div><!-- .wpforms-field-container --><div class=\"wpforms-submit-container\" ><input type=\"hidden\" name=\"wpforms[id]\" value=\"29015\"><input type=\"hidden\" name=\"page_title\" value=\"\"><input type=\"hidden\" name=\"page_url\" value=\"https:\/\/lokalundfair.ch\/fr\/wp-json\/wp\/v2\/pages\/29379\"><input type=\"hidden\" name=\"url_referer\" value=\"\"><button type=\"submit\" name=\"wpforms[submit]\" id=\"wpforms-submit-29015\" class=\"wpforms-submit\" data-alt-text=\"Votre message a \u00e9t\u00e9 envoy\u00e9 avec succ\u00e8s\" data-submit-text=\"Envoyer\" aria-live=\"assertive\" value=\"wpforms-submit\">Envoyer<\/button><img loading=\"lazy\" decoding=\"async\" src=\"https:\/\/lokalundfair.ch\/wp-content\/plugins\/wpforms-lite\/assets\/images\/submit-spin.svg\" class=\"wpforms-submit-spinner\" style=\"display: none;\" width=\"26\" height=\"26\" alt=\"Chargement en cours\"><\/div><\/form><\/div>  <!-- .wpforms-container -->[\/et_pb_code][\/et_pb_column][et_pb_column type=\u00a0\u00bb1_2&Prime; _builder_version=\u00a0\u00bb4.24.3&Prime; _module_preset=\u00a0\u00bbdefault\u00a0\u00bb global_colors_info=\u00a0\u00bb{}\u00a0\u00bb][\/et_pb_column][\/et_pb_row][\/et_pb_section]<\/p>\n","protected":false},"excerpt":{"rendered":"<p>local + \u00e9quitable pour les entreprises de transformation, Commerce et restaurationlocal + \u00e9quitable aide les transformateurs, les magasins et les entreprises de restauration locaux qui s&rsquo;engagent en faveur d&rsquo;une production locale et durable \u00e0 accro\u00eetre leur visibilit\u00e9 et \u00e0 b\u00e9n\u00e9ficier d&rsquo;avantages \u00e9conomiques. Comment votre entreprise commerciale ou gastronomique peut-elle participer ? local + \u00e9quitable donne [&hellip;]<\/p>\n","protected":false},"author":1,"featured_media":0,"parent":0,"menu_order":0,"comment_status":"closed","ping_status":"closed","template":"","meta":{"_acf_changed":false,"_et_pb_use_builder":"on","_et_pb_old_content":"","_et_gb_content_width":"","footnotes":""},"class_list":["post-29379","page","type-page","status-publish","hentry"],"acf":[],"_links":{"self":[{"href":"https:\/\/lokalundfair.ch\/fr\/wp-json\/wp\/v2\/pages\/29379","targetHints":{"allow":["GET"]}}],"collection":[{"href":"https:\/\/lokalundfair.ch\/fr\/wp-json\/wp\/v2\/pages"}],"about":[{"href":"https:\/\/lokalundfair.ch\/fr\/wp-json\/wp\/v2\/types\/page"}],"author":[{"embeddable":true,"href":"https:\/\/lokalundfair.ch\/fr\/wp-json\/wp\/v2\/users\/1"}],"replies":[{"embeddable":true,"href":"https:\/\/lokalundfair.ch\/fr\/wp-json\/wp\/v2\/comments?post=29379"}],"version-history":[{"count":4,"href":"https:\/\/lokalundfair.ch\/fr\/wp-json\/wp\/v2\/pages\/29379\/revisions"}],"predecessor-version":[{"id":32781,"href":"https:\/\/lokalundfair.ch\/fr\/wp-json\/wp\/v2\/pages\/29379\/revisions\/32781"}],"wp:attachment":[{"href":"https:\/\/lokalundfair.ch\/fr\/wp-json\/wp\/v2\/media?parent=29379"}],"curies":[{"name":"wp","href":"https:\/\/api.w.org\/{rel}","templated":true}]}}