{"id":30978,"date":"2025-04-07T16:14:51","date_gmt":"2025-04-07T14:14:51","guid":{"rendered":"https:\/\/lokalundfair.ch\/?page_id=30978"},"modified":"2025-06-30T10:09:27","modified_gmt":"2025-06-30T08:09:27","slug":"local-equitable-journee-2025","status":"publish","type":"page","link":"https:\/\/lokalundfair.ch\/fr\/local-equitable-journee-2025\/","title":{"rendered":"La date est fix\u00e9e : local + \u00e9quitable \u2013 Journ\u00e9e 2025"},"content":{"rendered":"<p>[et_pb_section fb_built=\u00a0\u00bb1&Prime; _builder_version=\u00a0\u00bb4.24.3&Prime; _module_preset=\u00a0\u00bbdefault\u00a0\u00bb global_colors_info=\u00a0\u00bb{}\u00a0\u00bb][et_pb_row column_structure=\u00a0\u00bb1_2,1_2&Prime; _builder_version=\u00a0\u00bb4.24.3&Prime; _module_preset=\u00a0\u00bbdefault\u00a0\u00bb global_colors_info=\u00a0\u00bb{}\u00a0\u00bb][et_pb_column type=\u00a0\u00bb1_2&Prime; _builder_version=\u00a0\u00bb4.24.3&Prime; _module_preset=\u00a0\u00bbdefault\u00a0\u00bb global_colors_info=\u00a0\u00bb{}\u00a0\u00bb][et_pb_text _builder_version=\u00a0\u00bb4.27.4&Prime; _module_preset=\u00a0\u00bbdefault\u00a0\u00bb hover_enabled=\u00a0\u00bb0&Prime; global_colors_info=\u00a0\u00bb{}\u00a0\u00bb sticky_enabled=\u00a0\u00bb0&Prime;]<\/p>\n<header class=\"post-header blogpost__post-header\">\n<p><i><em>Participer, d\u00e9couvrir, savourer \u2013 ensemble, localement et \u00e9quitablement<\/em><\/i><\/p>\n<h1 class=\"post-title blogpost__post-title\" itemprop=\"name headline\"><b style=\"font-size: 26px;\">La date est fix\u00e9e : local + \u00e9quitable \u2013 Journ\u00e9e 2025<\/b><\/h1>\n<\/header>\n<div class=\"post-body blogpost__post-body\" itemprop=\"articleBody\">\n<p><b>Que ce soit \u00e0 la ferme, dans les magasins ou sur les march\u00e9s, le samedi 20 septembre 2025, la Suisse redeviendra locale, \u00e9quitable et personnelle. La journ\u00e9e nationale <i>local + \u00e9quitable<\/i>\u00a0invite \u00e0 red\u00e9couvrir notre r\u00e9gion, \u00e0 rencontrer des personnes qui produisent avec passion et \u00e0 c\u00e9l\u00e9brer la consommation responsable.<\/b><\/p>\n<p>Lors de la premi\u00e8re journ\u00e9e nationale <i>local + \u00e9quitable \u2013 <\/i>le 14 septembre 2024 \u2013, de nombreuses entreprises ont ouvert leurs portes et donn\u00e9 un aper\u00e7u passionnant de leur travail. La population a pu rencontrer des agriculteurs locaux lors d&rsquo;une visite \u00e0 la ferme, faire ses achats dans des magasins et des restaurants, participer \u00e0 une d\u00e9gustation ou visiter un march\u00e9 et assister \u00e0 des \u00e9v\u00e9nements passionnants et gratuits.<\/p>\n<p>La prochaine journ\u00e9e nationale <i>local + \u00e9quitable<\/i> aura lieu <b>le 20 septembre 2025.<\/b> Une fois encore, le mot d&rsquo;ordre sera : savourer des produits r\u00e9gionaux, acheter \u00e9quitable, participer et d\u00e9couvrir.<\/p>\n<h3>Pour les entreprises : engagez-vous d\u00e8s maintenant !<\/h3>\n<p>Que vous soyez un distributeur direct, un restaurateur, un magasin \u00e0 la ferme ou un magasin sans emballage, participez et montrez ce que <i>local + \u00e9quitable<\/i> signifie pour vous ! Que ce soit avec une journ\u00e9e portes ouvertes, un stand sur un march\u00e9, une d\u00e9gustation ou une activit\u00e9 participative, votre cr\u00e9ativit\u00e9 n&rsquo;a pas de limites.<\/p>\n<p><b>Votre entreprise souhaite participer ?<\/b> Inscrivez-vous simplement sous \u00ab Participer maintenant \u00bb \u2013 nous nous r\u00e9jouissons de votre engagement !<\/p>\n<h3>Pour les visiteurs : d\u00e9couvrez les produits r\u00e9gionaux !<\/h3>\n<p>Profitez de cette journ\u00e9e pour <b>visiter des fermes et des exploitations dans votre r\u00e9gion<\/b>, discuter avec les habitants, d\u00e9couvrir de nouvelles choses et go\u00fbter des produits authentiques de votre r\u00e9gion. Car<i> local + \u00e9quitable<\/i>, c&rsquo;est bien plus que de bons produits : c&rsquo;est une communaut\u00e9, une responsabilit\u00e9 et un mode de vie durable.<\/p>\n<p><b>Alors :<\/b> notez la date, invitez vos amis et venez faire la f\u00eate <i>local + \u00e9quitable<\/i> le 20 septembre 2025 !<\/p>\n<\/div>\n<p>[\/et_pb_text][\/et_pb_column][et_pb_column type=\u00a0\u00bb1_2&Prime; _builder_version=\u00a0\u00bb4.24.3&Prime; _module_preset=\u00a0\u00bbdefault\u00a0\u00bb global_colors_info=\u00a0\u00bb{}\u00a0\u00bb][et_pb_image src=\u00a0\u00bbhttp:\/\/lokalundfair.ch\/wp-content\/uploads\/2025\/04\/FMS-Blogbeitraege-Webseite.png\u00a0\u00bb title_text=\u00a0\u00bbFMS &#8211; Blogbeitra\u0308ge &#8211; Webseite\u00a0\u00bb _builder_version=\u00a0\u00bb4.27.4&Prime; _module_preset=\u00a0\u00bbdefault\u00a0\u00bb hover_enabled=\u00a0\u00bb0&Prime; global_colors_info=\u00a0\u00bb{}\u00a0\u00bb sticky_enabled=\u00a0\u00bb0&Prime;][\/et_pb_image][et_pb_image src=\u00a0\u00bbhttp:\/\/lokalundfair.ch\/wp-content\/uploads\/2025\/04\/FMS-Blogbeitraege-Webseite-1.png\u00a0\u00bb title_text=\u00a0\u00bbFMS &#8211; Blogbeitra\u0308ge &#8211; Webseite (1)\u00a0\u00bb _builder_version=\u00a0\u00bb4.27.4&Prime; _module_preset=\u00a0\u00bbdefault\u00a0\u00bb hover_enabled=\u00a0\u00bb0&Prime; global_colors_info=\u00a0\u00bb{}\u00a0\u00bb sticky_enabled=\u00a0\u00bb0&Prime;][\/et_pb_image][\/et_pb_column][\/et_pb_row][\/et_pb_section]<\/p>\n","protected":false},"excerpt":{"rendered":"<p>Participer, d\u00e9couvrir, savourer \u2013 ensemble, localement et \u00e9quitablement La date est fix\u00e9e : local + \u00e9quitable \u2013 Journ\u00e9e 2025 Que ce soit \u00e0 la ferme, dans les magasins ou sur les march\u00e9s, le samedi 20 septembre 2025, la Suisse redeviendra locale, \u00e9quitable et personnelle. La journ\u00e9e nationale local + \u00e9quitable\u00a0invite \u00e0 red\u00e9couvrir notre r\u00e9gion, \u00e0 [&hellip;]<\/p>\n","protected":false},"author":1,"featured_media":0,"parent":0,"menu_order":0,"comment_status":"closed","ping_status":"closed","template":"","meta":{"_acf_changed":false,"_et_pb_use_builder":"on","_et_pb_old_content":"","_et_gb_content_width":"","footnotes":""},"class_list":["post-30978","page","type-page","status-publish","hentry"],"acf":[],"_links":{"self":[{"href":"https:\/\/lokalundfair.ch\/fr\/wp-json\/wp\/v2\/pages\/30978","targetHints":{"allow":["GET"]}}],"collection":[{"href":"https:\/\/lokalundfair.ch\/fr\/wp-json\/wp\/v2\/pages"}],"about":[{"href":"https:\/\/lokalundfair.ch\/fr\/wp-json\/wp\/v2\/types\/page"}],"author":[{"embeddable":true,"href":"https:\/\/lokalundfair.ch\/fr\/wp-json\/wp\/v2\/users\/1"}],"replies":[{"embeddable":true,"href":"https:\/\/lokalundfair.ch\/fr\/wp-json\/wp\/v2\/comments?post=30978"}],"version-history":[{"count":2,"href":"https:\/\/lokalundfair.ch\/fr\/wp-json\/wp\/v2\/pages\/30978\/revisions"}],"predecessor-version":[{"id":31206,"href":"https:\/\/lokalundfair.ch\/fr\/wp-json\/wp\/v2\/pages\/30978\/revisions\/31206"}],"wp:attachment":[{"href":"https:\/\/lokalundfair.ch\/fr\/wp-json\/wp\/v2\/media?parent=30978"}],"curies":[{"name":"wp","href":"https:\/\/api.w.org\/{rel}","templated":true}]}}