{"id":32582,"date":"2025-11-11T10:00:41","date_gmt":"2025-11-11T09:00:41","guid":{"rendered":"https:\/\/lokalundfair.ch\/?page_id=32582"},"modified":"2025-11-11T10:21:55","modified_gmt":"2025-11-11T09:21:55","slug":"meyrin-prix-local-equitable-2025","status":"publish","type":"page","link":"https:\/\/lokalundfair.ch\/fr\/actualites\/meyrin-prix-local-equitable-2025\/","title":{"rendered":"La ville de Meyrin re\u00e7oit le prix local+\u00e9quitable 2025"},"content":{"rendered":"<p>[et_pb_section fb_built=\u00a0\u00bb1&Prime; _builder_version=\u00a0\u00bb4.24.3&Prime; _module_preset=\u00a0\u00bbdefault\u00a0\u00bb global_colors_info=\u00a0\u00bb{}\u00a0\u00bb][et_pb_row column_structure=\u00a0\u00bb1_2,1_2&Prime; _builder_version=\u00a0\u00bb4.27.4&Prime; _module_preset=\u00a0\u00bbdefault\u00a0\u00bb global_colors_info=\u00a0\u00bb{}\u00a0\u00bb][et_pb_column type=\u00a0\u00bb1_2&Prime; _builder_version=\u00a0\u00bb4.27.4&Prime; _module_preset=\u00a0\u00bbdefault\u00a0\u00bb global_colors_info=\u00a0\u00bb{}\u00a0\u00bb][et_pb_text _builder_version=\u00a0\u00bb4.27.4&Prime; _module_preset=\u00a0\u00bbdefault\u00a0\u00bb hover_enabled=\u00a0\u00bb0&Prime; global_colors_info=\u00a0\u00bb{}\u00a0\u00bb sticky_enabled=\u00a0\u00bb0&Prime;]<\/p>\n<h1 class=\"wp-block-heading\">La ville de Meyrin re\u00e7oit le prix local+\u00e9quitable 2025 \u2013 Une commune mod\u00e8le pour une politique alimentaire locale et \u00e9quitable<\/h1>\n<p><strong>La ville de Meyrin (GE) re\u00e7oit le prix local+\u00e9quitable 2025 d\u00e9cern\u00e9 par l\u2019association March\u00e9s \u00c9quitables Suisse. Ce prix r\u00e9compense les communes et les villes qui s\u2019engagent par des mesures concr\u00e8tes en faveur des produits locaux, des fili\u00e8res courtes et d\u2019une r\u00e9mun\u00e9ration \u00e9quitable des producteurs.<\/strong><\/p>\n<p>\u00abMeyrin montre de mani\u00e8re impressionnante comment une commune peut orienter sa politique alimentaire de fa\u00e7on coh\u00e9rente vers la durabilit\u00e9, l\u2019\u00e9quit\u00e9 et la production locale\u00bb, dit Stefan Fl\u00fcckiger, pr\u00e9sident de March\u00e9s \u00c9quitables Suisse. \u00abLa commune allie responsabilit\u00e9 \u00e9cologique et durabilit\u00e9 \u00e9conomique et sociale \u2013 et renforce ainsi la confiance entre la population, l\u2019artisanat et l\u2019agriculture\u00bb.<\/p>\n<p><strong>Une alimentation durable avec des r\u00e9seaux locaux solides<\/strong><br \/>Selon l\u2019\u00e9valuation de M\u00c9S, Meyrin remplit les crit\u00e8res de l\u2019Award de mani\u00e8re particuli\u00e8rement exemplaire. La commune poursuit depuis des ann\u00e9es une politique globale de durabilit\u00e9, qui comprend \u00e9galement la promotion de la production alimentaire locale et r\u00e9gionale. Elle soutient diff\u00e9rentes initiatives qui renforcent l\u2019agriculture locale et la vente directe \u2013 dont la Ferme des Vergers, la Coop\u00e9rative d\u2019artisans paysans (CAP), le projet CALIM, ainsi que des collaborations avec le Mouvement pour une Agriculture Paysanne et Citoyenne (MAPC) et le r\u00e9seau Locali de l\u2019\u00e9conomie sociale et solidaire genevoise.<\/p>\n<p>En mati\u00e8re d\u2019approvisionnement, Meyrin mise \u00e9galement sur les produits locaux et durables. Dans la Politique d\u2019approvisionnement responsable, des exigences claires sont formul\u00e9es \u00e0 l\u2019\u00e9gard des fournisseurs afin de garantir des crit\u00e8res \u00e9quitables et \u00e9cologiques. En outre, la Ville soutient des manifestations comme le Festi\u2019Terroir ou le Supermarch\u00e9 participatif des agriculteurs.<\/p>\n<p><strong>local+\u00e9quitable : les communes encouragent la cr\u00e9ation de valeur locale<\/strong><br \/>Le projet local+\u00e9quitable de l\u2019association March\u00e9s \u00c9quitables Suisse incite les communes \u00e0 mettre en r\u00e9seau les producteurs et productrices locaux ainsi que les artisans et artisanes et \u00e0 miser sur les produits locaux dans leur politique d\u2019achat. L\u2019objectif est d\u2019augmenter la cr\u00e9ation de valeur dans les r\u00e9gions \u2013 donc le plus directement et \u00e9quitablement possible des producteurs et productrices aux consommateurs et consommatrices.<\/p>\n<p>Les communes qui remplissent au moins trois des crit\u00e8res d\u00e9finis \u2013 comme la pr\u00e9f\u00e9rence donn\u00e9e aux produits locaux dans leur politique d\u2019achat, la sensibilisation de la population ou la mise en place de r\u00e9seaux entre les producteurs et la population \u2013 sont r\u00e9compens\u00e9es par le prix local+\u00e9quitable et pr\u00e9sent\u00e9es comme des communes mod\u00e8les.<\/p>\n<p>\u00abLorsque des communes comme Meyrin prennent leurs responsabilit\u00e9s, elles cr\u00e9ent les conditions n\u00e9cessaires \u00e0 l\u2019approvisionnement de la population en denr\u00e9es alimentaires locales et saines et renforcent les producteurs et l\u2019artisanat\u00bb, souligne le pr\u00e9sident de M\u00c9S, M. Fl\u00fcckiger. \u00abCela renforce les producteurs, l\u2019artisanat et la confiance de la population dans un approvisionnement durable\u00bb. Le prix a \u00e9t\u00e9 remis lors de la Journ\u00e9e mondiale de l\u2019alimentation.<\/p>\n<p><a href=\"https:\/\/meyrin.ch\" target=\"_blank\" rel=\"noopener noreferrer nofollow\">Site internet Meyrin: https:\/\/meyrin.ch<\/a><\/p>\n<p>[\/et_pb_text][\/et_pb_column][et_pb_column type=\u00a0\u00bb1_2&Prime; _builder_version=\u00a0\u00bb4.27.4&Prime; _module_preset=\u00a0\u00bbdefault\u00a0\u00bb global_colors_info=\u00a0\u00bb{}\u00a0\u00bb][et_pb_image src=\u00a0\u00bbhttps:\/\/lokalundfair.ch\/wp-content\/uploads\/2025\/11\/20251016_Photo_Meyrin_Beschreibung-gemaess-Dokument-unter-Meyrin-scaled-1.jpg\u00a0\u00bb title_text=\u00a0\u00bb20251016_Photo_Meyrin_Beschreibung-gemaess-Dokument-unter-Meyrin-scaled\u00a0\u00bb _builder_version=\u00a0\u00bb4.27.4&Prime; _module_preset=\u00a0\u00bbdefault\u00a0\u00bb hover_enabled=\u00a0\u00bb0&Prime; global_colors_info=\u00a0\u00bb{}\u00a0\u00bb sticky_enabled=\u00a0\u00bb0&Prime;][\/et_pb_image][et_pb_text _builder_version=\u00a0\u00bb4.27.4&Prime; _module_preset=\u00a0\u00bbdefault\u00a0\u00bb hover_enabled=\u00a0\u00bb0&Prime; sticky_enabled=\u00a0\u00bb0&Prime;]<\/p>\n<p>De gauche \u00e0 droite: M\u00e9lanie Battistini, Administratrice, Coop\u00e9rative agricole, Ferme des vergers \u2013 Sabine Bally,coordinatrice, Caisse genevoise de l\u2019alimentation \u2013 Stefan Fl\u00fcckiger, Pr\u00e9sident March\u00e9s \u00c9quitables Suisse \u2013 Xhevrie Osmani, conseill\u00e8re administrative, ville de Meyrin<\/p>\n<p>[\/et_pb_text][\/et_pb_column][\/et_pb_row][\/et_pb_section]<\/p>\n","protected":false},"excerpt":{"rendered":"<p>La ville de Meyrin re\u00e7oit le prix local+\u00e9quitable 2025 \u2013 Une commune mod\u00e8le pour une politique alimentaire locale et \u00e9quitable La ville de Meyrin (GE) re\u00e7oit le prix local+\u00e9quitable 2025 d\u00e9cern\u00e9 par l\u2019association March\u00e9s \u00c9quitables Suisse. Ce prix r\u00e9compense les communes et les villes qui s\u2019engagent par des mesures concr\u00e8tes en faveur des produits locaux, [&hellip;]<\/p>\n","protected":false},"author":1,"featured_media":32320,"parent":29325,"menu_order":0,"comment_status":"closed","ping_status":"closed","template":"","meta":{"_acf_changed":false,"_et_pb_use_builder":"on","_et_pb_old_content":"","_et_gb_content_width":"","footnotes":""},"class_list":["post-32582","page","type-page","status-publish","has-post-thumbnail","hentry"],"acf":[],"_links":{"self":[{"href":"https:\/\/lokalundfair.ch\/fr\/wp-json\/wp\/v2\/pages\/32582","targetHints":{"allow":["GET"]}}],"collection":[{"href":"https:\/\/lokalundfair.ch\/fr\/wp-json\/wp\/v2\/pages"}],"about":[{"href":"https:\/\/lokalundfair.ch\/fr\/wp-json\/wp\/v2\/types\/page"}],"author":[{"embeddable":true,"href":"https:\/\/lokalundfair.ch\/fr\/wp-json\/wp\/v2\/users\/1"}],"replies":[{"embeddable":true,"href":"https:\/\/lokalundfair.ch\/fr\/wp-json\/wp\/v2\/comments?post=32582"}],"version-history":[{"count":2,"href":"https:\/\/lokalundfair.ch\/fr\/wp-json\/wp\/v2\/pages\/32582\/revisions"}],"predecessor-version":[{"id":32588,"href":"https:\/\/lokalundfair.ch\/fr\/wp-json\/wp\/v2\/pages\/32582\/revisions\/32588"}],"up":[{"embeddable":true,"href":"https:\/\/lokalundfair.ch\/fr\/wp-json\/wp\/v2\/pages\/29325"}],"wp:featuredmedia":[{"embeddable":true,"href":"https:\/\/lokalundfair.ch\/fr\/wp-json\/wp\/v2\/media\/32320"}],"wp:attachment":[{"href":"https:\/\/lokalundfair.ch\/fr\/wp-json\/wp\/v2\/media?parent=32582"}],"curies":[{"name":"wp","href":"https:\/\/api.w.org\/{rel}","templated":true}]}}