{"id":31684,"date":"2025-02-27T19:13:56","date_gmt":"2025-02-27T18:13:56","guid":{"rendered":"https:\/\/lokalundfair.ch\/hofe-und-restaurants\/magasin-bio-pudelwohl\/"},"modified":"2025-07-31T15:38:16","modified_gmt":"2025-07-31T13:38:16","slug":"magasin-bio-pudelwohl","status":"publish","type":"wpsl_stores","link":"https:\/\/lokalundfair.ch\/fr\/hofe-und-restaurants\/magasin-bio-pudelwohl\/","title":{"rendered":"Magasin bio Pudelwohl"},"content":{"rendered":"\n<p><strong>naturel ! r\u00e9gional<\/strong><\/p>\n\n<p><strong>Produits r\u00e9gionaux durables &#8211; biologiques &#8211; au centre de Beringen<\/strong><\/p>\n\n<p>Nous mettons davantage l&rsquo;accent sur la r\u00e9gionalit\u00e9, les syst\u00e8mes de cycles r\u00e9g\u00e9n\u00e9ratifs dans l&rsquo;agriculture sont plus importants pour nous qu&rsquo;un label bio. Mais nous restons bien entendu attach\u00e9s aux principes biologiques de la production d&rsquo;aliments et de boissons. <\/p>\n\n<p>Nous sommes le magasin central des exploitations biologiques du canton. Nous compl\u00e9tons les produits, lorsqu&rsquo;ils sont disponibles, par des produits suisses, notamment de Biofarm, afin que tout puisse \u00eatre achet\u00e9 sous un m\u00eame toit, de mani\u00e8re pratique et efficace en termes de temps, chez nous<br\/>. <\/p>\n\n<p><strong>Notre objectif est&#8230;<\/strong><\/p>\n\n<p>&#8230; d&rsquo;encourager la consommation de produits bio de qualit\u00e9, de saison et si possible r\u00e9gionaux<br\/>&#8230; de contribuer \u00e0 notre sant\u00e9, \u00e0 celle des producteurs et de leurs familles, ainsi qu&rsquo;\u00e0 celle de l&rsquo;environnement<br\/>&#8230; d&rsquo;entretenir des relations personnelles avec nos producteurs et fournisseurs<br\/>&#8230; d&rsquo;accro\u00eetre notre souverainet\u00e9 en mati\u00e8re d&rsquo;approvisionnement<br\/>&#8230; de nous mettre en r\u00e9seau \u00e0 petite \u00e9chelle<br\/>&#8230; de contribuer \u00e0 la vie du village<br\/>&#8230; de promouvoir une gestion ax\u00e9e sur les objectifs et non sur le profit en premier lieu<\/p>\n\n<p><strong>Contact :<\/strong><br\/>Bioladen Pudelwohl<br\/>Unterdorf 3<br\/>CH-8222 Beringen<\/p>\n\n<p>Magasin T\u00e9l\u00e9phone : <a href=\"tel:077%20530%2016%2096\">077 530 16 96 <\/a>(pendant les heures d&rsquo;ouverture)<br\/><a href=\"https:\/\/bioladen-pudelwohl.ch\/\" target=\"_blank\" rel=\"noreferrer noopener\">www.bioladen-pudelwohl.ch<\/a><\/p>\n","protected":false},"excerpt":{"rendered":"<p>naturel ! r\u00e9gional Produits r\u00e9gionaux durables &#8211; biologiques &#8211; au centre de Beringen Nous mettons davantage l&rsquo;accent sur la r\u00e9gionalit\u00e9, les syst\u00e8mes de cycles r\u00e9g\u00e9n\u00e9ratifs dans l&rsquo;agriculture sont plus importants pour nous qu&rsquo;un label bio. Mais nous restons bien entendu attach\u00e9s aux principes biologiques de la production d&rsquo;aliments et de boissons. Nous sommes le magasin [&hellip;]<\/p>\n","protected":false},"author":1,"featured_media":0,"template":"","wpsl_store_category":[],"class_list":["post-31684","wpsl_stores","type-wpsl_stores","status-publish","hentry"],"acf":[],"_links":{"self":[{"href":"https:\/\/lokalundfair.ch\/fr\/wp-json\/wp\/v2\/wpsl_stores\/31684","targetHints":{"allow":["GET"]}}],"collection":[{"href":"https:\/\/lokalundfair.ch\/fr\/wp-json\/wp\/v2\/wpsl_stores"}],"about":[{"href":"https:\/\/lokalundfair.ch\/fr\/wp-json\/wp\/v2\/types\/wpsl_stores"}],"author":[{"embeddable":true,"href":"https:\/\/lokalundfair.ch\/fr\/wp-json\/wp\/v2\/users\/1"}],"version-history":[{"count":1,"href":"https:\/\/lokalundfair.ch\/fr\/wp-json\/wp\/v2\/wpsl_stores\/31684\/revisions"}],"predecessor-version":[{"id":31686,"href":"https:\/\/lokalundfair.ch\/fr\/wp-json\/wp\/v2\/wpsl_stores\/31684\/revisions\/31686"}],"wp:attachment":[{"href":"https:\/\/lokalundfair.ch\/fr\/wp-json\/wp\/v2\/media?parent=31684"}],"wp:term":[{"taxonomy":"wpsl_store_category","embeddable":true,"href":"https:\/\/lokalundfair.ch\/fr\/wp-json\/wp\/v2\/wpsl_store_category?post=31684"}],"curies":[{"name":"wp","href":"https:\/\/api.w.org\/{rel}","templated":true}]}}